


{"id":25,"date":"2020-01-21T11:23:36","date_gmt":"2020-01-21T10:23:36","guid":{"rendered":"https:\/\/www.afm.fe.it\/?page_id=25"},"modified":"2020-12-09T13:45:21","modified_gmt":"2020-12-09T12:45:21","slug":"news","status":"publish","type":"page","link":"https:\/\/www.afm.fe.it\/?page_id=25","title":{"rendered":"News"},"content":{"rendered":"<p>[vc_row][vc_column]<div class=\"dt-fancy-separator h2-size style-disabled\" style=\"width: 100%;\"><div class=\"dt-fancy-title\" style=\"color: #438e51;\"><span class=\"separator-holder separator-left\"><\/span>Tutte le Notizie<span class=\"separator-holder separator-right\"><\/span><\/div><\/div>[vc_empty_space]<style type=\"text\/css\" data-type=\"the7_shortcodes-inline-css\">.blog-shortcode.blog-masonry-shortcode-id-55266b6015897da2f13f64507674c4e5.dividers-on.classic-layout-list article {\n  margin-top: ;\n  padding-top: 0;\n  border-color: ;\n}\n.blog-shortcode.blog-masonry-shortcode-id-55266b6015897da2f13f64507674c4e5.dividers-on.classic-layout-list article:first-of-type {\n  margin-top: 0;\n  padding-top: 0;\n}\n.blog-shortcode.blog-masonry-shortcode-id-55266b6015897da2f13f64507674c4e5.classic-layout-list.mode-list .post-thumbnail-wrap {\n  width: ;\n}\n.blog-shortcode.blog-masonry-shortcode-id-55266b6015897da2f13f64507674c4e5.classic-layout-list.mode-list .post-entry-content {\n  width: calc(100% - );\n}\n.blog-shortcode.blog-masonry-shortcode-id-55266b6015897da2f13f64507674c4e5.classic-layout-list.mode-list .no-img .post-entry-content {\n  width: 100%;\n}\n.blog-shortcode.blog-masonry-shortcode-id-55266b6015897da2f13f64507674c4e5 .filter-bg-decoration .filter-categories a.act {\n  color: #fff;\n}\n.blog-shortcode.blog-masonry-shortcode-id-55266b6015897da2f13f64507674c4e5:not(.mode-masonry) article {\n  margin-top: ;\n}\n.blog-shortcode.blog-masonry-shortcode-id-55266b6015897da2f13f64507674c4e5:not(.mode-masonry) article:first-of-type,\n.blog-shortcode.blog-masonry-shortcode-id-55266b6015897da2f13f64507674c4e5:not(.mode-masonry) article.visible.first:not(.product) {\n  margin-top: 0;\n}\n.blog-shortcode.blog-masonry-shortcode-id-55266b6015897da2f13f64507674c4e5.dividers-on:not(.mode-masonry) article {\n  margin-top: 0;\n  padding-top: ;\n}\n.blog-shortcode.blog-masonry-shortcode-id-55266b6015897da2f13f64507674c4e5.dividers-on:not(.mode-masonry) article:first-of-type,\n.blog-shortcode.blog-masonry-shortcode-id-55266b6015897da2f13f64507674c4e5.dividers-on:not(.mode-masonry) article.visible.first:not(.product) {\n  margin-top: 0;\n  padding-top: 0;\n}\n.blog-shortcode.blog-masonry-shortcode-id-55266b6015897da2f13f64507674c4e5 .post-thumbnail-wrap {\n  padding: 0px 0px 0px 0px;\n}\n.blog-shortcode.blog-masonry-shortcode-id-55266b6015897da2f13f64507674c4e5.enable-bg-rollover .post-thumbnail-rollover:after {\n  background: ;\n  background: -webkit-linear-gradient();\n  background: linear-gradient();\n}\n.blog-shortcode.blog-masonry-shortcode-id-55266b6015897da2f13f64507674c4e5 .gallery-zoom-ico {\n  width: 44px;\n  height: 44px;\n  line-height: 44px;\n  border-radius: 100px;\n  margin: -22px 0 0 -22px;\n  border-width: 0px;\n  color: #ffffff;\n}\n.bottom-overlap-layout-list.blog-shortcode.blog-masonry-shortcode-id-55266b6015897da2f13f64507674c4e5 .gallery-zoom-ico {\n  margin-top: -72px;\n}\n.gradient-overlay-layout-list.blog-shortcode.blog-masonry-shortcode-id-55266b6015897da2f13f64507674c4e5 .gallery-zoom-ico,\n.content-rollover-layout-list.blog-shortcode.blog-masonry-shortcode-id-55266b6015897da2f13f64507674c4e5 .gallery-zoom-ico {\n  margin: 0 0 10px;\n}\n.content-align-center.gradient-overlay-layout-list.blog-shortcode.blog-masonry-shortcode-id-55266b6015897da2f13f64507674c4e5 .gallery-zoom-ico,\n.content-align-center.content-rollover-layout-list.blog-shortcode.blog-masonry-shortcode-id-55266b6015897da2f13f64507674c4e5 .gallery-zoom-ico {\n  margin: 0 auto 10px;\n}\n.dt-icon-bg-on.blog-shortcode.blog-masonry-shortcode-id-55266b6015897da2f13f64507674c4e5 .gallery-zoom-ico {\n  background: rgba(255,255,255,0.3);\n  box-shadow: none;\n}\n.blog-shortcode.blog-masonry-shortcode-id-55266b6015897da2f13f64507674c4e5 .gallery-zoom-ico > span,\n.blog-shortcode.blog-masonry-shortcode-id-55266b6015897da2f13f64507674c4e5 .gallery-zoom-ico:before {\n  font-size: 32px;\n  line-height: 44px;\n}\n.blog-shortcode.blog-masonry-shortcode-id-55266b6015897da2f13f64507674c4e5 .gallery-zoom-ico > span,\n.blog-shortcode.blog-masonry-shortcode-id-55266b6015897da2f13f64507674c4e5 .gallery-zoom-ico:before {\n  color: #ffffff;\n}\n.blog-shortcode.blog-masonry-shortcode-id-55266b6015897da2f13f64507674c4e5 .entry-title,\n.blog-shortcode.blog-masonry-shortcode-id-55266b6015897da2f13f64507674c4e5.owl-carousel .entry-title {\n  margin-bottom: 5px;\n  font-weight: bold;\n}\n.blog-shortcode.blog-masonry-shortcode-id-55266b6015897da2f13f64507674c4e5 .entry-title a,\n.blog-shortcode.blog-masonry-shortcode-id-55266b6015897da2f13f64507674c4e5.owl-carousel .entry-title a {\n  color: #2f932d;\n}\n.blog-shortcode.blog-masonry-shortcode-id-55266b6015897da2f13f64507674c4e5 .entry-meta {\n  margin-bottom: 15px;\n}\n.blog-shortcode.blog-masonry-shortcode-id-55266b6015897da2f13f64507674c4e5 .portfolio-categories {\n  margin-bottom: 15px;\n}\n.blog-shortcode.blog-masonry-shortcode-id-55266b6015897da2f13f64507674c4e5 .entry-excerpt {\n  margin-bottom: 5px;\n}\n.blog-shortcode.blog-masonry-shortcode-id-55266b6015897da2f13f64507674c4e5:not(.centered-layout-list) .post-entry-content {\n  padding: 1px 1px 1px 1px;\n}\n.blog-shortcode.blog-masonry-shortcode-id-55266b6015897da2f13f64507674c4e5:not(.centered-layout-list):not(.content-bg-on):not(.mode-list) .no-img .post-entry-content {\n  padding: 0;\n}\n.blog-shortcode.blog-masonry-shortcode-id-55266b6015897da2f13f64507674c4e5 .post-details.details-type-link,\n.blog-shortcode.blog-masonry-shortcode-id-55266b6015897da2f13f64507674c4e5 .post-details.details-type-link * {\n  color: #2f932d;\n}\n@media screen and (max-width: ) {\n  .blog-shortcode.blog-masonry-shortcode-id-55266b6015897da2f13f64507674c4e5 article {\n    -ms-flex-flow: column nowrap;\n    flex-flow: column nowrap;\n    margin-top: 20px;\n  }\n  .blog-shortcode.blog-masonry-shortcode-id-55266b6015897da2f13f64507674c4e5.dividers-on article {\n    border: none;\n  }\n  .blog-shortcode.blog-masonry-shortcode-id-55266b6015897da2f13f64507674c4e5.content-bg-on.centered-layout-list article {\n    padding: 0;\n  }\n  .blog-shortcode.blog-masonry-shortcode-id-55266b6015897da2f13f64507674c4e5.blog-shortcode.dividers-on article,\n  .blog-shortcode.blog-masonry-shortcode-id-55266b6015897da2f13f64507674c4e5.dividers-on.classic-layout-list article {\n    margin-top: 20px;\n    padding: 0;\n  }\n  .blog-shortcode.blog-masonry-shortcode-id-55266b6015897da2f13f64507674c4e5.blog-shortcode.dividers-on article:first-of-type,\n  .blog-shortcode.blog-masonry-shortcode-id-55266b6015897da2f13f64507674c4e5.dividers-on.classic-layout-list article:first-of-type {\n    padding: 0;\n  }\n  #page .blog-shortcode.blog-masonry-shortcode-id-55266b6015897da2f13f64507674c4e5 .post-thumbnail-wrap,\n  #page .blog-shortcode.blog-masonry-shortcode-id-55266b6015897da2f13f64507674c4e5 .post-entry-content {\n    width: 100%;\n    margin: 0;\n    top: 0;\n  }\n  #page .blog-shortcode.blog-masonry-shortcode-id-55266b6015897da2f13f64507674c4e5 .post-thumbnail-wrap {\n    padding: 0;\n  }\n  #page .blog-shortcode.blog-masonry-shortcode-id-55266b6015897da2f13f64507674c4e5 .post-entry-content:after {\n    display: none;\n  }\n  #page .blog-shortcode.blog-masonry-shortcode-id-55266b6015897da2f13f64507674c4e5 .project-even .post-thumbnail-wrap,\n  #page .blog-shortcode.blog-masonry-shortcode-id-55266b6015897da2f13f64507674c4e5.centered-layout-list .post-thumbnail-wrap {\n    -ms-flex-order: 0;\n    order: 0;\n  }\n  #page .blog-shortcode.blog-masonry-shortcode-id-55266b6015897da2f13f64507674c4e5.centered-layout-list .post-entry-title-content {\n    -ms-flex-order: 1;\n    order: 1;\n    width: 100%;\n    padding: 20px 20px 0;\n  }\n  #page .blog-shortcode.blog-masonry-shortcode-id-55266b6015897da2f13f64507674c4e5.centered-layout-list .post-entry-content {\n    -ms-flex-order: 2;\n    order: 2;\n    padding-top: 0;\n  }\n  #page .blog-shortcode.blog-masonry-shortcode-id-55266b6015897da2f13f64507674c4e5 .fancy-categories {\n    top: 10px;\n    left: 10px;\n    bottom: auto;\n    right: auto;\n  }\n  #page .blog-shortcode.blog-masonry-shortcode-id-55266b6015897da2f13f64507674c4e5 .fancy-date a {\n    top: 10px;\n    right: 10px;\n    left: auto;\n    bottom: auto;\n  }\n  #page .blog-shortcode.blog-masonry-shortcode-id-55266b6015897da2f13f64507674c4e5 .post-entry-content {\n    padding: 20px;\n  }\n  #page .blog-shortcode.blog-masonry-shortcode-id-55266b6015897da2f13f64507674c4e5 .entry-title {\n    margin: 3px 0 5px;\n    font-size: 20px;\n    line-height: 26px;\n  }\n  #page .blog-shortcode.blog-masonry-shortcode-id-55266b6015897da2f13f64507674c4e5 .entry-meta {\n    margin: 5px 0 5px;\n  }\n  #page .blog-shortcode.blog-masonry-shortcode-id-55266b6015897da2f13f64507674c4e5 .entry-excerpt {\n    margin: 15px 0 0;\n  }\n  #page .blog-shortcode.blog-masonry-shortcode-id-55266b6015897da2f13f64507674c4e5 .post-details {\n    margin: 5px 0 10px;\n  }\n  #page .blog-shortcode.blog-masonry-shortcode-id-55266b6015897da2f13f64507674c4e5 .post-details.details-type-link {\n    margin-bottom: 2px;\n  }\n}\n.blog-shortcode.blog-masonry-shortcode-id-55266b6015897da2f13f64507674c4e5:not(.resize-by-browser-width) .dt-css-grid {\n  grid-row-gap: 30px;\n  grid-column-gap: 30px;\n  grid-template-columns: repeat(auto-fill,minmax(,1fr));\n}\n.blog-shortcode.blog-masonry-shortcode-id-55266b6015897da2f13f64507674c4e5:not(.resize-by-browser-width) .dt-css-grid .double-width {\n  grid-column: span 2;\n}\n.cssgridlegacy.no-cssgrid .blog-shortcode.blog-masonry-shortcode-id-55266b6015897da2f13f64507674c4e5:not(.resize-by-browser-width) .dt-css-grid,\n.no-cssgridlegacy.no-cssgrid .blog-shortcode.blog-masonry-shortcode-id-55266b6015897da2f13f64507674c4e5:not(.resize-by-browser-width) .dt-css-grid {\n  display: flex;\n  flex-flow: row wrap;\n  margin: -15px;\n}\n.cssgridlegacy.no-cssgrid .blog-shortcode.blog-masonry-shortcode-id-55266b6015897da2f13f64507674c4e5:not(.resize-by-browser-width) .dt-css-grid .wf-cell,\n.no-cssgridlegacy.no-cssgrid .blog-shortcode.blog-masonry-shortcode-id-55266b6015897da2f13f64507674c4e5:not(.resize-by-browser-width) .dt-css-grid .wf-cell {\n  flex: 1 0 ;\n  min-width: ;\n  max-width: 100%;\n  padding: 15px;\n  box-sizing: border-box;\n}\n.blog-shortcode.blog-masonry-shortcode-id-55266b6015897da2f13f64507674c4e5.resize-by-browser-width .dt-css-grid {\n  grid-template-columns: repeat(3,1fr);\n  grid-template-rows: auto;\n  grid-column-gap: 30px;\n  grid-row-gap: 30px;\n}\n.blog-shortcode.blog-masonry-shortcode-id-55266b6015897da2f13f64507674c4e5.resize-by-browser-width .dt-css-grid .double-width {\n  grid-column: span 2;\n}\n.cssgridlegacy.no-cssgrid .blog-shortcode.blog-masonry-shortcode-id-55266b6015897da2f13f64507674c4e5.resize-by-browser-width .dt-css-grid {\n  margin: -15px;\n}\n.cssgridlegacy.no-cssgrid .blog-shortcode.blog-masonry-shortcode-id-55266b6015897da2f13f64507674c4e5.resize-by-browser-width .dt-css-grid .wf-cell {\n  width: 33.333333333333%;\n  padding: 15px;\n}\n.cssgridlegacy.no-cssgrid .blog-shortcode.blog-masonry-shortcode-id-55266b6015897da2f13f64507674c4e5.resize-by-browser-width .dt-css-grid .wf-cell.double-width {\n  width: calc(33.333333333333%) * 2;\n}\n.blog-shortcode.blog-masonry-shortcode-id-55266b6015897da2f13f64507674c4e5.resize-by-browser-width:not(.centered-layout-list):not(.content-bg-on) .dt-css-grid {\n  grid-row-gap: 29px;\n}\n@media screen and (max-width: 1199px) {\n  .blog-shortcode.blog-masonry-shortcode-id-55266b6015897da2f13f64507674c4e5.resize-by-browser-width .dt-css-grid {\n    grid-template-columns: repeat(3,1fr);\n  }\n  .cssgridlegacy.no-cssgrid .blog-shortcode.blog-masonry-shortcode-id-55266b6015897da2f13f64507674c4e5.resize-by-browser-width .dt-css-grid .wf-cell,\n  .no-cssgridlegacy.no-cssgrid .blog-shortcode.blog-masonry-shortcode-id-55266b6015897da2f13f64507674c4e5.resize-by-browser-width .dt-css-grid .wf-cell {\n    width: 33.333333333333%;\n  }\n  .cssgridlegacy.no-cssgrid .blog-shortcode.blog-masonry-shortcode-id-55266b6015897da2f13f64507674c4e5.resize-by-browser-width .dt-css-grid .wf-cell.double-width,\n  .no-cssgridlegacy.no-cssgrid .blog-shortcode.blog-masonry-shortcode-id-55266b6015897da2f13f64507674c4e5.resize-by-browser-width .dt-css-grid .wf-cell.double-width {\n    width: calc(33.333333333333%)*2;\n  }\n}\n@media screen and (max-width: 991px) {\n  .blog-shortcode.blog-masonry-shortcode-id-55266b6015897da2f13f64507674c4e5.resize-by-browser-width .dt-css-grid {\n    grid-template-columns: repeat(2,1fr);\n  }\n  .cssgridlegacy.no-cssgrid .blog-shortcode.blog-masonry-shortcode-id-55266b6015897da2f13f64507674c4e5.resize-by-browser-width .dt-css-grid .wf-cell,\n  .no-cssgridlegacy.no-cssgrid .blog-shortcode.blog-masonry-shortcode-id-55266b6015897da2f13f64507674c4e5.resize-by-browser-width .dt-css-grid .wf-cell {\n    width: 50%;\n  }\n  .cssgridlegacy.no-cssgrid .blog-shortcode.blog-masonry-shortcode-id-55266b6015897da2f13f64507674c4e5.resize-by-browser-width .dt-css-grid .wf-cell.double-width,\n  .no-cssgridlegacy.no-cssgrid .blog-shortcode.blog-masonry-shortcode-id-55266b6015897da2f13f64507674c4e5.resize-by-browser-width .dt-css-grid .wf-cell.double-width {\n    width: calc(50%)*2;\n  }\n}\n@media screen and (max-width: 767px) {\n  .blog-shortcode.blog-masonry-shortcode-id-55266b6015897da2f13f64507674c4e5.resize-by-browser-width .dt-css-grid {\n    grid-template-columns: repeat(1,1fr);\n  }\n  .cssgridlegacy.no-cssgrid .blog-shortcode.blog-masonry-shortcode-id-55266b6015897da2f13f64507674c4e5.resize-by-browser-width .dt-css-grid .wf-cell,\n  .no-cssgridlegacy.no-cssgrid .blog-shortcode.blog-masonry-shortcode-id-55266b6015897da2f13f64507674c4e5.resize-by-browser-width .dt-css-grid .wf-cell {\n    width: 100%;\n  }\n  .cssgridlegacy.no-cssgrid .blog-shortcode.blog-masonry-shortcode-id-55266b6015897da2f13f64507674c4e5.resize-by-browser-width .dt-css-grid .wf-cell.double-width,\n  .no-cssgridlegacy.no-cssgrid .blog-shortcode.blog-masonry-shortcode-id-55266b6015897da2f13f64507674c4e5.resize-by-browser-width .dt-css-grid .wf-cell.double-width {\n    width: calc(100%)*2;\n  }\n}\n<\/style><div class=\"blog-shortcode blog-masonry-shortcode-id-55266b6015897da2f13f64507674c4e5 mode-grid classic-layout-list content-bg-on jquery-filter vertical-fancy-style scale-img meta-info-off dt-css-grid-wrap dt-icon-bg-off resize-by-browser-width loading-effect-none description-under-image \" data-padding=\"15px\" data-cur-page=\"1\" data-post-limit=\"-1\" data-pagination-mode=\"none\" data-desktop-columns-num=\"3\" data-v-tablet-columns-num=\"2\" data-h-tablet-columns-num=\"3\" data-phone-columns-num=\"1\" data-width=\"0px\" data-columns=\"0\"><div class=\"dt-css-grid\" ><div class=\"visible wf-cell\" data-post-id=\"12487\" data-date=\"2026-03-03T08:43:34+01:00\" data-name=\"Il cuore di AFM per le famiglie pi\u00f9 svantaggiate: destinati 9mila euro a Il Mantello e al Centro di Solidariet\u00e0 Carit\u00e0\"><article class=\"post project-odd visible post-12487 type-post status-publish format-standard has-post-thumbnail hentry category-news category-90\" data-name=\"Il cuore di AFM per le famiglie pi\u00f9 svantaggiate: destinati 9mila euro a Il Mantello e al Centro di Solidariet\u00e0 Carit\u00e0\" data-date=\"2026-03-03T08:43:34+01:00\">\n\n<div class=\"post-thumbnail-wrap\">\n\t<div class=\"post-thumbnail\">\n\t\t\n\t\t<span class=\"fancy-categories\"><a href=\"https:\/\/www.afm.fe.it\/?cat=90\" rel=\"category tag\">News<\/a><\/span>\n\t\t<a href=\"https:\/\/www.afm.fe.it\/?p=12487\" class=\"post-thumbnail-rollover layzr-bg layzr-bg\" ><img loading=\"lazy\" decoding=\"async\" class=\"iso-lazy-load preload-me iso-lazy-load\" src=\"data:image\/svg+xml,%3Csvg%20xmlns%3D&#39;http%3A%2F%2Fwww.w3.org%2F2000%2Fsvg&#39;%20viewBox%3D&#39;0%200%20768%20512&#39;%2F%3E\" data-src=\"https:\/\/www.afm.fe.it\/wp-content\/uploads\/2026\/03\/afm_donazione-scaled-768x512.jpg\" data-srcset=\"https:\/\/www.afm.fe.it\/wp-content\/uploads\/2026\/03\/afm_donazione-scaled-768x512.jpg 768w, https:\/\/www.afm.fe.it\/wp-content\/uploads\/2026\/03\/afm_donazione-scaled-1152x768.jpg 1152w\" alt=\"\" title=\"afm_donazione\" width=\"768\" height=\"512\"  \/><\/a>\t<\/div>\n<\/div>\n\n\n<div class=\"post-entry-content\">\n\n\t<h3 class=\"entry-title\">\n\t\t<a href=\"https:\/\/www.afm.fe.it\/?p=12487\" title=\"Il cuore di AFM per le famiglie pi\u00f9 svantaggiate: destinati 9mila euro a Il Mantello e al Centro di Solidariet\u00e0 Carit\u00e0\" rel=\"bookmark\">Il cuore di AFM per le famiglie pi\u00f9 svantaggiate: destinati 9mila euro a Il Mantello e al Centro di Solidariet\u00e0 Carit\u00e0<\/a>\n\t<\/h3>\n\n\t\n\t<div class=\"entry-excerpt\"><p>[vc_row][vc_column][vc_column_text]La solidariet\u00e0 nasce e si manifesta anche con gesti quotidiani che sembrano scontati, ma che non lo sono affatto. Con questo spirito Afm &#8211; Farmacie Comunali ha deciso di mettere&hellip;<\/p>\n<\/div>\n\t<a href=\"https:\/\/www.afm.fe.it\/?p=12487\" class=\"post-details details-type-link\" rel=\"nofollow\">Leggi di pi\u00f9<i class=\"dt-icon-the7-arrow-03\" aria-hidden=\"true\"><\/i><\/a>\n<\/div><\/article><\/div><div class=\"visible wf-cell\" data-post-id=\"12448\" data-date=\"2026-02-23T12:02:16+01:00\" data-name=\"&quot;Giornata di Raccolta del Farmaco&quot;, grande successo di solidariet\u00e0 a Ferrara. La Farmacia Comunale 1 \u00e8 terza in Italia per confezioni raccolte\"><article class=\"post project-odd visible post-12448 type-post status-publish format-standard has-post-thumbnail hentry category-news category-90\" data-name=\"&#8220;Giornata di Raccolta del Farmaco&#8221;, grande successo di solidariet\u00e0 a Ferrara. La Farmacia Comunale 1 \u00e8 terza in Italia per confezioni raccolte\" data-date=\"2026-02-23T12:02:16+01:00\">\n\n<div class=\"post-thumbnail-wrap\">\n\t<div class=\"post-thumbnail\">\n\t\t\n\t\t<span class=\"fancy-categories\"><a href=\"https:\/\/www.afm.fe.it\/?cat=90\" rel=\"category tag\">News<\/a><\/span>\n\t\t<a href=\"https:\/\/www.afm.fe.it\/?p=12448\" class=\"post-thumbnail-rollover layzr-bg layzr-bg\" ><img loading=\"lazy\" decoding=\"async\" class=\"iso-lazy-load preload-me iso-lazy-load\" src=\"data:image\/svg+xml,%3Csvg%20xmlns%3D&#39;http%3A%2F%2Fwww.w3.org%2F2000%2Fsvg&#39;%20viewBox%3D&#39;0%200%20768%20512&#39;%2F%3E\" data-src=\"https:\/\/www.afm.fe.it\/wp-content\/uploads\/2026\/02\/coletti_202914-scaled-768x512.jpg\" data-srcset=\"https:\/\/www.afm.fe.it\/wp-content\/uploads\/2026\/02\/coletti_202914-scaled-768x512.jpg 768w, https:\/\/www.afm.fe.it\/wp-content\/uploads\/2026\/02\/coletti_202914-scaled-1152x768.jpg 1152w\" alt=\"\" title=\"coletti_202914\" width=\"768\" height=\"512\"  \/><\/a>\t<\/div>\n<\/div>\n\n\n<div class=\"post-entry-content\">\n\n\t<h3 class=\"entry-title\">\n\t\t<a href=\"https:\/\/www.afm.fe.it\/?p=12448\" title=\"&#8220;Giornata di Raccolta del Farmaco&#8221;, grande successo di solidariet\u00e0 a Ferrara. La Farmacia Comunale 1 \u00e8 terza in Italia per confezioni raccolte\" rel=\"bookmark\">&#8220;Giornata di Raccolta del Farmaco&#8221;, grande successo di solidariet\u00e0 a Ferrara. La Farmacia Comunale 1 \u00e8 terza in Italia per confezioni raccolte<\/a>\n\t<\/h3>\n\n\t\n\t<div class=\"entry-excerpt\"><p>[vc_row][vc_column][vc_column_text]A Ferrara la Giornata di Raccolta del Farmaco si \u00e8 confermata un&#8217;importante occasione di solidariet\u00e0 e partecipazione civica e ha toccato picchi clamorosi nei dati registrati: ancora una volta in&hellip;<\/p>\n<\/div>\n\t<a href=\"https:\/\/www.afm.fe.it\/?p=12448\" class=\"post-details details-type-link\" rel=\"nofollow\">Leggi di pi\u00f9<i class=\"dt-icon-the7-arrow-03\" aria-hidden=\"true\"><\/i><\/a>\n<\/div><\/article><\/div><div class=\"visible wf-cell\" data-post-id=\"12415\" data-date=\"2026-02-02T14:50:14+01:00\" data-name=\"Tornano le Giornate di Raccolta del Farmaco dal 10 al 16 Febbraio\"><article class=\"post project-odd visible post-12415 type-post status-publish format-standard has-post-thumbnail hentry category-news category-90\" data-name=\"Tornano le Giornate di Raccolta del Farmaco dal 10 al 16 Febbraio\" data-date=\"2026-02-02T14:50:14+01:00\">\n\n<div class=\"post-thumbnail-wrap\">\n\t<div class=\"post-thumbnail\">\n\t\t\n\t\t<span class=\"fancy-categories\"><a href=\"https:\/\/www.afm.fe.it\/?cat=90\" rel=\"category tag\">News<\/a><\/span>\n\t\t<a href=\"https:\/\/www.afm.fe.it\/?p=12415\" class=\"post-thumbnail-rollover layzr-bg layzr-bg\" ><img loading=\"lazy\" decoding=\"async\" class=\"iso-lazy-load preload-me iso-lazy-load\" src=\"data:image\/svg+xml,%3Csvg%20xmlns%3D&#39;http%3A%2F%2Fwww.w3.org%2F2000%2Fsvg&#39;%20viewBox%3D&#39;0%200%20768%20512&#39;%2F%3E\" data-src=\"https:\/\/www.afm.fe.it\/wp-content\/uploads\/2020\/05\/banco-farmaceutico-768x512.jpg\" data-srcset=\"https:\/\/www.afm.fe.it\/wp-content\/uploads\/2020\/05\/banco-farmaceutico-768x512.jpg 768w, https:\/\/www.afm.fe.it\/wp-content\/uploads\/2020\/05\/banco-farmaceutico-810x540.jpg 810w\" alt=\"\" title=\"banco farmaceutico\" width=\"768\" height=\"512\"  \/><\/a>\t<\/div>\n<\/div>\n\n\n<div class=\"post-entry-content\">\n\n\t<h3 class=\"entry-title\">\n\t\t<a href=\"https:\/\/www.afm.fe.it\/?p=12415\" title=\"Tornano le Giornate di Raccolta del Farmaco dal 10 al 16 Febbraio\" rel=\"bookmark\">Tornano le Giornate di Raccolta del Farmaco dal 10 al 16 Febbraio<\/a>\n\t<\/h3>\n\n\t\n\t<div class=\"entry-excerpt\"><p>Ogni anno il Banco Farmaceutico organizza una raccolta nazionale di medicinali per chi non pu\u00f2 permetterseli, e le nostre Farmacie Comunali aderiscono convintamente all\u2019iniziativa. Un gesto davvero semplice, ma concreto:&hellip;<\/p>\n<\/div>\n\t<a href=\"https:\/\/www.afm.fe.it\/?p=12415\" class=\"post-details details-type-link\" rel=\"nofollow\">Leggi di pi\u00f9<i class=\"dt-icon-the7-arrow-03\" aria-hidden=\"true\"><\/i><\/a>\n<\/div><\/article><\/div><div class=\"visible wf-cell\" data-post-id=\"12264\" data-date=\"2025-09-24T15:58:05+02:00\" data-name=\"Avviso pubblico \u2013 Aggiornamento Piano triennale di prevenzione della corruzione 2026-2028\"><article class=\"post project-odd visible post-12264 type-post status-publish format-standard has-post-thumbnail hentry category-news category-90\" data-name=\"Avviso pubblico \u2013 Aggiornamento Piano triennale di prevenzione della corruzione 2026-2028\" data-date=\"2025-09-24T15:58:05+02:00\">\n\n<div class=\"post-thumbnail-wrap\">\n\t<div class=\"post-thumbnail\">\n\t\t\n\t\t<span class=\"fancy-categories\"><a href=\"https:\/\/www.afm.fe.it\/?cat=90\" rel=\"category tag\">News<\/a><\/span>\n\t\t<a href=\"https:\/\/www.afm.fe.it\/?p=12264\" class=\"post-thumbnail-rollover layzr-bg layzr-bg\" ><img loading=\"lazy\" decoding=\"async\" class=\"iso-lazy-load preload-me iso-lazy-load\" src=\"data:image\/svg+xml,%3Csvg%20xmlns%3D&#39;http%3A%2F%2Fwww.w3.org%2F2000%2Fsvg&#39;%20viewBox%3D&#39;0%200%20478%20319&#39;%2F%3E\" data-src=\"https:\/\/www.afm.fe.it\/wp-content\/uploads\/2025\/09\/logo_quadrato_color-478x319.png\" data-srcset=\"https:\/\/www.afm.fe.it\/wp-content\/uploads\/2025\/09\/logo_quadrato_color-478x319.png 478w\" alt=\"\" title=\"logo_quadrato_color\" width=\"478\" height=\"319\"  \/><\/a>\t<\/div>\n<\/div>\n\n\n<div class=\"post-entry-content\">\n\n\t<h3 class=\"entry-title\">\n\t\t<a href=\"https:\/\/www.afm.fe.it\/?p=12264\" title=\"Avviso pubblico \u2013 Aggiornamento Piano triennale di prevenzione della corruzione 2026-2028\" rel=\"bookmark\">Avviso pubblico \u2013 Aggiornamento Piano triennale di prevenzione della corruzione 2026-2028<\/a>\n\t<\/h3>\n\n\t\n\t<div class=\"entry-excerpt\"><p>[vc_row][vc_column][vc_column_text]Avviso pubblico \u2013 Aggiornamento Piano triennale di prevenzione della corruzione 2026-2028Il Piano Nazionale Anticorruzione (PNA) prevede che le amministrazioni, gli enti e le societ\u00e0 pubbliche, in occasione dell\u2019aggiornamento annuale del&hellip;<\/p>\n<\/div>\n\t<a href=\"https:\/\/www.afm.fe.it\/?p=12264\" class=\"post-details details-type-link\" rel=\"nofollow\">Leggi di pi\u00f9<i class=\"dt-icon-the7-arrow-03\" aria-hidden=\"true\"><\/i><\/a>\n<\/div><\/article><\/div><div class=\"visible wf-cell\" data-post-id=\"11549\" data-date=\"2024-10-09T14:10:47+02:00\" data-name=\"Riapre il rinnovato Centro di Aerosolterapia di Viale Krasnodar 25: nuovi macchinari e orari estesi\"><article class=\"post project-odd visible post-11549 type-post status-publish format-standard has-post-thumbnail hentry category-news category-90\" data-name=\"Riapre il rinnovato Centro di Aerosolterapia di Viale Krasnodar 25: nuovi macchinari e orari estesi\" data-date=\"2024-10-09T14:10:47+02:00\">\n\n<div class=\"post-thumbnail-wrap\">\n\t<div class=\"post-thumbnail\">\n\t\t\n\t\t<span class=\"fancy-categories\"><a href=\"https:\/\/www.afm.fe.it\/?cat=90\" rel=\"category tag\">News<\/a><\/span>\n\t\t<a href=\"https:\/\/www.afm.fe.it\/?p=11549\" class=\"post-thumbnail-rollover layzr-bg layzr-bg\" ><img loading=\"lazy\" decoding=\"async\" class=\"iso-lazy-load preload-me iso-lazy-load\" src=\"data:image\/svg+xml,%3Csvg%20xmlns%3D&#39;http%3A%2F%2Fwww.w3.org%2F2000%2Fsvg&#39;%20viewBox%3D&#39;0%200%20768%20512&#39;%2F%3E\" data-src=\"https:\/\/www.afm.fe.it\/wp-content\/uploads\/2024\/10\/Inaugurazione-nuovo-Centro-Aerosol-1-scaled-768x512.jpg\" data-srcset=\"https:\/\/www.afm.fe.it\/wp-content\/uploads\/2024\/10\/Inaugurazione-nuovo-Centro-Aerosol-1-scaled-768x512.jpg 768w, https:\/\/www.afm.fe.it\/wp-content\/uploads\/2024\/10\/Inaugurazione-nuovo-Centro-Aerosol-1-scaled-1152x768.jpg 1152w\" alt=\"\" title=\"Inaugurazione nuovo Centro Aerosol\" width=\"768\" height=\"512\"  \/><\/a>\t<\/div>\n<\/div>\n\n\n<div class=\"post-entry-content\">\n\n\t<h3 class=\"entry-title\">\n\t\t<a href=\"https:\/\/www.afm.fe.it\/?p=11549\" title=\"Riapre il rinnovato Centro di Aerosolterapia di Viale Krasnodar 25: nuovi macchinari e orari estesi\" rel=\"bookmark\">Riapre il rinnovato Centro di Aerosolterapia di Viale Krasnodar 25: nuovi macchinari e orari estesi<\/a>\n\t<\/h3>\n\n\t\n\t<div class=\"entry-excerpt\"><p>[vc_row][vc_column][vc_empty_space height=&#8221;15px&#8221;][vc_column_text]Il centro di AFM \u2013 Farmacie Comunali Ferrara offre servizi avanzati per la cura di naso, gola e orecchie con tecnologia all&#8217;avanguardia e maggiore accessibilit\u00e0. Ferrara, 8 ottobre 2024&hellip;<\/p>\n<\/div>\n\t<a href=\"https:\/\/www.afm.fe.it\/?p=11549\" class=\"post-details details-type-link\" rel=\"nofollow\">Leggi di pi\u00f9<i class=\"dt-icon-the7-arrow-03\" aria-hidden=\"true\"><\/i><\/a>\n<\/div><\/article><\/div><div class=\"visible wf-cell\" data-post-id=\"11064\" data-date=\"2024-04-05T11:23:52+02:00\" data-name=\"9 Aprile 2024: aggiornamento tecnico dei sistemi informativi delle Societ\u00e0 Partecipate\"><article class=\"post project-odd visible post-11064 type-post status-publish format-standard has-post-thumbnail hentry category-news category-90\" data-name=\"9 Aprile 2024: aggiornamento tecnico dei sistemi informativi delle Societ\u00e0 Partecipate\" data-date=\"2024-04-05T11:23:52+02:00\">\n\n<div class=\"post-thumbnail-wrap\">\n\t<div class=\"post-thumbnail\">\n\t\t\n\t\t<span class=\"fancy-categories\"><a href=\"https:\/\/www.afm.fe.it\/?cat=90\" rel=\"category tag\">News<\/a><\/span>\n\t\t<a href=\"https:\/\/www.afm.fe.it\/?p=11064\" class=\"post-thumbnail-rollover layzr-bg layzr-bg\" ><img loading=\"lazy\" decoding=\"async\" class=\"iso-lazy-load preload-me iso-lazy-load\" src=\"data:image\/svg+xml,%3Csvg%20xmlns%3D&#39;http%3A%2F%2Fwww.w3.org%2F2000%2Fsvg&#39;%20viewBox%3D&#39;0%200%20768%20512&#39;%2F%3E\" data-src=\"https:\/\/www.afm.fe.it\/wp-content\/uploads\/2024\/04\/4-1080x540-1-768x512.png\" data-srcset=\"https:\/\/www.afm.fe.it\/wp-content\/uploads\/2024\/04\/4-1080x540-1-768x512.png 768w, https:\/\/www.afm.fe.it\/wp-content\/uploads\/2024\/04\/4-1080x540-1-810x540.png 810w\" alt=\"\" title=\"4-1080&#215;540\" width=\"768\" height=\"512\"  \/><\/a>\t<\/div>\n<\/div>\n\n\n<div class=\"post-entry-content\">\n\n\t<h3 class=\"entry-title\">\n\t\t<a href=\"https:\/\/www.afm.fe.it\/?p=11064\" title=\"9 Aprile 2024: aggiornamento tecnico dei sistemi informativi delle Societ\u00e0 Partecipate\" rel=\"bookmark\">9 Aprile 2024: aggiornamento tecnico dei sistemi informativi delle Societ\u00e0 Partecipate<\/a>\n\t<\/h3>\n\n\t\n\t<div class=\"entry-excerpt\"><p>9 Aprile 2024: aggiornamento tecnico dei sistemi informativi delle Societ\u00e0 Partecipate Si informa che il&nbsp;giorno 9 aprile 2024&nbsp;\u00e8 previsto un&nbsp;aggiornamento tecnico dei sistemi informativi aziendali&nbsp;di&nbsp;Ferrara Tua, Farmacie Comunali, Amsef e&hellip;<\/p>\n<\/div>\n\t<a href=\"https:\/\/www.afm.fe.it\/?p=11064\" class=\"post-details details-type-link\" rel=\"nofollow\">Leggi di pi\u00f9<i class=\"dt-icon-the7-arrow-03\" aria-hidden=\"true\"><\/i><\/a>\n<\/div><\/article><\/div><div class=\"visible wf-cell\" data-post-id=\"10878\" data-date=\"2023-10-10T14:05:32+02:00\" data-name=\"STAZIONE, INAUGURATA LA \u2018NUOVA&#039; FARMACIA, DOPO I LAVORI DI RESTYLING. VENTI GIORNI DI INTERVENTO E INVESTIMENTO DI 120MILA EURO.\"><article class=\"post project-odd visible post-10878 type-post status-publish format-standard has-post-thumbnail hentry category-news category-90\" data-name=\"STAZIONE, INAUGURATA LA \u2018NUOVA&#8217; FARMACIA, DOPO I LAVORI DI RESTYLING. VENTI GIORNI DI INTERVENTO E INVESTIMENTO DI 120MILA EURO.\" data-date=\"2023-10-10T14:05:32+02:00\">\n\n<div class=\"post-thumbnail-wrap\">\n\t<div class=\"post-thumbnail\">\n\t\t\n\t\t<span class=\"fancy-categories\"><a href=\"https:\/\/www.afm.fe.it\/?cat=90\" rel=\"category tag\">News<\/a><\/span>\n\t\t<a href=\"https:\/\/www.afm.fe.it\/?p=10878\" class=\"post-thumbnail-rollover layzr-bg layzr-bg\" ><img loading=\"lazy\" decoding=\"async\" class=\"iso-lazy-load preload-me iso-lazy-load\" src=\"data:image\/svg+xml,%3Csvg%20xmlns%3D&#39;http%3A%2F%2Fwww.w3.org%2F2000%2Fsvg&#39;%20viewBox%3D&#39;0%200%20768%20512&#39;%2F%3E\" data-src=\"https:\/\/www.afm.fe.it\/wp-content\/uploads\/2023\/10\/IMG_1466-scaled-768x512.jpg\" data-srcset=\"https:\/\/www.afm.fe.it\/wp-content\/uploads\/2023\/10\/IMG_1466-scaled-768x512.jpg 768w, https:\/\/www.afm.fe.it\/wp-content\/uploads\/2023\/10\/IMG_1466-scaled-1152x768.jpg 1152w\" alt=\"\" title=\"IMG_1466\" width=\"768\" height=\"512\"  \/><\/a>\t<\/div>\n<\/div>\n\n\n<div class=\"post-entry-content\">\n\n\t<h3 class=\"entry-title\">\n\t\t<a href=\"https:\/\/www.afm.fe.it\/?p=10878\" title=\"STAZIONE, INAUGURATA LA \u2018NUOVA&#8217; FARMACIA, DOPO I LAVORI DI RESTYLING. VENTI GIORNI DI INTERVENTO E INVESTIMENTO DI 120MILA EURO.\" rel=\"bookmark\">STAZIONE, INAUGURATA LA \u2018NUOVA&#8217; FARMACIA, DOPO I LAVORI DI RESTYLING. VENTI GIORNI DI INTERVENTO E INVESTIMENTO DI 120MILA EURO.<\/a>\n\t<\/h3>\n\n\t\n\t<div class=\"entry-excerpt\"><p>STAZIONE, INAUGURATA LA \u2018NUOVA&#8217; FARMACIA, DOPO I LAVORI DI RESTYLING. VENTI GIORNI DI INTERVENTO E INVESTIMENTO DI 120MILA EURO. Ferrara, 10 ott &#8211; Inaugurata oggi la nuova &#8220;Farmacia Comunale 8&hellip;<\/p>\n<\/div>\n\t<a href=\"https:\/\/www.afm.fe.it\/?p=10878\" class=\"post-details details-type-link\" rel=\"nofollow\">Leggi di pi\u00f9<i class=\"dt-icon-the7-arrow-03\" aria-hidden=\"true\"><\/i><\/a>\n<\/div><\/article><\/div><div class=\"visible wf-cell\" data-post-id=\"10624\" data-date=\"2023-05-15T09:56:00+02:00\" data-name=\"Iniziative ferraresi per la settimana nazionale della Celiachia\"><article class=\"post project-odd visible post-10624 type-post status-publish format-standard has-post-thumbnail hentry category-news category-90\" data-name=\"Iniziative ferraresi per la settimana nazionale della Celiachia\" data-date=\"2023-05-15T09:56:00+02:00\">\n\n<div class=\"post-thumbnail-wrap\">\n\t<div class=\"post-thumbnail\">\n\t\t\n\t\t<span class=\"fancy-categories\"><a href=\"https:\/\/www.afm.fe.it\/?cat=90\" rel=\"category tag\">News<\/a><\/span>\n\t\t<a href=\"https:\/\/www.afm.fe.it\/?p=10624\" class=\"post-thumbnail-rollover layzr-bg layzr-bg\" ><img loading=\"lazy\" decoding=\"async\" class=\"iso-lazy-load preload-me iso-lazy-load\" src=\"data:image\/svg+xml,%3Csvg%20xmlns%3D&#39;http%3A%2F%2Fwww.w3.org%2F2000%2Fsvg&#39;%20viewBox%3D&#39;0%200%20768%20512&#39;%2F%3E\" data-src=\"https:\/\/www.afm.fe.it\/wp-content\/uploads\/2023\/05\/celiachia-2023-05-15sp-11-23-15-768x512.jpg\" data-srcset=\"https:\/\/www.afm.fe.it\/wp-content\/uploads\/2023\/05\/celiachia-2023-05-15sp-11-23-15-768x512.jpg 768w, https:\/\/www.afm.fe.it\/wp-content\/uploads\/2023\/05\/celiachia-2023-05-15sp-11-23-15-1152x768.jpg 1152w\" alt=\"\" title=\"celiachia-2023-05-15sp-11-23-15\" width=\"768\" height=\"512\"  \/><\/a>\t<\/div>\n<\/div>\n\n\n<div class=\"post-entry-content\">\n\n\t<h3 class=\"entry-title\">\n\t\t<a href=\"https:\/\/www.afm.fe.it\/?p=10624\" title=\"Iniziative ferraresi per la settimana nazionale della Celiachia\" rel=\"bookmark\">Iniziative ferraresi per la settimana nazionale della Celiachia<\/a>\n\t<\/h3>\n\n\t\n\t<div class=\"entry-excerpt\"><p>[vc_row][vc_column][vc_empty_space height=&#8221;15px&#8221;][vc_column_text]Diverse le iniziative messe in campo a Ferrara per la settimana nazionale della Celiachia e per la Giornata Internazionale della Celiachia che cade il 16 maggio, quelle presentate luned\u00ec&hellip;<\/p>\n<\/div>\n\t<a href=\"https:\/\/www.afm.fe.it\/?p=10624\" class=\"post-details details-type-link\" rel=\"nofollow\">Leggi di pi\u00f9<i class=\"dt-icon-the7-arrow-03\" aria-hidden=\"true\"><\/i><\/a>\n<\/div><\/article><\/div><div class=\"visible wf-cell\" data-post-id=\"10618\" data-date=\"2023-05-09T09:46:57+02:00\" data-name=\"Il piano di contrasto alla zanzara 2023. Kit gratuiti nelle farmacie\"><article class=\"post project-odd visible post-10618 type-post status-publish format-standard has-post-thumbnail hentry category-news category-90\" data-name=\"Il piano di contrasto alla zanzara 2023. Kit gratuiti nelle farmacie\" data-date=\"2023-05-09T09:46:57+02:00\">\n\n<div class=\"post-thumbnail-wrap\">\n\t<div class=\"post-thumbnail\">\n\t\t\n\t\t<span class=\"fancy-categories\"><a href=\"https:\/\/www.afm.fe.it\/?cat=90\" rel=\"category tag\">News<\/a><\/span>\n\t\t<a href=\"https:\/\/www.afm.fe.it\/?p=10618\" class=\"post-thumbnail-rollover layzr-bg layzr-bg\" ><img loading=\"lazy\" decoding=\"async\" class=\"iso-lazy-load preload-me iso-lazy-load\" src=\"data:image\/svg+xml,%3Csvg%20xmlns%3D&#39;http%3A%2F%2Fwww.w3.org%2F2000%2Fsvg&#39;%20viewBox%3D&#39;0%200%20672%20448&#39;%2F%3E\" data-src=\"https:\/\/www.afm.fe.it\/wp-content\/uploads\/2023\/05\/antilarvali-farmacie-agosto-2022-672x448.jpg\" data-srcset=\"https:\/\/www.afm.fe.it\/wp-content\/uploads\/2023\/05\/antilarvali-farmacie-agosto-2022-672x448.jpg 672w\" alt=\"\" title=\"antilarvali farmacie agosto 2022\" width=\"672\" height=\"448\"  \/><\/a>\t<\/div>\n<\/div>\n\n\n<div class=\"post-entry-content\">\n\n\t<h3 class=\"entry-title\">\n\t\t<a href=\"https:\/\/www.afm.fe.it\/?p=10618\" title=\"Il piano di contrasto alla zanzara 2023. Kit gratuiti nelle farmacie\" rel=\"bookmark\">Il piano di contrasto alla zanzara 2023. Kit gratuiti nelle farmacie<\/a>\n\t<\/h3>\n\n\t\n\t<div class=\"entry-excerpt\"><p>[vc_row][vc_column][vc_empty_space height=&#8221;15px&#8221;][vc_column_text]Entra nella fase operativa il piano per la lotta alle zanzare e al controllo delle malattie da esse trasmesse messo a punto dall&#8217;assessorato alle Politiche Sociali e Sanitarie del&hellip;<\/p>\n<\/div>\n\t<a href=\"https:\/\/www.afm.fe.it\/?p=10618\" class=\"post-details details-type-link\" rel=\"nofollow\">Leggi di pi\u00f9<i class=\"dt-icon-the7-arrow-03\" aria-hidden=\"true\"><\/i><\/a>\n<\/div><\/article><\/div><div class=\"visible wf-cell\" data-post-id=\"10464\" data-date=\"2023-03-23T16:42:00+01:00\" data-name=\"FURINKAZAN: aggiornamento uso defibrillatori\"><article class=\"post project-odd visible post-10464 type-post status-publish format-standard has-post-thumbnail hentry category-news category-90\" data-name=\"FURINKAZAN: aggiornamento uso defibrillatori\" data-date=\"2023-03-23T16:42:00+01:00\">\n\n<div class=\"post-thumbnail-wrap\">\n\t<div class=\"post-thumbnail\">\n\t\t\n\t\t<span class=\"fancy-categories\"><a href=\"https:\/\/www.afm.fe.it\/?cat=90\" rel=\"category tag\">News<\/a><\/span>\n\t\t<a href=\"https:\/\/www.afm.fe.it\/?p=10464\" class=\"post-thumbnail-rollover layzr-bg layzr-bg\" ><img loading=\"lazy\" decoding=\"async\" class=\"iso-lazy-load preload-me iso-lazy-load\" src=\"data:image\/svg+xml,%3Csvg%20xmlns%3D&#39;http%3A%2F%2Fwww.w3.org%2F2000%2Fsvg&#39;%20viewBox%3D&#39;0%200%20768%20512&#39;%2F%3E\" data-src=\"https:\/\/www.afm.fe.it\/wp-content\/uploads\/2023\/03\/AFM-FURINKAZAN-E-118-PRE-RETRANINIG-DEFIBRILLATORE-E-RCP-22-03-2023-1-768x512.jpg\" data-srcset=\"https:\/\/www.afm.fe.it\/wp-content\/uploads\/2023\/03\/AFM-FURINKAZAN-E-118-PRE-RETRANINIG-DEFIBRILLATORE-E-RCP-22-03-2023-1-768x512.jpg 768w, https:\/\/www.afm.fe.it\/wp-content\/uploads\/2023\/03\/AFM-FURINKAZAN-E-118-PRE-RETRANINIG-DEFIBRILLATORE-E-RCP-22-03-2023-1-1080x720.jpg 1080w\" alt=\"\" title=\"AFM, FURINKAZAN E 118 PRE RETRANINIG DEFIBRILLATORE E RCP 22-03-2023 (1)\" width=\"768\" height=\"512\"  \/><\/a>\t<\/div>\n<\/div>\n\n\n<div class=\"post-entry-content\">\n\n\t<h3 class=\"entry-title\">\n\t\t<a href=\"https:\/\/www.afm.fe.it\/?p=10464\" title=\"FURINKAZAN: aggiornamento uso defibrillatori\" rel=\"bookmark\">FURINKAZAN: aggiornamento uso defibrillatori<\/a>\n\t<\/h3>\n\n\t\n\t<div class=\"entry-excerpt\"><p>[vc_row][vc_column][vc_empty_space height=&#8221;15px&#8221;][vc_column_text]Serata di aggiornamento, quella di ieri, sull\u2019uso del defibrillatore semiautomatico e sulle manovre di rianimazione da eseguire in caso di arresto cardio circolatorio, sia negli adulti che nei bambini.&hellip;<\/p>\n<\/div>\n\t<a href=\"https:\/\/www.afm.fe.it\/?p=10464\" class=\"post-details details-type-link\" rel=\"nofollow\">Leggi di pi\u00f9<i class=\"dt-icon-the7-arrow-03\" aria-hidden=\"true\"><\/i><\/a>\n<\/div><\/article><\/div><div class=\"visible wf-cell\" data-post-id=\"10378\" data-date=\"2023-02-24T13:53:52+01:00\" data-name=\"23\u00b0 Giornata di raccolta del Farmaco\"><article class=\"post project-odd visible post-10378 type-post status-publish format-standard has-post-thumbnail hentry category-news category-90\" data-name=\"23\u00b0 Giornata di raccolta del Farmaco\" data-date=\"2023-02-24T13:53:52+01:00\">\n\n<div class=\"post-thumbnail-wrap\">\n\t<div class=\"post-thumbnail\">\n\t\t\n\t\t<span class=\"fancy-categories\"><a href=\"https:\/\/www.afm.fe.it\/?cat=90\" rel=\"category tag\">News<\/a><\/span>\n\t\t<a href=\"https:\/\/www.afm.fe.it\/?p=10378\" class=\"post-thumbnail-rollover layzr-bg layzr-bg\" ><img loading=\"lazy\" decoding=\"async\" class=\"iso-lazy-load preload-me iso-lazy-load\" src=\"data:image\/svg+xml,%3Csvg%20xmlns%3D&#39;http%3A%2F%2Fwww.w3.org%2F2000%2Fsvg&#39;%20viewBox%3D&#39;0%200%20768%20512&#39;%2F%3E\" data-src=\"https:\/\/www.afm.fe.it\/wp-content\/uploads\/2023\/03\/BancoFarmaceutico-768x512.jpg\" data-srcset=\"https:\/\/www.afm.fe.it\/wp-content\/uploads\/2023\/03\/BancoFarmaceutico-768x512.jpg 768w, https:\/\/www.afm.fe.it\/wp-content\/uploads\/2023\/03\/BancoFarmaceutico-1152x768.jpg 1152w\" alt=\"\" title=\"BancoFarmaceutico\" width=\"768\" height=\"512\"  \/><\/a>\t<\/div>\n<\/div>\n\n\n<div class=\"post-entry-content\">\n\n\t<h3 class=\"entry-title\">\n\t\t<a href=\"https:\/\/www.afm.fe.it\/?p=10378\" title=\"23\u00b0 Giornata di raccolta del Farmaco\" rel=\"bookmark\">23\u00b0 Giornata di raccolta del Farmaco<\/a>\n\t<\/h3>\n\n\t\n\t<div class=\"entry-excerpt\"><p>[vc_row][vc_column][vc_empty_space height=&#8221;15px&#8221;][vc_column_text]Nella scorsa settimana, anche a Ferrara, grazie all&#8217;attivit\u00e0 messa in campo dai volontari della Fondazione banco farmaceutico, si sono potuti raccogliere medicinali donati dai cittadini da destinare ad oltre&hellip;<\/p>\n<\/div>\n\t<a href=\"https:\/\/www.afm.fe.it\/?p=10378\" class=\"post-details details-type-link\" rel=\"nofollow\">Leggi di pi\u00f9<i class=\"dt-icon-the7-arrow-03\" aria-hidden=\"true\"><\/i><\/a>\n<\/div><\/article><\/div><div class=\"visible wf-cell\" data-post-id=\"10324\" data-date=\"2022-11-10T17:24:06+01:00\" data-name=\"Krasnodar, inaugurata la \u2018nuova\u2019 farmacia, dopo i lavori di restyling\"><article class=\"post project-odd visible post-10324 type-post status-publish format-standard has-post-thumbnail hentry category-news category-90\" data-name=\"Krasnodar, inaugurata la \u2018nuova\u2019 farmacia, dopo i lavori di restyling\" data-date=\"2022-11-10T17:24:06+01:00\">\n\n<div class=\"post-thumbnail-wrap\">\n\t<div class=\"post-thumbnail\">\n\t\t\n\t\t<span class=\"fancy-categories\"><a href=\"https:\/\/www.afm.fe.it\/?cat=90\" rel=\"category tag\">News<\/a><\/span>\n\t\t<a href=\"https:\/\/www.afm.fe.it\/?p=10324\" class=\"post-thumbnail-rollover layzr-bg layzr-bg\" ><img loading=\"lazy\" decoding=\"async\" class=\"iso-lazy-load preload-me iso-lazy-load\" src=\"data:image\/svg+xml,%3Csvg%20xmlns%3D&#39;http%3A%2F%2Fwww.w3.org%2F2000%2Fsvg&#39;%20viewBox%3D&#39;0%200%20672%20448&#39;%2F%3E\" data-src=\"https:\/\/www.afm.fe.it\/wp-content\/uploads\/2022\/11\/Inaugurazione-farmacia-672x448.jpeg\" data-srcset=\"https:\/\/www.afm.fe.it\/wp-content\/uploads\/2022\/11\/Inaugurazione-farmacia-672x448.jpeg 672w\" alt=\"\" title=\"Inaugurazione farmacia\" width=\"672\" height=\"448\"  \/><\/a>\t<\/div>\n<\/div>\n\n\n<div class=\"post-entry-content\">\n\n\t<h3 class=\"entry-title\">\n\t\t<a href=\"https:\/\/www.afm.fe.it\/?p=10324\" title=\"Krasnodar, inaugurata la \u2018nuova\u2019 farmacia, dopo i lavori di restyling\" rel=\"bookmark\">Krasnodar, inaugurata la \u2018nuova\u2019 farmacia, dopo i lavori di restyling<\/a>\n\t<\/h3>\n\n\t\n\t<div class=\"entry-excerpt\"><p>[vc_row][vc_column][vc_empty_space height=&#8221;15px&#8221;][vc_column_text]Inaugurata la \u2018nuova\u2019 Farmacia Comunale numero 10 \u201cKrasnodar\u201d dopo i lavori di restyling da 200mila euro (stanziati da AFM Farmacie Comunali Ferrara Srl). Questa mattina il taglio del nastro&hellip;<\/p>\n<\/div>\n\t<a href=\"https:\/\/www.afm.fe.it\/?p=10324\" class=\"post-details details-type-link\" rel=\"nofollow\">Leggi di pi\u00f9<i class=\"dt-icon-the7-arrow-03\" aria-hidden=\"true\"><\/i><\/a>\n<\/div><\/article><\/div><div class=\"visible wf-cell\" data-post-id=\"10272\" data-date=\"2022-07-13T16:49:30+02:00\" data-name=\"Lotta alla zanzara: il Comune di Ferrara in prima linea con Afm nella distribuzione gratuita ai cittadini dei kit larvicidi\"><article class=\"post project-odd visible post-10272 type-post status-publish format-standard has-post-thumbnail hentry category-news category-90\" data-name=\"Lotta alla zanzara: il Comune di Ferrara in prima linea con Afm nella distribuzione gratuita ai cittadini dei kit larvicidi\" data-date=\"2022-07-13T16:49:30+02:00\">\n\n<div class=\"post-thumbnail-wrap\">\n\t<div class=\"post-thumbnail\">\n\t\t\n\t\t<span class=\"fancy-categories\"><a href=\"https:\/\/www.afm.fe.it\/?cat=90\" rel=\"category tag\">News<\/a><\/span>\n\t\t<a href=\"https:\/\/www.afm.fe.it\/?p=10272\" class=\"post-thumbnail-rollover layzr-bg layzr-bg\" ><img loading=\"lazy\" decoding=\"async\" class=\"iso-lazy-load preload-me iso-lazy-load\" src=\"data:image\/svg+xml,%3Csvg%20xmlns%3D&#39;http%3A%2F%2Fwww.w3.org%2F2000%2Fsvg&#39;%20viewBox%3D&#39;0%200%20746%20497&#39;%2F%3E\" data-src=\"https:\/\/www.afm.fe.it\/wp-content\/uploads\/2022\/07\/Cattura-746x497.png\" data-srcset=\"https:\/\/www.afm.fe.it\/wp-content\/uploads\/2022\/07\/Cattura-746x497.png 746w\" alt=\"\" title=\"Cattura\" width=\"746\" height=\"497\"  \/><\/a>\t<\/div>\n<\/div>\n\n\n<div class=\"post-entry-content\">\n\n\t<h3 class=\"entry-title\">\n\t\t<a href=\"https:\/\/www.afm.fe.it\/?p=10272\" title=\"Lotta alla zanzara: il Comune di Ferrara in prima linea con Afm nella distribuzione gratuita ai cittadini dei kit larvicidi\" rel=\"bookmark\">Lotta alla zanzara: il Comune di Ferrara in prima linea con Afm nella distribuzione gratuita ai cittadini dei kit larvicidi<\/a>\n\t<\/h3>\n\n\t\n\t<div class=\"entry-excerpt\"><p>[vc_row][vc_column][vc_empty_space height=&#8221;15px&#8221;][vc_column_text]Proseguono e aumentano le azioni del Comune di Ferrara per il contrasto della proliferazione delle zanzare. Venerd\u00ec 15 luglio 2022 prender\u00e0 infatti il via la distribuzione gratuita di kit&hellip;<\/p>\n<\/div>\n\t<a href=\"https:\/\/www.afm.fe.it\/?p=10272\" class=\"post-details details-type-link\" rel=\"nofollow\">Leggi di pi\u00f9<i class=\"dt-icon-the7-arrow-03\" aria-hidden=\"true\"><\/i><\/a>\n<\/div><\/article><\/div><div class=\"visible wf-cell\" data-post-id=\"10279\" data-date=\"2022-07-06T17:08:00+02:00\" data-name=\"Donazione di materiale sanitario di Afm-Farmacie Comunali Ferrara alla Caritas di Ferrara\"><article class=\"post project-odd visible post-10279 type-post status-publish format-standard has-post-thumbnail hentry category-news category-90\" data-name=\"Donazione di materiale sanitario di Afm-Farmacie Comunali Ferrara alla Caritas di Ferrara\" data-date=\"2022-07-06T17:08:00+02:00\">\n\n<div class=\"post-thumbnail-wrap\">\n\t<div class=\"post-thumbnail\">\n\t\t\n\t\t<span class=\"fancy-categories\"><a href=\"https:\/\/www.afm.fe.it\/?cat=90\" rel=\"category tag\">News<\/a><\/span>\n\t\t<a href=\"https:\/\/www.afm.fe.it\/?p=10279\" class=\"post-thumbnail-rollover layzr-bg layzr-bg\" ><img loading=\"lazy\" decoding=\"async\" class=\"iso-lazy-load preload-me iso-lazy-load\" src=\"data:image\/svg+xml,%3Csvg%20xmlns%3D&#39;http%3A%2F%2Fwww.w3.org%2F2000%2Fsvg&#39;%20viewBox%3D&#39;0%200%20768%20512&#39;%2F%3E\" data-src=\"https:\/\/www.afm.fe.it\/wp-content\/uploads\/2022\/07\/cimarelli-primo-a-sinistra-coletti-seconda-da-destra-in-polo-rossa-falaguasta-scaled-768x512.jpg\" data-srcset=\"https:\/\/www.afm.fe.it\/wp-content\/uploads\/2022\/07\/cimarelli-primo-a-sinistra-coletti-seconda-da-destra-in-polo-rossa-falaguasta-scaled-768x512.jpg 768w, https:\/\/www.afm.fe.it\/wp-content\/uploads\/2022\/07\/cimarelli-primo-a-sinistra-coletti-seconda-da-destra-in-polo-rossa-falaguasta-scaled-1152x768.jpg 1152w\" alt=\"\" title=\"cimarelli-primo-a-sinistra-coletti-seconda-da-destra-in-polo-rossa-falaguasta\" width=\"768\" height=\"512\"  \/><\/a>\t<\/div>\n<\/div>\n\n\n<div class=\"post-entry-content\">\n\n\t<h3 class=\"entry-title\">\n\t\t<a href=\"https:\/\/www.afm.fe.it\/?p=10279\" title=\"Donazione di materiale sanitario di Afm-Farmacie Comunali Ferrara alla Caritas di Ferrara\" rel=\"bookmark\">Donazione di materiale sanitario di Afm-Farmacie Comunali Ferrara alla Caritas di Ferrara<\/a>\n\t<\/h3>\n\n\t\n\t<div class=\"entry-excerpt\"><p>[vc_row][vc_column][vc_empty_space height=&#8221;15px&#8221;][vc_column_text]FARMACIE COMUNALI, DONAZIONE A CARITAS. ASSESSORE COLETTI: &#8220;GRANDE COLLABORAZIONE PER IL SOSTEGNO ALLE NECESSIT\u00c0&#8221;. CIMARELLI: &#8220;ISPIRATI DA INIZIATIVE BENEFICHE DEL TERRITORIO&#8221; Ferrara, 6 luglio 2022 &#8211; Quattro scatoloni di&hellip;<\/p>\n<\/div>\n\t<a href=\"https:\/\/www.afm.fe.it\/?p=10279\" class=\"post-details details-type-link\" rel=\"nofollow\">Leggi di pi\u00f9<i class=\"dt-icon-the7-arrow-03\" aria-hidden=\"true\"><\/i><\/a>\n<\/div><\/article><\/div><div class=\"visible wf-cell\" data-post-id=\"10051\" data-date=\"2022-02-28T17:19:22+01:00\" data-name=\"Raccolta di farmaci e prodotti sanitari per la popolazione colpita dalla guerra in Ucraina\"><article class=\"post project-odd visible post-10051 type-post status-publish format-standard has-post-thumbnail hentry category-news category-90\" data-name=\"Raccolta di farmaci e prodotti sanitari per la popolazione colpita dalla guerra in Ucraina\" data-date=\"2022-02-28T17:19:22+01:00\">\n\n<div class=\"post-thumbnail-wrap\">\n\t<div class=\"post-thumbnail\">\n\t\t\n\t\t<span class=\"fancy-categories\"><a href=\"https:\/\/www.afm.fe.it\/?cat=90\" rel=\"category tag\">News<\/a><\/span>\n\t\t<a href=\"https:\/\/www.afm.fe.it\/?p=10051\" class=\"post-thumbnail-rollover layzr-bg layzr-bg\" ><img loading=\"lazy\" decoding=\"async\" class=\"iso-lazy-load preload-me iso-lazy-load\" src=\"data:image\/svg+xml,%3Csvg%20xmlns%3D&#39;http%3A%2F%2Fwww.w3.org%2F2000%2Fsvg&#39;%20viewBox%3D&#39;0%200%20768%20512&#39;%2F%3E\" data-src=\"https:\/\/www.afm.fe.it\/wp-content\/uploads\/2022\/02\/Senza-titolo-Documento-A4-Post-di-Facebook-800-x-500-px-800-x-400-px-768x512.png\" data-srcset=\"https:\/\/www.afm.fe.it\/wp-content\/uploads\/2022\/02\/Senza-titolo-Documento-A4-Post-di-Facebook-800-x-500-px-800-x-400-px-768x512.png 768w, https:\/\/www.afm.fe.it\/wp-content\/uploads\/2022\/02\/Senza-titolo-Documento-A4-Post-di-Facebook-800-x-500-px-800-x-400-px-1152x768.png 1152w\" alt=\"\" title=\"Senza titolo (Documento A4) (Post di Facebook) (800 x 500 px) (800 x 400 px)\" width=\"768\" height=\"512\"  \/><\/a>\t<\/div>\n<\/div>\n\n\n<div class=\"post-entry-content\">\n\n\t<h3 class=\"entry-title\">\n\t\t<a href=\"https:\/\/www.afm.fe.it\/?p=10051\" title=\"Raccolta di farmaci e prodotti sanitari per la popolazione colpita dalla guerra in Ucraina\" rel=\"bookmark\">Raccolta di farmaci e prodotti sanitari per la popolazione colpita dalla guerra in Ucraina<\/a>\n\t<\/h3>\n\n\t\n\t<div class=\"entry-excerpt\"><p>Raccolta di farmaci e prodotti sanitari per la popolazione colpita dalla guerra in Ucraina In accordo con l\u2019Amministrazione Comunale, AFM Farmacie Comunali di Ferrara, si \u00e8 attivata per fornire un&hellip;<\/p>\n<\/div>\n\t<a href=\"https:\/\/www.afm.fe.it\/?p=10051\" class=\"post-details details-type-link\" rel=\"nofollow\">Leggi di pi\u00f9<i class=\"dt-icon-the7-arrow-03\" aria-hidden=\"true\"><\/i><\/a>\n<\/div><\/article><\/div><div class=\"visible wf-cell\" data-post-id=\"9933\" data-date=\"2021-11-19T13:46:44+01:00\" data-name=\"Tampon Tax: le Farmacie Comunali di Ferrara abbattono l\u2019IVA sugli assorbenti.\"><article class=\"post project-odd visible post-9933 type-post status-publish format-standard has-post-thumbnail hentry category-news category-90\" data-name=\"Tampon Tax: le Farmacie Comunali di Ferrara abbattono l\u2019IVA sugli assorbenti.\" data-date=\"2021-11-19T13:46:44+01:00\">\n\n<div class=\"post-thumbnail-wrap\">\n\t<div class=\"post-thumbnail\">\n\t\t\n\t\t<span class=\"fancy-categories\"><a href=\"https:\/\/www.afm.fe.it\/?cat=90\" rel=\"category tag\">News<\/a><\/span>\n\t\t<a href=\"https:\/\/www.afm.fe.it\/?p=9933\" class=\"post-thumbnail-rollover layzr-bg layzr-bg\" ><img loading=\"lazy\" decoding=\"async\" class=\"iso-lazy-load preload-me iso-lazy-load\" src=\"data:image\/svg+xml,%3Csvg%20xmlns%3D&#39;http%3A%2F%2Fwww.w3.org%2F2000%2Fsvg&#39;%20viewBox%3D&#39;0%200%20768%20512&#39;%2F%3E\" data-src=\"https:\/\/www.afm.fe.it\/wp-content\/uploads\/2021\/11\/Senza-titolo-Documento-A4-Post-di-Facebook-800-x-500-px-800-x-400-px-2-768x512.jpg\" data-srcset=\"https:\/\/www.afm.fe.it\/wp-content\/uploads\/2021\/11\/Senza-titolo-Documento-A4-Post-di-Facebook-800-x-500-px-800-x-400-px-2-768x512.jpg 768w, https:\/\/www.afm.fe.it\/wp-content\/uploads\/2021\/11\/Senza-titolo-Documento-A4-Post-di-Facebook-800-x-500-px-800-x-400-px-2-1152x768.jpg 1152w\" alt=\"\" title=\"Senza titolo (Documento A4) (Post di Facebook) (800 x 500 px) (800 x 400 px) (2)\" width=\"768\" height=\"512\"  \/><\/a>\t<\/div>\n<\/div>\n\n\n<div class=\"post-entry-content\">\n\n\t<h3 class=\"entry-title\">\n\t\t<a href=\"https:\/\/www.afm.fe.it\/?p=9933\" title=\"Tampon Tax: le Farmacie Comunali di Ferrara abbattono l\u2019IVA sugli assorbenti.\" rel=\"bookmark\">Tampon Tax: le Farmacie Comunali di Ferrara abbattono l\u2019IVA sugli assorbenti.<\/a>\n\t<\/h3>\n\n\t\n\t<div class=\"entry-excerpt\"><p>[vc_row][vc_column][vc_empty_space height=&#8221;15px&#8221;][vc_column_text] \u201cIl ciclo non \u00e8 un lusso\u201d \u00a0o per lo meno non dovrebbe essere considerato tale. Il Governo \u00e8 finalmente intervenuto, con la manovra di bilancio che entrer\u00e0 in&hellip;<\/p>\n<\/div>\n\t<a href=\"https:\/\/www.afm.fe.it\/?p=9933\" class=\"post-details details-type-link\" rel=\"nofollow\">Leggi di pi\u00f9<i class=\"dt-icon-the7-arrow-03\" aria-hidden=\"true\"><\/i><\/a>\n<\/div><\/article><\/div><div class=\"visible wf-cell\" data-post-id=\"9922\" data-date=\"2021-11-19T13:17:59+01:00\" data-name=\"IL PUNTO SULLE INIZIATIVE MESSE IN CAMPO NEGLI ULTIMI DUE ANNI E UN NUOVO LOGO SEMPRE PIU\u2019 LEGATO ALLA CITTA\u2019.\"><article class=\"post project-odd visible post-9922 type-post status-publish format-standard has-post-thumbnail hentry category-news category-90\" data-name=\"IL PUNTO SULLE INIZIATIVE MESSE IN CAMPO NEGLI ULTIMI DUE ANNI E UN NUOVO LOGO SEMPRE PIU\u2019 LEGATO ALLA CITTA\u2019.\" data-date=\"2021-11-19T13:17:59+01:00\">\n\n<div class=\"post-thumbnail-wrap\">\n\t<div class=\"post-thumbnail\">\n\t\t\n\t\t<span class=\"fancy-categories\"><a href=\"https:\/\/www.afm.fe.it\/?cat=90\" rel=\"category tag\">News<\/a><\/span>\n\t\t<a href=\"https:\/\/www.afm.fe.it\/?p=9922\" class=\"post-thumbnail-rollover layzr-bg layzr-bg\" ><img loading=\"lazy\" decoding=\"async\" class=\"iso-lazy-load preload-me iso-lazy-load\" src=\"data:image\/svg+xml,%3Csvg%20xmlns%3D&#39;http%3A%2F%2Fwww.w3.org%2F2000%2Fsvg&#39;%20viewBox%3D&#39;0%200%20768%20512&#39;%2F%3E\" data-src=\"https:\/\/www.afm.fe.it\/wp-content\/uploads\/2021\/11\/Foto-1-768x512.jpg\" data-srcset=\"https:\/\/www.afm.fe.it\/wp-content\/uploads\/2021\/11\/Foto-1-768x512.jpg 768w, https:\/\/www.afm.fe.it\/wp-content\/uploads\/2021\/11\/Foto-1-864x576.jpg 864w\" alt=\"\" title=\"Foto (1)\" width=\"768\" height=\"512\"  \/><\/a>\t<\/div>\n<\/div>\n\n\n<div class=\"post-entry-content\">\n\n\t<h3 class=\"entry-title\">\n\t\t<a href=\"https:\/\/www.afm.fe.it\/?p=9922\" title=\"IL PUNTO SULLE INIZIATIVE MESSE IN CAMPO NEGLI ULTIMI DUE ANNI E UN NUOVO LOGO SEMPRE PIU\u2019 LEGATO ALLA CITTA\u2019.\" rel=\"bookmark\">IL PUNTO SULLE INIZIATIVE MESSE IN CAMPO NEGLI ULTIMI DUE ANNI E UN NUOVO LOGO SEMPRE PIU\u2019 LEGATO ALLA CITTA\u2019.<\/a>\n\t<\/h3>\n\n\t\n\t<div class=\"entry-excerpt\"><p>[vc_row][vc_column][vc_empty_space height=&#8221;20px&#8221;][vc_column_text]Sono numerosi gli investimenti e le iniziative messe in campo dalle Farmacie Comunali di Ferrara nel biennio 2020-2021: dagli investimenti ai servizi, al potenziamento della comunicazione al cittadino, con&hellip;<\/p>\n<\/div>\n\t<a href=\"https:\/\/www.afm.fe.it\/?p=9922\" class=\"post-details details-type-link\" rel=\"nofollow\">Leggi di pi\u00f9<i class=\"dt-icon-the7-arrow-03\" aria-hidden=\"true\"><\/i><\/a>\n<\/div><\/article><\/div><div class=\"visible wf-cell\" data-post-id=\"9845\" data-date=\"2021-11-08T12:42:49+01:00\" data-name=\"Ferrara Food Festival: cooking show NO GLUTINE!\"><article class=\"post project-odd visible post-9845 type-post status-publish format-standard has-post-thumbnail hentry category-news category-90\" data-name=\"Ferrara Food Festival: cooking show NO GLUTINE!\" data-date=\"2021-11-08T12:42:49+01:00\">\n\n<div class=\"post-thumbnail-wrap\">\n\t<div class=\"post-thumbnail\">\n\t\t\n\t\t<span class=\"fancy-categories\"><a href=\"https:\/\/www.afm.fe.it\/?cat=90\" rel=\"category tag\">News<\/a><\/span>\n\t\t<a href=\"https:\/\/www.afm.fe.it\/?p=9845\" class=\"post-thumbnail-rollover layzr-bg layzr-bg\" ><img loading=\"lazy\" decoding=\"async\" class=\"iso-lazy-load preload-me iso-lazy-load\" src=\"data:image\/svg+xml,%3Csvg%20xmlns%3D&#39;http%3A%2F%2Fwww.w3.org%2F2000%2Fsvg&#39;%20viewBox%3D&#39;0%200%20768%20512&#39;%2F%3E\" data-src=\"https:\/\/www.afm.fe.it\/wp-content\/uploads\/2021\/11\/1636363379406-768x512.jpg\" data-srcset=\"https:\/\/www.afm.fe.it\/wp-content\/uploads\/2021\/11\/1636363379406-768x512.jpg 768w, https:\/\/www.afm.fe.it\/wp-content\/uploads\/2021\/11\/1636363379406-1152x768.jpg 1152w\" alt=\"\" title=\"1636363379406\" width=\"768\" height=\"512\"  \/><\/a>\t<\/div>\n<\/div>\n\n\n<div class=\"post-entry-content\">\n\n\t<h3 class=\"entry-title\">\n\t\t<a href=\"https:\/\/www.afm.fe.it\/?p=9845\" title=\"Ferrara Food Festival: cooking show NO GLUTINE!\" rel=\"bookmark\">Ferrara Food Festival: cooking show NO GLUTINE!<\/a>\n\t<\/h3>\n\n\t\n\t<div class=\"entry-excerpt\"><p>[vc_row][vc_column][vc_empty_space height=&#8221;15px&#8221;][vc_column_text]Grande attenzione e grande successo ha riscosso la tre giorni di Ferrara food festival il 5\/6\/7 novembre u.s. nel centro della citt\u00e0. Un\u2019occasione per riscoprire la storia e la&hellip;<\/p>\n<\/div>\n\t<a href=\"https:\/\/www.afm.fe.it\/?p=9845\" class=\"post-details details-type-link\" rel=\"nofollow\">Leggi di pi\u00f9<i class=\"dt-icon-the7-arrow-03\" aria-hidden=\"true\"><\/i><\/a>\n<\/div><\/article><\/div><div class=\"visible wf-cell\" data-post-id=\"9823\" data-date=\"2021-10-28T10:19:06+02:00\" data-name=\"Taglio del nastro per la Farmacia Comunale n. 1 Porta Mare\"><article class=\"post project-odd visible post-9823 type-post status-publish format-standard has-post-thumbnail hentry category-news category-90\" data-name=\"Taglio del nastro per la Farmacia Comunale n. 1 Porta Mare\" data-date=\"2021-10-28T10:19:06+02:00\">\n\n<div class=\"post-thumbnail-wrap\">\n\t<div class=\"post-thumbnail\">\n\t\t\n\t\t<span class=\"fancy-categories\"><a href=\"https:\/\/www.afm.fe.it\/?cat=90\" rel=\"category tag\">News<\/a><\/span>\n\t\t<a href=\"https:\/\/www.afm.fe.it\/?p=9823\" class=\"post-thumbnail-rollover layzr-bg layzr-bg\" ><img loading=\"lazy\" decoding=\"async\" class=\"iso-lazy-load preload-me iso-lazy-load\" src=\"data:image\/svg+xml,%3Csvg%20xmlns%3D&#39;http%3A%2F%2Fwww.w3.org%2F2000%2Fsvg&#39;%20viewBox%3D&#39;0%200%20768%20512&#39;%2F%3E\" data-src=\"https:\/\/www.afm.fe.it\/wp-content\/uploads\/2021\/10\/farmacia-1-porta-mare-il-taglio-del-nastro-768x512.jpg\" data-srcset=\"https:\/\/www.afm.fe.it\/wp-content\/uploads\/2021\/10\/farmacia-1-porta-mare-il-taglio-del-nastro-768x512.jpg 768w, https:\/\/www.afm.fe.it\/wp-content\/uploads\/2021\/10\/farmacia-1-porta-mare-il-taglio-del-nastro-778x519.jpg 778w\" alt=\"\" title=\"farmacia-1-porta-mare-il-taglio-del-nastro\" width=\"768\" height=\"512\"  \/><\/a>\t<\/div>\n<\/div>\n\n\n<div class=\"post-entry-content\">\n\n\t<h3 class=\"entry-title\">\n\t\t<a href=\"https:\/\/www.afm.fe.it\/?p=9823\" title=\"Taglio del nastro per la Farmacia Comunale n. 1 Porta Mare\" rel=\"bookmark\">Taglio del nastro per la Farmacia Comunale n. 1 Porta Mare<\/a>\n\t<\/h3>\n\n\t\n\t<div class=\"entry-excerpt\"><p>[vc_row][vc_column][vc_empty_space height=&#8221;15px&#8221;][vc_column_text]Oltre 100 metri quadrati di spazi riqualificati, una nuova organizzazione di spazi, nuovi pavimenti, nuova illuminazione. A Ferrara inaugura il &#8216;restyling&#8217; della farmacia Comunale numero 1 &#8220;Porta Mare&#8221; di&hellip;<\/p>\n<\/div>\n\t<a href=\"https:\/\/www.afm.fe.it\/?p=9823\" class=\"post-details details-type-link\" rel=\"nofollow\">Leggi di pi\u00f9<i class=\"dt-icon-the7-arrow-03\" aria-hidden=\"true\"><\/i><\/a>\n<\/div><\/article><\/div><div class=\"visible wf-cell\" data-post-id=\"9714\" data-date=\"2021-09-15T17:20:00+02:00\" data-name=\"Farmacie comunali, lavori ai locali di Porta Mare.\"><article class=\"post project-odd visible post-9714 type-post status-publish format-standard has-post-thumbnail hentry category-news category-90\" data-name=\"Farmacie comunali, lavori ai locali di Porta Mare.\" data-date=\"2021-09-15T17:20:00+02:00\">\n\n<div class=\"post-thumbnail-wrap\">\n\t<div class=\"post-thumbnail\">\n\t\t\n\t\t<span class=\"fancy-categories\"><a href=\"https:\/\/www.afm.fe.it\/?cat=90\" rel=\"category tag\">News<\/a><\/span>\n\t\t<a href=\"https:\/\/www.afm.fe.it\/?p=9714\" class=\"post-thumbnail-rollover layzr-bg layzr-bg\" ><img loading=\"lazy\" decoding=\"async\" class=\"iso-lazy-load preload-me iso-lazy-load\" src=\"data:image\/svg+xml,%3Csvg%20xmlns%3D&#39;http%3A%2F%2Fwww.w3.org%2F2000%2Fsvg&#39;%20viewBox%3D&#39;0%200%20768%20512&#39;%2F%3E\" data-src=\"https:\/\/www.afm.fe.it\/wp-content\/uploads\/2021\/09\/container-768x512.jpg\" data-srcset=\"https:\/\/www.afm.fe.it\/wp-content\/uploads\/2021\/09\/container-768x512.jpg 768w, https:\/\/www.afm.fe.it\/wp-content\/uploads\/2021\/09\/container-1152x768.jpg 1152w\" alt=\"\" title=\"container\" width=\"768\" height=\"512\"  \/><\/a>\t<\/div>\n<\/div>\n\n\n<div class=\"post-entry-content\">\n\n\t<h3 class=\"entry-title\">\n\t\t<a href=\"https:\/\/www.afm.fe.it\/?p=9714\" title=\"Farmacie comunali, lavori ai locali di Porta Mare.\" rel=\"bookmark\">Farmacie comunali, lavori ai locali di Porta Mare.<\/a>\n\t<\/h3>\n\n\t\n\t<div class=\"entry-excerpt\"><p>[vc_row][vc_column][vc_column_text] Farmacie comunali, lavori ai locali di Porta Mare. [\/vc_column_text][vc_empty_space height=&#8221;15px&#8221;][vc_column_text] Al via i lavori di &#8216;restyling&#8217; e ammodernamento dei locali della Farmacia comunale numero 1, in corso Porta Mare&hellip;<\/p>\n<\/div>\n\t<a href=\"https:\/\/www.afm.fe.it\/?p=9714\" class=\"post-details details-type-link\" rel=\"nofollow\">Leggi di pi\u00f9<i class=\"dt-icon-the7-arrow-03\" aria-hidden=\"true\"><\/i><\/a>\n<\/div><\/article><\/div><div class=\"visible wf-cell\" data-post-id=\"9578\" data-date=\"2021-08-06T10:58:56+02:00\" data-name=\"Integratori, detergenti e occhiali: da Afm Farmacie comunali donazione di prodotti ad Asp\"><article class=\"post project-odd visible post-9578 type-post status-publish format-standard has-post-thumbnail hentry category-news category-90\" data-name=\"Integratori, detergenti e occhiali: da Afm Farmacie comunali donazione di prodotti ad Asp\" data-date=\"2021-08-06T10:58:56+02:00\">\n\n<div class=\"post-thumbnail-wrap\">\n\t<div class=\"post-thumbnail\">\n\t\t\n\t\t<span class=\"fancy-categories\"><a href=\"https:\/\/www.afm.fe.it\/?cat=90\" rel=\"category tag\">News<\/a><\/span>\n\t\t<a href=\"https:\/\/www.afm.fe.it\/?p=9578\" class=\"post-thumbnail-rollover layzr-bg layzr-bg\" ><img loading=\"lazy\" decoding=\"async\" class=\"iso-lazy-load preload-me iso-lazy-load\" src=\"data:image\/svg+xml,%3Csvg%20xmlns%3D&#39;http%3A%2F%2Fwww.w3.org%2F2000%2Fsvg&#39;%20viewBox%3D&#39;0%200%20768%20512&#39;%2F%3E\" data-src=\"https:\/\/www.afm.fe.it\/wp-content\/uploads\/2021\/08\/c-768x512.jpg\" data-srcset=\"https:\/\/www.afm.fe.it\/wp-content\/uploads\/2021\/08\/c-768x512.jpg 768w, https:\/\/www.afm.fe.it\/wp-content\/uploads\/2021\/08\/c-1152x768.jpg 1152w\" alt=\"\" title=\"c\" width=\"768\" height=\"512\"  \/><\/a>\t<\/div>\n<\/div>\n\n\n<div class=\"post-entry-content\">\n\n\t<h3 class=\"entry-title\">\n\t\t<a href=\"https:\/\/www.afm.fe.it\/?p=9578\" title=\"Integratori, detergenti e occhiali: da Afm Farmacie comunali donazione di prodotti ad Asp\" rel=\"bookmark\">Integratori, detergenti e occhiali: da Afm Farmacie comunali donazione di prodotti ad Asp<\/a>\n\t<\/h3>\n\n\t\n\t<div class=\"entry-excerpt\"><p>[vc_row][vc_column][vc_empty_space height=&#8221;15px&#8221;][vc_column_text]Prodotti per il benessere delle persone anziane e fragili, come integratori, detergenti, disinfettanti, repellenti per gli insetti e occhiali per la lettura da vicino: \u00e8 una donazione particolarmente utile&hellip;<\/p>\n<\/div>\n\t<a href=\"https:\/\/www.afm.fe.it\/?p=9578\" class=\"post-details details-type-link\" rel=\"nofollow\">Leggi di pi\u00f9<i class=\"dt-icon-the7-arrow-03\" aria-hidden=\"true\"><\/i><\/a>\n<\/div><\/article><\/div><div class=\"visible wf-cell\" data-post-id=\"9385\" data-date=\"2021-06-16T09:48:00+02:00\" data-name=\"Prodotti per l&#039;igiene della persona in dono ai detenuti dell&#039;Arginone\"><article class=\"post project-odd visible post-9385 type-post status-publish format-standard has-post-thumbnail hentry category-news category-90\" data-name=\"Prodotti per l&#8217;igiene della persona in dono ai detenuti dell&#8217;Arginone\" data-date=\"2021-06-16T09:48:00+02:00\">\n\n<div class=\"post-thumbnail-wrap\">\n\t<div class=\"post-thumbnail\">\n\t\t\n\t\t<span class=\"fancy-categories\"><a href=\"https:\/\/www.afm.fe.it\/?cat=90\" rel=\"category tag\">News<\/a><\/span>\n\t\t<a href=\"https:\/\/www.afm.fe.it\/?p=9385\" class=\"post-thumbnail-rollover layzr-bg layzr-bg\" ><img loading=\"lazy\" decoding=\"async\" class=\"iso-lazy-load preload-me iso-lazy-load\" src=\"data:image\/svg+xml,%3Csvg%20xmlns%3D&#39;http%3A%2F%2Fwww.w3.org%2F2000%2Fsvg&#39;%20viewBox%3D&#39;0%200%20570%20380&#39;%2F%3E\" data-src=\"https:\/\/www.afm.fe.it\/wp-content\/uploads\/2021\/06\/AAL5Nrc.img_-570x380.jpg\" data-srcset=\"https:\/\/www.afm.fe.it\/wp-content\/uploads\/2021\/06\/AAL5Nrc.img_-570x380.jpg 570w\" alt=\"\" title=\"AAL5Nrc.img\" width=\"570\" height=\"380\"  \/><\/a>\t<\/div>\n<\/div>\n\n\n<div class=\"post-entry-content\">\n\n\t<h3 class=\"entry-title\">\n\t\t<a href=\"https:\/\/www.afm.fe.it\/?p=9385\" title=\"Prodotti per l&#8217;igiene della persona in dono ai detenuti dell&#8217;Arginone\" rel=\"bookmark\">Prodotti per l&#8217;igiene della persona in dono ai detenuti dell&#8217;Arginone<\/a>\n\t<\/h3>\n\n\t\n\t<div class=\"entry-excerpt\"><p>[vc_row][vc_column][vc_empty_space height=&#8221;15px&#8221;][vc_column_text]Quasi trecento prodotti per la cura del corpo e per combattere il caldo in arrivo. A tanto ammonta la donazione che le Farmacie comunali \u2013 di concerto con l\u2019amministrazione&hellip;<\/p>\n<\/div>\n\t<a href=\"https:\/\/www.afm.fe.it\/?p=9385\" class=\"post-details details-type-link\" rel=\"nofollow\">Leggi di pi\u00f9<i class=\"dt-icon-the7-arrow-03\" aria-hidden=\"true\"><\/i><\/a>\n<\/div><\/article><\/div><div class=\"visible wf-cell\" data-post-id=\"9377\" data-date=\"2021-06-07T09:16:07+02:00\" data-name=\"Campagna di raccolta occhiali usati\"><article class=\"post project-odd visible post-9377 type-post status-publish format-standard has-post-thumbnail hentry category-news category-90\" data-name=\"Campagna di raccolta occhiali usati\" data-date=\"2021-06-07T09:16:07+02:00\">\n\n<div class=\"post-thumbnail-wrap\">\n\t<div class=\"post-thumbnail\">\n\t\t\n\t\t<span class=\"fancy-categories\"><a href=\"https:\/\/www.afm.fe.it\/?cat=90\" rel=\"category tag\">News<\/a><\/span>\n\t\t<a href=\"https:\/\/www.afm.fe.it\/?p=9377\" class=\"post-thumbnail-rollover layzr-bg layzr-bg\" ><img loading=\"lazy\" decoding=\"async\" class=\"iso-lazy-load preload-me iso-lazy-load\" src=\"data:image\/svg+xml,%3Csvg%20xmlns%3D&#39;http%3A%2F%2Fwww.w3.org%2F2000%2Fsvg&#39;%20viewBox%3D&#39;0%200%20768%20512&#39;%2F%3E\" data-src=\"https:\/\/www.afm.fe.it\/wp-content\/uploads\/2021\/06\/occhiali-usati_7giu2021-scaled-768x512.jpg\" data-srcset=\"https:\/\/www.afm.fe.it\/wp-content\/uploads\/2021\/06\/occhiali-usati_7giu2021-scaled-768x512.jpg 768w, https:\/\/www.afm.fe.it\/wp-content\/uploads\/2021\/06\/occhiali-usati_7giu2021-scaled-1152x768.jpg 1152w\" alt=\"\" title=\"occhiali-usati_7giu2021\" width=\"768\" height=\"512\"  \/><\/a>\t<\/div>\n<\/div>\n\n\n<div class=\"post-entry-content\">\n\n\t<h3 class=\"entry-title\">\n\t\t<a href=\"https:\/\/www.afm.fe.it\/?p=9377\" title=\"Campagna di raccolta occhiali usati\" rel=\"bookmark\">Campagna di raccolta occhiali usati<\/a>\n\t<\/h3>\n\n\t\n\t<div class=\"entry-excerpt\"><p>[vc_row][vc_column][vc_empty_space height=&#8221;15px&#8221;][vc_column_text]Si calcola siano 120 milioni le persone nel mondo con problemi di vista e molte di loro, specie nei Paesi meno sviluppati, non possono permettersi l&#8217;acquisto di occhiali. Per&hellip;<\/p>\n<\/div>\n\t<a href=\"https:\/\/www.afm.fe.it\/?p=9377\" class=\"post-details details-type-link\" rel=\"nofollow\">Leggi di pi\u00f9<i class=\"dt-icon-the7-arrow-03\" aria-hidden=\"true\"><\/i><\/a>\n<\/div><\/article><\/div><div class=\"visible wf-cell\" data-post-id=\"9015\" data-date=\"2021-02-25T17:21:00+01:00\" data-name=\"Farmacie comunali, nuovo robot e area celiachia ammodernata a Krasnodar. Il taglio del nastro con il sindaco Fabbri.\"><article class=\"post project-odd visible post-9015 type-post status-publish format-standard has-post-thumbnail hentry category-news category-90\" data-name=\"Farmacie comunali, nuovo robot e area celiachia ammodernata a Krasnodar. Il taglio del nastro con il sindaco Fabbri.\" data-date=\"2021-02-25T17:21:00+01:00\">\n\n<div class=\"post-thumbnail-wrap\">\n\t<div class=\"post-thumbnail\">\n\t\t\n\t\t<span class=\"fancy-categories\"><a href=\"https:\/\/www.afm.fe.it\/?cat=90\" rel=\"category tag\">News<\/a><\/span>\n\t\t<a href=\"https:\/\/www.afm.fe.it\/?p=9015\" class=\"post-thumbnail-rollover layzr-bg layzr-bg\" ><img loading=\"lazy\" decoding=\"async\" class=\"iso-lazy-load preload-me iso-lazy-load\" src=\"data:image\/svg+xml,%3Csvg%20xmlns%3D&#39;http%3A%2F%2Fwww.w3.org%2F2000%2Fsvg&#39;%20viewBox%3D&#39;0%200%20768%20512&#39;%2F%3E\" data-src=\"https:\/\/www.afm.fe.it\/wp-content\/uploads\/2021\/02\/153917793_3936067916449271_8278876611592665578_o-768x512.jpg\" data-srcset=\"https:\/\/www.afm.fe.it\/wp-content\/uploads\/2021\/02\/153917793_3936067916449271_8278876611592665578_o-768x512.jpg 768w, https:\/\/www.afm.fe.it\/wp-content\/uploads\/2021\/02\/153917793_3936067916449271_8278876611592665578_o-1152x768.jpg 1152w\" alt=\"\" title=\"153917793_3936067916449271_8278876611592665578_o\" width=\"768\" height=\"512\"  \/><\/a>\t<\/div>\n<\/div>\n\n\n<div class=\"post-entry-content\">\n\n\t<h3 class=\"entry-title\">\n\t\t<a href=\"https:\/\/www.afm.fe.it\/?p=9015\" title=\"Farmacie comunali, nuovo robot e area celiachia ammodernata a Krasnodar. Il taglio del nastro con il sindaco Fabbri.\" rel=\"bookmark\">Farmacie comunali, nuovo robot e area celiachia ammodernata a Krasnodar. Il taglio del nastro con il sindaco Fabbri.<\/a>\n\t<\/h3>\n\n\t\n\t<div class=\"entry-excerpt\"><p>[vc_row][vc_column][vc_empty_space height=&#8221;15px&#8221;][vc_column_text]FARMACIE COMUNALI, NUOVO ROBOT E AREA CELIACHIA AMMODERNATA A KRASNODAR. IL TAGLIO DEL NASTRO COL SINDACO FABBRI: &#8220;GRANDE RETE A SERVIZIO DELLA SALUTE&#8221;. CIMARELLI: &#8220;CREDIAMO NELL&#8217;INNOVAZIONE, INVESTIMENTI ANCHE IN&hellip;<\/p>\n<\/div>\n\t<a href=\"https:\/\/www.afm.fe.it\/?p=9015\" class=\"post-details details-type-link\" rel=\"nofollow\">Leggi di pi\u00f9<i class=\"dt-icon-the7-arrow-03\" aria-hidden=\"true\"><\/i><\/a>\n<\/div><\/article><\/div><div class=\"visible wf-cell\" data-post-id=\"8600\" data-date=\"2020-12-01T11:36:00+01:00\" data-name=\"Marted\u00ec 1 dicembre: Giornata Mondiale contro l&#039;AIDS\"><article class=\"post project-odd visible post-8600 type-post status-publish format-standard has-post-thumbnail hentry category-news category-90\" data-name=\"Marted\u00ec 1 dicembre: Giornata Mondiale contro l&#8217;AIDS\" data-date=\"2020-12-01T11:36:00+01:00\">\n\n<div class=\"post-thumbnail-wrap\">\n\t<div class=\"post-thumbnail\">\n\t\t\n\t\t<span class=\"fancy-categories\"><a href=\"https:\/\/www.afm.fe.it\/?cat=90\" rel=\"category tag\">News<\/a><\/span>\n\t\t<a href=\"https:\/\/www.afm.fe.it\/?p=8600\" class=\"post-thumbnail-rollover layzr-bg layzr-bg\" ><img loading=\"lazy\" decoding=\"async\" class=\"iso-lazy-load preload-me iso-lazy-load\" src=\"data:image\/svg+xml,%3Csvg%20xmlns%3D&#39;http%3A%2F%2Fwww.w3.org%2F2000%2Fsvg&#39;%20viewBox%3D&#39;0%200%20449%20300&#39;%2F%3E\" data-src=\"https:\/\/www.afm.fe.it\/wp-content\/uploads\/2020\/12\/aids2_1_scale_600x300-449x300.jpg\" data-srcset=\"https:\/\/www.afm.fe.it\/wp-content\/uploads\/2020\/12\/aids2_1_scale_600x300-449x300.jpg 449w, https:\/\/www.afm.fe.it\/wp-content\/uploads\/2020\/12\/aids2_1_scale_600x300-450x300.jpg 450w\" alt=\"\" title=\"aids2_1_scale_600x300\" width=\"449\" height=\"300\"  \/><\/a>\t<\/div>\n<\/div>\n\n\n<div class=\"post-entry-content\">\n\n\t<h3 class=\"entry-title\">\n\t\t<a href=\"https:\/\/www.afm.fe.it\/?p=8600\" title=\"Marted\u00ec 1 dicembre: Giornata Mondiale contro l&#8217;AIDS\" rel=\"bookmark\">Marted\u00ec 1 dicembre: Giornata Mondiale contro l&#8217;AIDS<\/a>\n\t<\/h3>\n\n\t\n\t<div class=\"entry-excerpt\"><p>[vc_row][vc_column][vc_empty_space height=&#8221;15px&#8221;][vc_column_text]Siamo lieti e orgogliosi di comunicare che anche quest&#8217;anno partecipiamo attivamente alla lotta contro la diffusione del virus HIV donando test rapidi e informando sull\u2019importanza di utilizzare le adeguate&hellip;<\/p>\n<\/div>\n\t<a href=\"https:\/\/www.afm.fe.it\/?p=8600\" class=\"post-details details-type-link\" rel=\"nofollow\">Leggi di pi\u00f9<i class=\"dt-icon-the7-arrow-03\" aria-hidden=\"true\"><\/i><\/a>\n<\/div><\/article><\/div><div class=\"visible wf-cell\" data-post-id=\"4486\" data-date=\"2020-02-07T11:27:38+01:00\" data-name=\"AFM HA PARTECIPATO ALL\u2019INIZIATIVA BANCOFARMACEUTICO\"><article class=\"post project-odd visible post-4486 type-post status-publish format-standard has-post-thumbnail hentry category-news category-90\" data-name=\"AFM HA PARTECIPATO ALL\u2019INIZIATIVA BANCOFARMACEUTICO\" data-date=\"2020-02-07T11:27:38+01:00\">\n\n<div class=\"post-thumbnail-wrap\">\n\t<div class=\"post-thumbnail\">\n\t\t\n\t\t<span class=\"fancy-categories\"><a href=\"https:\/\/www.afm.fe.it\/?cat=90\" rel=\"category tag\">News<\/a><\/span>\n\t\t<a href=\"https:\/\/www.afm.fe.it\/?p=4486\" class=\"post-thumbnail-rollover layzr-bg layzr-bg\" ><img loading=\"lazy\" decoding=\"async\" class=\"iso-lazy-load preload-me iso-lazy-load\" src=\"data:image\/svg+xml,%3Csvg%20xmlns%3D&#39;http%3A%2F%2Fwww.w3.org%2F2000%2Fsvg&#39;%20viewBox%3D&#39;0%200%20768%20512&#39;%2F%3E\" data-src=\"https:\/\/www.afm.fe.it\/wp-content\/uploads\/2020\/05\/banco-farmaceutico-768x512.jpg\" data-srcset=\"https:\/\/www.afm.fe.it\/wp-content\/uploads\/2020\/05\/banco-farmaceutico-768x512.jpg 768w, https:\/\/www.afm.fe.it\/wp-content\/uploads\/2020\/05\/banco-farmaceutico-810x540.jpg 810w\" alt=\"\" title=\"banco farmaceutico\" width=\"768\" height=\"512\"  \/><\/a>\t<\/div>\n<\/div>\n\n\n<div class=\"post-entry-content\">\n\n\t<h3 class=\"entry-title\">\n\t\t<a href=\"https:\/\/www.afm.fe.it\/?p=4486\" title=\"AFM HA PARTECIPATO ALL\u2019INIZIATIVA BANCOFARMACEUTICO\" rel=\"bookmark\">AFM HA PARTECIPATO ALL\u2019INIZIATIVA BANCOFARMACEUTICO<\/a>\n\t<\/h3>\n\n\t\n\t<div class=\"entry-excerpt\"><p>[vc_row][vc_column][vc_empty_space height=&#8221;15px&#8221;][vc_column_text]AFM quest\u2019anno ha partecipato con tutte le 11 farmacie del gruppo all\u2019 iniziativa BANCO FARMACEUTICO. La giornata benefica consistente come noto nell\u2019\u00a0acquisto e contestuale donazione di un prodotto\u00a0\u00e8 stata&hellip;<\/p>\n<\/div>\n\t<a href=\"https:\/\/www.afm.fe.it\/?p=4486\" class=\"post-details details-type-link\" rel=\"nofollow\">Leggi di pi\u00f9<i class=\"dt-icon-the7-arrow-03\" aria-hidden=\"true\"><\/i><\/a>\n<\/div><\/article><\/div><div class=\"visible wf-cell\" data-post-id=\"2483\" data-date=\"2020-01-03T10:02:00+01:00\" data-name=\"Visita dell\u2019Arcivescovo di Ferrara Monsignor Gian Carlo Perego alla Farmacia Porta Mare\"><article class=\"post project-odd visible post-2483 type-post status-publish format-standard has-post-thumbnail hentry category-news category-90\" data-name=\"Visita dell\u2019Arcivescovo di Ferrara Monsignor Gian Carlo Perego alla Farmacia Porta Mare\" data-date=\"2020-01-03T10:02:00+01:00\">\n\n<div class=\"post-thumbnail-wrap\">\n\t<div class=\"post-thumbnail\">\n\t\t\n\t\t<span class=\"fancy-categories\"><a href=\"https:\/\/www.afm.fe.it\/?cat=90\" rel=\"category tag\">News<\/a><\/span>\n\t\t<a href=\"https:\/\/www.afm.fe.it\/?p=2483\" class=\"post-thumbnail-rollover layzr-bg layzr-bg\" ><img loading=\"lazy\" decoding=\"async\" class=\"iso-lazy-load preload-me iso-lazy-load\" src=\"data:image\/svg+xml,%3Csvg%20xmlns%3D&#39;http%3A%2F%2Fwww.w3.org%2F2000%2Fsvg&#39;%20viewBox%3D&#39;0%200%20768%20512&#39;%2F%3E\" data-src=\"https:\/\/www.afm.fe.it\/wp-content\/uploads\/2020\/01\/visita-cardinale-768x512.jpg\" data-srcset=\"https:\/\/www.afm.fe.it\/wp-content\/uploads\/2020\/01\/visita-cardinale-768x512.jpg 768w, https:\/\/www.afm.fe.it\/wp-content\/uploads\/2020\/01\/visita-cardinale-960x640.jpg 960w\" alt=\"\" title=\"visita\" width=\"768\" height=\"512\"  \/><\/a>\t<\/div>\n<\/div>\n\n\n<div class=\"post-entry-content\">\n\n\t<h3 class=\"entry-title\">\n\t\t<a href=\"https:\/\/www.afm.fe.it\/?p=2483\" title=\"Visita dell\u2019Arcivescovo di Ferrara Monsignor Gian Carlo Perego alla Farmacia Porta Mare\" rel=\"bookmark\">Visita dell\u2019Arcivescovo di Ferrara Monsignor Gian Carlo Perego alla Farmacia Porta Mare<\/a>\n\t<\/h3>\n\n\t\n\t<div class=\"entry-excerpt\"><p>[vc_row css=&#8221;.vc_custom_1602599396838{margin-top: -20px !important;}&#8221;][vc_column][vc_empty_space height=&#8221;15px&#8221;][vc_column_text]Domani, venerd\u00ec 3 gennaio alle ore 12, l\u2019Arcivescovo di Ferrara Monsignor Gian Carlo Perego si recher\u00e0 presso la farmacia comunale Porta Mare di C.so Porta Mare&hellip;<\/p>\n<\/div>\n\t<a href=\"https:\/\/www.afm.fe.it\/?p=2483\" class=\"post-details details-type-link\" rel=\"nofollow\">Leggi di pi\u00f9<i class=\"dt-icon-the7-arrow-03\" aria-hidden=\"true\"><\/i><\/a>\n<\/div><\/article><\/div><div class=\"visible wf-cell\" data-post-id=\"2383\" data-date=\"2019-12-15T14:37:00+01:00\" data-name=\"Sentenza del tribunale di Ferrara\"><article class=\"post project-odd visible post-2383 type-post status-publish format-standard has-post-thumbnail hentry category-news category-90\" data-name=\"Sentenza del tribunale di Ferrara\" data-date=\"2019-12-15T14:37:00+01:00\">\n\n<div class=\"post-thumbnail-wrap\">\n\t<div class=\"post-thumbnail\">\n\t\t\n\t\t<span class=\"fancy-categories\"><a href=\"https:\/\/www.afm.fe.it\/?cat=90\" rel=\"category tag\">News<\/a><\/span>\n\t\t<a href=\"https:\/\/www.afm.fe.it\/?p=2383\" class=\"post-thumbnail-rollover layzr-bg layzr-bg\" ><img loading=\"lazy\" decoding=\"async\" class=\"iso-lazy-load preload-me iso-lazy-load\" src=\"data:image\/svg+xml,%3Csvg%20xmlns%3D&#39;http%3A%2F%2Fwww.w3.org%2F2000%2Fsvg&#39;%20viewBox%3D&#39;0%200%20768%20512&#39;%2F%3E\" data-src=\"https:\/\/www.afm.fe.it\/wp-content\/uploads\/2020\/02\/414618-PD6SJV-580-scaled-768x512.jpg\" data-srcset=\"https:\/\/www.afm.fe.it\/wp-content\/uploads\/2020\/02\/414618-PD6SJV-580-scaled-768x512.jpg 768w, https:\/\/www.afm.fe.it\/wp-content\/uploads\/2020\/02\/414618-PD6SJV-580-scaled-1152x768.jpg 1152w\" alt=\"\" title=\"414618-PD6SJV-580\" width=\"768\" height=\"512\"  \/><\/a>\t<\/div>\n<\/div>\n\n\n<div class=\"post-entry-content\">\n\n\t<h3 class=\"entry-title\">\n\t\t<a href=\"https:\/\/www.afm.fe.it\/?p=2383\" title=\"Sentenza del tribunale di Ferrara\" rel=\"bookmark\">Sentenza del tribunale di Ferrara<\/a>\n\t<\/h3>\n\n\t\n\t<div class=\"entry-excerpt\"><p>[vc_row][vc_column][vc_empty_space height=&#8221;15px&#8221;][vc_column_text]Come AFM, con soddisfazione informiamo i nostri clienti, i cittadini, il personale delle farmacie comunali che in data odierna i due imputati che hanno rapinato la farmacia di Pontegradella&hellip;<\/p>\n<\/div>\n\t<a href=\"https:\/\/www.afm.fe.it\/?p=2383\" class=\"post-details details-type-link\" rel=\"nofollow\">Leggi di pi\u00f9<i class=\"dt-icon-the7-arrow-03\" aria-hidden=\"true\"><\/i><\/a>\n<\/div><\/article><\/div><div class=\"visible wf-cell\" data-post-id=\"2500\" data-date=\"2019-06-12T10:34:00+02:00\" data-name=\"Sentenza del Tribunale di Ferrara\"><article class=\"post project-odd visible post-2500 type-post status-publish format-standard has-post-thumbnail hentry category-news category-90\" data-name=\"Sentenza del Tribunale di Ferrara\" data-date=\"2019-06-12T10:34:00+02:00\">\n\n<div class=\"post-thumbnail-wrap\">\n\t<div class=\"post-thumbnail\">\n\t\t\n\t\t<span class=\"fancy-categories\"><a href=\"https:\/\/www.afm.fe.it\/?cat=90\" rel=\"category tag\">News<\/a><\/span>\n\t\t<a href=\"https:\/\/www.afm.fe.it\/?p=2500\" class=\"post-thumbnail-rollover layzr-bg layzr-bg\" ><img loading=\"lazy\" decoding=\"async\" class=\"iso-lazy-load preload-me iso-lazy-load\" src=\"data:image\/svg+xml,%3Csvg%20xmlns%3D&#39;http%3A%2F%2Fwww.w3.org%2F2000%2Fsvg&#39;%20viewBox%3D&#39;0%200%20768%20512&#39;%2F%3E\" data-src=\"https:\/\/www.afm.fe.it\/wp-content\/uploads\/2020\/02\/414618-PD6SJV-580-scaled-768x512.jpg\" data-srcset=\"https:\/\/www.afm.fe.it\/wp-content\/uploads\/2020\/02\/414618-PD6SJV-580-scaled-768x512.jpg 768w, https:\/\/www.afm.fe.it\/wp-content\/uploads\/2020\/02\/414618-PD6SJV-580-scaled-1152x768.jpg 1152w\" alt=\"\" title=\"414618-PD6SJV-580\" width=\"768\" height=\"512\"  \/><\/a>\t<\/div>\n<\/div>\n\n\n<div class=\"post-entry-content\">\n\n\t<h3 class=\"entry-title\">\n\t\t<a href=\"https:\/\/www.afm.fe.it\/?p=2500\" title=\"Sentenza del Tribunale di Ferrara\" rel=\"bookmark\">Sentenza del Tribunale di Ferrara<\/a>\n\t<\/h3>\n\n\t\n\t<div class=\"entry-excerpt\"><p>[vc_row][vc_column][vc_column_text] Condannato a 7 mesi di reclusione il ladro Badea Andrei che aveva rubato prodotti cosmetici alla farmacia Arianuova, depositata la sentenza. Il malfattore \u00e8 gi\u00e0 in carcere per altri&hellip;<\/p>\n<\/div>\n\t<a href=\"https:\/\/www.afm.fe.it\/?p=2500\" class=\"post-details details-type-link\" rel=\"nofollow\">Leggi di pi\u00f9<i class=\"dt-icon-the7-arrow-03\" aria-hidden=\"true\"><\/i><\/a>\n<\/div><\/article><\/div><div class=\"visible wf-cell\" data-post-id=\"2533\" data-date=\"2019-05-09T11:26:00+02:00\" data-name=\"XXXIV Assemblea Federale Assofarm\"><article class=\"post project-odd visible post-2533 type-post status-publish format-standard has-post-thumbnail hentry category-news category-90\" data-name=\"XXXIV Assemblea Federale Assofarm\" data-date=\"2019-05-09T11:26:00+02:00\">\n\n<div class=\"post-thumbnail-wrap\">\n\t<div class=\"post-thumbnail\">\n\t\t\n\t\t<span class=\"fancy-categories\"><a href=\"https:\/\/www.afm.fe.it\/?cat=90\" rel=\"category tag\">News<\/a><\/span>\n\t\t<a href=\"https:\/\/www.afm.fe.it\/?p=2533\" class=\"post-thumbnail-rollover layzr-bg layzr-bg\" ><img loading=\"lazy\" decoding=\"async\" class=\"iso-lazy-load preload-me iso-lazy-load\" src=\"data:image\/svg+xml,%3Csvg%20xmlns%3D&#39;http%3A%2F%2Fwww.w3.org%2F2000%2Fsvg&#39;%20viewBox%3D&#39;0%200%20768%20512&#39;%2F%3E\" data-src=\"https:\/\/www.afm.fe.it\/wp-content\/uploads\/2018\/11\/logo_afm_lavoraconnoi2-768x512.png\" data-srcset=\"https:\/\/www.afm.fe.it\/wp-content\/uploads\/2018\/11\/logo_afm_lavoraconnoi2-768x512.png 768w, https:\/\/www.afm.fe.it\/wp-content\/uploads\/2018\/11\/logo_afm_lavoraconnoi2.png 1000w\" alt=\"\" title=\"logo_afm_lavoraconnoi2\" width=\"768\" height=\"512\"  \/><\/a>\t<\/div>\n<\/div>\n\n\n<div class=\"post-entry-content\">\n\n\t<h3 class=\"entry-title\">\n\t\t<a href=\"https:\/\/www.afm.fe.it\/?p=2533\" title=\"XXXIV Assemblea Federale Assofarm\" rel=\"bookmark\">XXXIV Assemblea Federale Assofarm<\/a>\n\t<\/h3>\n\n\t\n\t<div class=\"entry-excerpt\"><p>[vc_row][vc_column][vc_column_text] Siamo felici di comunicare che il 9 maggio 2019 si svolger\u00e0, nella citt\u00e0 di Ferrara, la XXXIV Assemblea Federale di\u00a0Assofarm XXXIV Assemblea Federale Ferrara, 9 maggio 2019 Convegno\u201d\u00a0Le Farmacie&hellip;<\/p>\n<\/div>\n\t<a href=\"https:\/\/www.afm.fe.it\/?p=2533\" class=\"post-details details-type-link\" rel=\"nofollow\">Leggi di pi\u00f9<i class=\"dt-icon-the7-arrow-03\" aria-hidden=\"true\"><\/i><\/a>\n<\/div><\/article><\/div><div class=\"visible wf-cell\" data-post-id=\"2510\" data-date=\"2019-05-07T10:44:00+02:00\" data-name=\"Incontro aperto al pubblico: le allergie del periodo\"><article class=\"post project-odd visible post-2510 type-post status-publish format-standard has-post-thumbnail hentry category-news category-90\" data-name=\"Incontro aperto al pubblico: le allergie del periodo\" data-date=\"2019-05-07T10:44:00+02:00\">\n\n<div class=\"post-thumbnail-wrap\">\n\t<div class=\"post-thumbnail\">\n\t\t\n\t\t<span class=\"fancy-categories\"><a href=\"https:\/\/www.afm.fe.it\/?cat=90\" rel=\"category tag\">News<\/a><\/span>\n\t\t<a href=\"https:\/\/www.afm.fe.it\/?p=2510\" class=\"post-thumbnail-rollover layzr-bg layzr-bg\" ><img loading=\"lazy\" decoding=\"async\" class=\"iso-lazy-load preload-me iso-lazy-load\" src=\"data:image\/svg+xml,%3Csvg%20xmlns%3D&#39;http%3A%2F%2Fwww.w3.org%2F2000%2Fsvg&#39;%20viewBox%3D&#39;0%200%20768%20512&#39;%2F%3E\" data-src=\"https:\/\/www.afm.fe.it\/wp-content\/uploads\/2020\/02\/allergy-1738191_1920-768x512.jpg\" data-srcset=\"https:\/\/www.afm.fe.it\/wp-content\/uploads\/2020\/02\/allergy-1738191_1920-768x512.jpg 768w, https:\/\/www.afm.fe.it\/wp-content\/uploads\/2020\/02\/allergy-1738191_1920-1152x768.jpg 1152w\" alt=\"\" title=\"allergy-1738191_1920\" width=\"768\" height=\"512\"  \/><\/a>\t<\/div>\n<\/div>\n\n\n<div class=\"post-entry-content\">\n\n\t<h3 class=\"entry-title\">\n\t\t<a href=\"https:\/\/www.afm.fe.it\/?p=2510\" title=\"Incontro aperto al pubblico: le allergie del periodo\" rel=\"bookmark\">Incontro aperto al pubblico: le allergie del periodo<\/a>\n\t<\/h3>\n\n\t\n\t<div class=\"entry-excerpt\"><p>[vc_row][vc_column][vc_column_text] Si \u00e8 svolta presso la biblioteca comunale Bassani un interessante convegno sulle allergie stagionali. Ringraziamo per la partecipazione. Un grazie speciali al relatore il Prof. Allergologo Scolozzi. &nbsp; [\/vc_column_text][\/vc_column][\/vc_row]<\/p>\n<\/div>\n\t<a href=\"https:\/\/www.afm.fe.it\/?p=2510\" class=\"post-details details-type-link\" rel=\"nofollow\">Leggi di pi\u00f9<i class=\"dt-icon-the7-arrow-03\" aria-hidden=\"true\"><\/i><\/a>\n<\/div><\/article><\/div><div class=\"visible wf-cell\" data-post-id=\"2503\" data-date=\"2019-05-02T10:37:00+02:00\" data-name=\"Camminate di gruppo con AFM ed Esercizio Vita\"><article class=\"post project-odd visible post-2503 type-post status-publish format-standard has-post-thumbnail hentry category-news category-90\" data-name=\"Camminate di gruppo con AFM ed Esercizio Vita\" data-date=\"2019-05-02T10:37:00+02:00\">\n\n<div class=\"post-thumbnail-wrap\">\n\t<div class=\"post-thumbnail\">\n\t\t\n\t\t<span class=\"fancy-categories\"><a href=\"https:\/\/www.afm.fe.it\/?cat=90\" rel=\"category tag\">News<\/a><\/span>\n\t\t<a href=\"https:\/\/www.afm.fe.it\/?p=2503\" class=\"post-thumbnail-rollover layzr-bg layzr-bg\" ><img loading=\"lazy\" decoding=\"async\" class=\"iso-lazy-load preload-me iso-lazy-load\" src=\"data:image\/svg+xml,%3Csvg%20xmlns%3D&#39;http%3A%2F%2Fwww.w3.org%2F2000%2Fsvg&#39;%20viewBox%3D&#39;0%200%20768%20512&#39;%2F%3E\" data-src=\"https:\/\/www.afm.fe.it\/wp-content\/uploads\/2019\/05\/camminata-scaled-768x512.jpg\" data-srcset=\"https:\/\/www.afm.fe.it\/wp-content\/uploads\/2019\/05\/camminata-scaled-768x512.jpg 768w, https:\/\/www.afm.fe.it\/wp-content\/uploads\/2019\/05\/camminata-scaled-1152x768.jpg 1152w\" alt=\"\" title=\"camminata\" width=\"768\" height=\"512\"  \/><\/a>\t<\/div>\n<\/div>\n\n\n<div class=\"post-entry-content\">\n\n\t<h3 class=\"entry-title\">\n\t\t<a href=\"https:\/\/www.afm.fe.it\/?p=2503\" title=\"Camminate di gruppo con AFM ed Esercizio Vita\" rel=\"bookmark\">Camminate di gruppo con AFM ed Esercizio Vita<\/a>\n\t<\/h3>\n\n\t\n\t<div class=\"entry-excerpt\"><p>Farmacie Comunali Ferrara S.r.l AFM partecipa tutti i gioved\u00ec a partire da oggi 2 maggio, alle camminate di gruppo&nbsp;sulle mura organizzate dall\u2019associazione&nbsp;Esercizio Vita&nbsp;partner di AFM. &nbsp;Tutti i giovedi vi aspettiamo&hellip;<\/p>\n<\/div>\n\t<a href=\"https:\/\/www.afm.fe.it\/?p=2503\" class=\"post-details details-type-link\" rel=\"nofollow\">Leggi di pi\u00f9<i class=\"dt-icon-the7-arrow-03\" aria-hidden=\"true\"><\/i><\/a>\n<\/div><\/article><\/div><div class=\"visible wf-cell\" data-post-id=\"2514\" data-date=\"2019-04-17T10:59:00+02:00\" data-name=\"Nuovo robot della Farmacia n.1 Porta Mare\"><article class=\"post project-odd visible post-2514 type-post status-publish format-standard has-post-thumbnail hentry category-news category-90\" data-name=\"Nuovo robot della Farmacia n.1 Porta Mare\" data-date=\"2019-04-17T10:59:00+02:00\">\n\n<div class=\"post-thumbnail-wrap\">\n\t<div class=\"post-thumbnail\">\n\t\t\n\t\t<span class=\"fancy-categories\"><a href=\"https:\/\/www.afm.fe.it\/?cat=90\" rel=\"category tag\">News<\/a><\/span>\n\t\t<a href=\"https:\/\/www.afm.fe.it\/?p=2514\" class=\"post-thumbnail-rollover layzr-bg layzr-bg\" ><img loading=\"lazy\" decoding=\"async\" class=\"iso-lazy-load preload-me iso-lazy-load\" src=\"data:image\/svg+xml,%3Csvg%20xmlns%3D&#39;http%3A%2F%2Fwww.w3.org%2F2000%2Fsvg&#39;%20viewBox%3D&#39;0%200%20768%20512&#39;%2F%3E\" data-src=\"https:\/\/www.afm.fe.it\/wp-content\/uploads\/2019\/04\/robot-scaled-768x512.jpg\" data-srcset=\"https:\/\/www.afm.fe.it\/wp-content\/uploads\/2019\/04\/robot-scaled-768x512.jpg 768w, https:\/\/www.afm.fe.it\/wp-content\/uploads\/2019\/04\/robot-scaled-1152x768.jpg 1152w\" alt=\"\" title=\"robot\" width=\"768\" height=\"512\"  \/><\/a>\t<\/div>\n<\/div>\n\n\n<div class=\"post-entry-content\">\n\n\t<h3 class=\"entry-title\">\n\t\t<a href=\"https:\/\/www.afm.fe.it\/?p=2514\" title=\"Nuovo robot della Farmacia n.1 Porta Mare\" rel=\"bookmark\">Nuovo robot della Farmacia n.1 Porta Mare<\/a>\n\t<\/h3>\n\n\t\n\t<div class=\"entry-excerpt\"><p>[vc_row][vc_column][vc_empty_space height=&#8221;15px&#8221;][vc_column_text]Presso la Farmacia Comunale n\u00b01 di Porta Mare \u00e8 stato ultimato in questi giorni il montaggio e l\u2019installazione di un nuovo robot di farmacia. Si tratta di un investimento&hellip;<\/p>\n<\/div>\n\t<a href=\"https:\/\/www.afm.fe.it\/?p=2514\" class=\"post-details details-type-link\" rel=\"nofollow\">Leggi di pi\u00f9<i class=\"dt-icon-the7-arrow-03\" aria-hidden=\"true\"><\/i><\/a>\n<\/div><\/article><\/div><div class=\"visible wf-cell\" data-post-id=\"2518\" data-date=\"2019-04-08T11:02:00+02:00\" data-name=\"AFM e BPER: in Farmacia paga con le carte\"><article class=\"post project-odd visible post-2518 type-post status-publish format-standard has-post-thumbnail hentry category-news category-90\" data-name=\"AFM e BPER: in Farmacia paga con le carte\" data-date=\"2019-04-08T11:02:00+02:00\">\n\n<div class=\"post-thumbnail-wrap\">\n\t<div class=\"post-thumbnail\">\n\t\t\n\t\t<span class=\"fancy-categories\"><a href=\"https:\/\/www.afm.fe.it\/?cat=90\" rel=\"category tag\">News<\/a><\/span>\n\t\t<a href=\"https:\/\/www.afm.fe.it\/?p=2518\" class=\"post-thumbnail-rollover layzr-bg layzr-bg\" ><img loading=\"lazy\" decoding=\"async\" class=\"iso-lazy-load preload-me iso-lazy-load\" src=\"data:image\/svg+xml,%3Csvg%20xmlns%3D&#39;http%3A%2F%2Fwww.w3.org%2F2000%2Fsvg&#39;%20viewBox%3D&#39;0%200%20768%20512&#39;%2F%3E\" data-src=\"https:\/\/www.afm.fe.it\/wp-content\/uploads\/2019\/04\/Documento0_1-scaled-e1588754587132-768x512.jpg\" data-srcset=\"https:\/\/www.afm.fe.it\/wp-content\/uploads\/2019\/04\/Documento0_1-scaled-e1588754587132-768x512.jpg 768w, https:\/\/www.afm.fe.it\/wp-content\/uploads\/2019\/04\/Documento0_1-scaled-e1588754587132-1152x768.jpg 1152w\" alt=\"\" title=\"Documento0_1\" width=\"768\" height=\"512\"  \/><\/a>\t<\/div>\n<\/div>\n\n\n<div class=\"post-entry-content\">\n\n\t<h3 class=\"entry-title\">\n\t\t<a href=\"https:\/\/www.afm.fe.it\/?p=2518\" title=\"AFM e BPER: in Farmacia paga con le carte\" rel=\"bookmark\">AFM e BPER: in Farmacia paga con le carte<\/a>\n\t<\/h3>\n\n\t\n\t<div class=\"entry-excerpt\"><p>[vc_row][vc_column][vc_column_text] In farmacia senza contanti contro furti e rapine Parte la campagna di Afm-Farmacie comunali Ferrara e Bper Banca per promuovere l\u2019utilizzo delle nuove carte Contactless per acquisti inferiori a&hellip;<\/p>\n<\/div>\n\t<a href=\"https:\/\/www.afm.fe.it\/?p=2518\" class=\"post-details details-type-link\" rel=\"nofollow\">Leggi di pi\u00f9<i class=\"dt-icon-the7-arrow-03\" aria-hidden=\"true\"><\/i><\/a>\n<\/div><\/article><\/div><\/div><!-- iso-container|iso-grid --><\/div>[vc_empty_space height=&#8221;25px&#8221;][vc_btn title=&#8221;Vai all&#8217;archivio&#8221; style=&#8221;custom&#8221; custom_background=&#8221;#438e51&#8243; custom_text=&#8221;#ffffff&#8221; align=&#8221;center&#8221; link=&#8221;url:https%3A%2F%2Fwww.afm.fe.it%2F%3Fpage_id%3D6798|title:Archivio%20News&#8221;][vc_empty_space height=&#8221;10px&#8221;][\/vc_column][\/vc_row]<\/p>\n","protected":false},"excerpt":{"rendered":"<p>[vc_row][vc_column][vc_empty_space][vc_empty_space height=&#8221;25px&#8221;][vc_btn title=&#8221;Vai all&#8217;archivio&#8221; style=&#8221;custom&#8221; custom_background=&#8221;#438e51&#8243; custom_text=&#8221;#ffffff&#8221; align=&#8221;center&#8221; link=&#8221;url:https%3A%2F%2Fwww.afm.fe.it%2F%3Fpage_id%3D6798|title:Archivio%20News&#8221;][vc_empty_space height=&#8221;10px&#8221;][\/vc_column][\/vc_row]<\/p>\n","protected":false},"author":3,"featured_media":0,"parent":0,"menu_order":0,"comment_status":"closed","ping_status":"closed","template":"","meta":[],"class_list":["post-25","page","type-page","status-publish","hentry","description-off"],"_links":{"self":[{"href":"https:\/\/www.afm.fe.it\/index.php?rest_route=\/wp\/v2\/pages\/25","targetHints":{"allow":["GET"]}}],"collection":[{"href":"https:\/\/www.afm.fe.it\/index.php?rest_route=\/wp\/v2\/pages"}],"about":[{"href":"https:\/\/www.afm.fe.it\/index.php?rest_route=\/wp\/v2\/types\/page"}],"author":[{"embeddable":true,"href":"https:\/\/www.afm.fe.it\/index.php?rest_route=\/wp\/v2\/users\/3"}],"replies":[{"embeddable":true,"href":"https:\/\/www.afm.fe.it\/index.php?rest_route=%2Fwp%2Fv2%2Fcomments&post=25"}],"version-history":[{"count":33,"href":"https:\/\/www.afm.fe.it\/index.php?rest_route=\/wp\/v2\/pages\/25\/revisions"}],"predecessor-version":[{"id":8708,"href":"https:\/\/www.afm.fe.it\/index.php?rest_route=\/wp\/v2\/pages\/25\/revisions\/8708"}],"wp:attachment":[{"href":"https:\/\/www.afm.fe.it\/index.php?rest_route=%2Fwp%2Fv2%2Fmedia&parent=25"}],"curies":[{"name":"wp","href":"https:\/\/api.w.org\/{rel}","templated":true}]}}