


{"id":6798,"date":"2020-10-19T15:33:46","date_gmt":"2020-10-19T13:33:46","guid":{"rendered":"https:\/\/www.afm.fe.it\/?page_id=6798"},"modified":"2024-06-20T09:15:52","modified_gmt":"2024-06-20T07:15:52","slug":"archivio-news","status":"publish","type":"page","link":"https:\/\/www.afm.fe.it\/?page_id=6798","title":{"rendered":"Archivio News"},"content":{"rendered":"<p>[vc_row][vc_column]<div id=\"ultimate-heading-400769f5b84031e3b\" class=\"uvc-heading ult-adjust-bottom-margin ultimate-heading-400769f5b84031e3b uvc-979  uvc-heading-default-font-sizes\" data-hspacer=\"no_spacer\"  data-halign=\"center\" style=\"text-align:center\"><div class=\"uvc-heading-spacer no_spacer\" style=\"top\"><\/div><div class=\"uvc-main-heading ult-responsive\"  data-ultimate-target='.uvc-heading.ultimate-heading-400769f5b84031e3b h2'  data-responsive-json-new='{\"font-size\":\"\",\"line-height\":\"\"}' ><h2 style=\"--font-weight:theme;\">Archivio News<\/h2><\/div><\/div>[vc_empty_space height=&#8221;15px&#8221;]<style type=\"text\/css\" data-type=\"the7_shortcodes-inline-css\">.blog-shortcode.blog-masonry-shortcode-id-7da9e8afa9a0c0af2b53a4e3a6d79eae.dividers-on.classic-layout-list article {\n  margin-top: ;\n  padding-top: 0;\n  border-color: ;\n}\n.blog-shortcode.blog-masonry-shortcode-id-7da9e8afa9a0c0af2b53a4e3a6d79eae.dividers-on.classic-layout-list article:first-of-type {\n  margin-top: 0;\n  padding-top: 0;\n}\n.blog-shortcode.blog-masonry-shortcode-id-7da9e8afa9a0c0af2b53a4e3a6d79eae.classic-layout-list.mode-list .post-thumbnail-wrap {\n  width: ;\n}\n.blog-shortcode.blog-masonry-shortcode-id-7da9e8afa9a0c0af2b53a4e3a6d79eae.classic-layout-list.mode-list .post-entry-content {\n  width: calc(100% - );\n}\n.blog-shortcode.blog-masonry-shortcode-id-7da9e8afa9a0c0af2b53a4e3a6d79eae.classic-layout-list.mode-list .no-img .post-entry-content {\n  width: 100%;\n}\n.blog-shortcode.blog-masonry-shortcode-id-7da9e8afa9a0c0af2b53a4e3a6d79eae .filter-bg-decoration .filter-categories a.act {\n  color: #fff;\n}\n.blog-shortcode.blog-masonry-shortcode-id-7da9e8afa9a0c0af2b53a4e3a6d79eae:not(.mode-masonry) article {\n  margin-top: ;\n}\n.blog-shortcode.blog-masonry-shortcode-id-7da9e8afa9a0c0af2b53a4e3a6d79eae:not(.mode-masonry) article:first-of-type,\n.blog-shortcode.blog-masonry-shortcode-id-7da9e8afa9a0c0af2b53a4e3a6d79eae:not(.mode-masonry) article.visible.first:not(.product) {\n  margin-top: 0;\n}\n.blog-shortcode.blog-masonry-shortcode-id-7da9e8afa9a0c0af2b53a4e3a6d79eae.dividers-on:not(.mode-masonry) article {\n  margin-top: 0;\n  padding-top: ;\n}\n.blog-shortcode.blog-masonry-shortcode-id-7da9e8afa9a0c0af2b53a4e3a6d79eae.dividers-on:not(.mode-masonry) article:first-of-type,\n.blog-shortcode.blog-masonry-shortcode-id-7da9e8afa9a0c0af2b53a4e3a6d79eae.dividers-on:not(.mode-masonry) article.visible.first:not(.product) {\n  margin-top: 0;\n  padding-top: 0;\n}\n.blog-shortcode.blog-masonry-shortcode-id-7da9e8afa9a0c0af2b53a4e3a6d79eae .post-thumbnail-wrap {\n  padding: 0px 0px 0px 0px;\n}\n.blog-shortcode.blog-masonry-shortcode-id-7da9e8afa9a0c0af2b53a4e3a6d79eae.enable-bg-rollover .post-thumbnail-rollover:after {\n  background: ;\n  background: -webkit-linear-gradient();\n  background: linear-gradient();\n}\n.blog-shortcode.blog-masonry-shortcode-id-7da9e8afa9a0c0af2b53a4e3a6d79eae .gallery-zoom-ico {\n  width: 44px;\n  height: 44px;\n  line-height: 44px;\n  border-radius: 100px;\n  margin: -22px 0 0 -22px;\n  border-width: 0px;\n  color: #ffffff;\n}\n.bottom-overlap-layout-list.blog-shortcode.blog-masonry-shortcode-id-7da9e8afa9a0c0af2b53a4e3a6d79eae .gallery-zoom-ico {\n  margin-top: -72px;\n}\n.gradient-overlay-layout-list.blog-shortcode.blog-masonry-shortcode-id-7da9e8afa9a0c0af2b53a4e3a6d79eae .gallery-zoom-ico,\n.content-rollover-layout-list.blog-shortcode.blog-masonry-shortcode-id-7da9e8afa9a0c0af2b53a4e3a6d79eae .gallery-zoom-ico {\n  margin: 0 0 10px;\n}\n.content-align-center.gradient-overlay-layout-list.blog-shortcode.blog-masonry-shortcode-id-7da9e8afa9a0c0af2b53a4e3a6d79eae .gallery-zoom-ico,\n.content-align-center.content-rollover-layout-list.blog-shortcode.blog-masonry-shortcode-id-7da9e8afa9a0c0af2b53a4e3a6d79eae .gallery-zoom-ico {\n  margin: 0 auto 10px;\n}\n.dt-icon-bg-on.blog-shortcode.blog-masonry-shortcode-id-7da9e8afa9a0c0af2b53a4e3a6d79eae .gallery-zoom-ico {\n  background: rgba(255,255,255,0.3);\n  box-shadow: none;\n}\n.blog-shortcode.blog-masonry-shortcode-id-7da9e8afa9a0c0af2b53a4e3a6d79eae .gallery-zoom-ico > span,\n.blog-shortcode.blog-masonry-shortcode-id-7da9e8afa9a0c0af2b53a4e3a6d79eae .gallery-zoom-ico:before {\n  font-size: 32px;\n  line-height: 44px;\n}\n.blog-shortcode.blog-masonry-shortcode-id-7da9e8afa9a0c0af2b53a4e3a6d79eae .gallery-zoom-ico > span,\n.blog-shortcode.blog-masonry-shortcode-id-7da9e8afa9a0c0af2b53a4e3a6d79eae .gallery-zoom-ico:before {\n  color: #ffffff;\n}\n.blog-shortcode.blog-masonry-shortcode-id-7da9e8afa9a0c0af2b53a4e3a6d79eae .entry-title,\n.blog-shortcode.blog-masonry-shortcode-id-7da9e8afa9a0c0af2b53a4e3a6d79eae.owl-carousel .entry-title {\n  margin-bottom: 5px;\n  font-weight: bold;\n}\n.blog-shortcode.blog-masonry-shortcode-id-7da9e8afa9a0c0af2b53a4e3a6d79eae .entry-title a,\n.blog-shortcode.blog-masonry-shortcode-id-7da9e8afa9a0c0af2b53a4e3a6d79eae.owl-carousel .entry-title a {\n  color: #2f932d;\n}\n.blog-shortcode.blog-masonry-shortcode-id-7da9e8afa9a0c0af2b53a4e3a6d79eae .entry-meta {\n  margin-bottom: 15px;\n}\n.blog-shortcode.blog-masonry-shortcode-id-7da9e8afa9a0c0af2b53a4e3a6d79eae .portfolio-categories {\n  margin-bottom: 15px;\n}\n.blog-shortcode.blog-masonry-shortcode-id-7da9e8afa9a0c0af2b53a4e3a6d79eae .entry-excerpt {\n  margin-bottom: 5px;\n}\n.blog-shortcode.blog-masonry-shortcode-id-7da9e8afa9a0c0af2b53a4e3a6d79eae:not(.centered-layout-list) .post-entry-content {\n  padding: 1px 1px 1px 1px;\n}\n.blog-shortcode.blog-masonry-shortcode-id-7da9e8afa9a0c0af2b53a4e3a6d79eae:not(.centered-layout-list):not(.content-bg-on):not(.mode-list) .no-img .post-entry-content {\n  padding: 0;\n}\n.blog-shortcode.blog-masonry-shortcode-id-7da9e8afa9a0c0af2b53a4e3a6d79eae .post-details.details-type-link,\n.blog-shortcode.blog-masonry-shortcode-id-7da9e8afa9a0c0af2b53a4e3a6d79eae .post-details.details-type-link * {\n  color: #2f932d;\n}\n@media screen and (max-width: ) {\n  .blog-shortcode.blog-masonry-shortcode-id-7da9e8afa9a0c0af2b53a4e3a6d79eae article {\n    -ms-flex-flow: column nowrap;\n    flex-flow: column nowrap;\n    margin-top: 20px;\n  }\n  .blog-shortcode.blog-masonry-shortcode-id-7da9e8afa9a0c0af2b53a4e3a6d79eae.dividers-on article {\n    border: none;\n  }\n  .blog-shortcode.blog-masonry-shortcode-id-7da9e8afa9a0c0af2b53a4e3a6d79eae.content-bg-on.centered-layout-list article {\n    padding: 0;\n  }\n  .blog-shortcode.blog-masonry-shortcode-id-7da9e8afa9a0c0af2b53a4e3a6d79eae.blog-shortcode.dividers-on article,\n  .blog-shortcode.blog-masonry-shortcode-id-7da9e8afa9a0c0af2b53a4e3a6d79eae.dividers-on.classic-layout-list article {\n    margin-top: 20px;\n    padding: 0;\n  }\n  .blog-shortcode.blog-masonry-shortcode-id-7da9e8afa9a0c0af2b53a4e3a6d79eae.blog-shortcode.dividers-on article:first-of-type,\n  .blog-shortcode.blog-masonry-shortcode-id-7da9e8afa9a0c0af2b53a4e3a6d79eae.dividers-on.classic-layout-list article:first-of-type {\n    padding: 0;\n  }\n  #page .blog-shortcode.blog-masonry-shortcode-id-7da9e8afa9a0c0af2b53a4e3a6d79eae .post-thumbnail-wrap,\n  #page .blog-shortcode.blog-masonry-shortcode-id-7da9e8afa9a0c0af2b53a4e3a6d79eae .post-entry-content {\n    width: 100%;\n    margin: 0;\n    top: 0;\n  }\n  #page .blog-shortcode.blog-masonry-shortcode-id-7da9e8afa9a0c0af2b53a4e3a6d79eae .post-thumbnail-wrap {\n    padding: 0;\n  }\n  #page .blog-shortcode.blog-masonry-shortcode-id-7da9e8afa9a0c0af2b53a4e3a6d79eae .post-entry-content:after {\n    display: none;\n  }\n  #page .blog-shortcode.blog-masonry-shortcode-id-7da9e8afa9a0c0af2b53a4e3a6d79eae .project-even .post-thumbnail-wrap,\n  #page .blog-shortcode.blog-masonry-shortcode-id-7da9e8afa9a0c0af2b53a4e3a6d79eae.centered-layout-list .post-thumbnail-wrap {\n    -ms-flex-order: 0;\n    order: 0;\n  }\n  #page .blog-shortcode.blog-masonry-shortcode-id-7da9e8afa9a0c0af2b53a4e3a6d79eae.centered-layout-list .post-entry-title-content {\n    -ms-flex-order: 1;\n    order: 1;\n    width: 100%;\n    padding: 20px 20px 0;\n  }\n  #page .blog-shortcode.blog-masonry-shortcode-id-7da9e8afa9a0c0af2b53a4e3a6d79eae.centered-layout-list .post-entry-content {\n    -ms-flex-order: 2;\n    order: 2;\n    padding-top: 0;\n  }\n  #page .blog-shortcode.blog-masonry-shortcode-id-7da9e8afa9a0c0af2b53a4e3a6d79eae .fancy-categories {\n    top: 10px;\n    left: 10px;\n    bottom: auto;\n    right: auto;\n  }\n  #page .blog-shortcode.blog-masonry-shortcode-id-7da9e8afa9a0c0af2b53a4e3a6d79eae .fancy-date a {\n    top: 10px;\n    right: 10px;\n    left: auto;\n    bottom: auto;\n  }\n  #page .blog-shortcode.blog-masonry-shortcode-id-7da9e8afa9a0c0af2b53a4e3a6d79eae .post-entry-content {\n    padding: 20px;\n  }\n  #page .blog-shortcode.blog-masonry-shortcode-id-7da9e8afa9a0c0af2b53a4e3a6d79eae .entry-title {\n    margin: 3px 0 5px;\n    font-size: 20px;\n    line-height: 26px;\n  }\n  #page .blog-shortcode.blog-masonry-shortcode-id-7da9e8afa9a0c0af2b53a4e3a6d79eae .entry-meta {\n    margin: 5px 0 5px;\n  }\n  #page .blog-shortcode.blog-masonry-shortcode-id-7da9e8afa9a0c0af2b53a4e3a6d79eae .entry-excerpt {\n    margin: 15px 0 0;\n  }\n  #page .blog-shortcode.blog-masonry-shortcode-id-7da9e8afa9a0c0af2b53a4e3a6d79eae .post-details {\n    margin: 5px 0 10px;\n  }\n  #page .blog-shortcode.blog-masonry-shortcode-id-7da9e8afa9a0c0af2b53a4e3a6d79eae .post-details.details-type-link {\n    margin-bottom: 2px;\n  }\n}\n.blog-shortcode.blog-masonry-shortcode-id-7da9e8afa9a0c0af2b53a4e3a6d79eae:not(.resize-by-browser-width) .dt-css-grid {\n  grid-row-gap: 30px;\n  grid-column-gap: 30px;\n  grid-template-columns: repeat(auto-fill,minmax(,1fr));\n}\n.blog-shortcode.blog-masonry-shortcode-id-7da9e8afa9a0c0af2b53a4e3a6d79eae:not(.resize-by-browser-width) .dt-css-grid .double-width {\n  grid-column: span 2;\n}\n.cssgridlegacy.no-cssgrid .blog-shortcode.blog-masonry-shortcode-id-7da9e8afa9a0c0af2b53a4e3a6d79eae:not(.resize-by-browser-width) .dt-css-grid,\n.no-cssgridlegacy.no-cssgrid .blog-shortcode.blog-masonry-shortcode-id-7da9e8afa9a0c0af2b53a4e3a6d79eae:not(.resize-by-browser-width) .dt-css-grid {\n  display: flex;\n  flex-flow: row wrap;\n  margin: -15px;\n}\n.cssgridlegacy.no-cssgrid .blog-shortcode.blog-masonry-shortcode-id-7da9e8afa9a0c0af2b53a4e3a6d79eae:not(.resize-by-browser-width) .dt-css-grid .wf-cell,\n.no-cssgridlegacy.no-cssgrid .blog-shortcode.blog-masonry-shortcode-id-7da9e8afa9a0c0af2b53a4e3a6d79eae:not(.resize-by-browser-width) .dt-css-grid .wf-cell {\n  flex: 1 0 ;\n  min-width: ;\n  max-width: 100%;\n  padding: 15px;\n  box-sizing: border-box;\n}\n.blog-shortcode.blog-masonry-shortcode-id-7da9e8afa9a0c0af2b53a4e3a6d79eae.resize-by-browser-width .dt-css-grid {\n  grid-template-columns: repeat(3,1fr);\n  grid-template-rows: auto;\n  grid-column-gap: 30px;\n  grid-row-gap: 30px;\n}\n.blog-shortcode.blog-masonry-shortcode-id-7da9e8afa9a0c0af2b53a4e3a6d79eae.resize-by-browser-width .dt-css-grid .double-width {\n  grid-column: span 2;\n}\n.cssgridlegacy.no-cssgrid .blog-shortcode.blog-masonry-shortcode-id-7da9e8afa9a0c0af2b53a4e3a6d79eae.resize-by-browser-width .dt-css-grid {\n  margin: -15px;\n}\n.cssgridlegacy.no-cssgrid .blog-shortcode.blog-masonry-shortcode-id-7da9e8afa9a0c0af2b53a4e3a6d79eae.resize-by-browser-width .dt-css-grid .wf-cell {\n  width: 33.333333333333%;\n  padding: 15px;\n}\n.cssgridlegacy.no-cssgrid .blog-shortcode.blog-masonry-shortcode-id-7da9e8afa9a0c0af2b53a4e3a6d79eae.resize-by-browser-width .dt-css-grid .wf-cell.double-width {\n  width: calc(33.333333333333%) * 2;\n}\n.blog-shortcode.blog-masonry-shortcode-id-7da9e8afa9a0c0af2b53a4e3a6d79eae.resize-by-browser-width:not(.centered-layout-list):not(.content-bg-on) .dt-css-grid {\n  grid-row-gap: 29px;\n}\n@media screen and (max-width: 1199px) {\n  .blog-shortcode.blog-masonry-shortcode-id-7da9e8afa9a0c0af2b53a4e3a6d79eae.resize-by-browser-width .dt-css-grid {\n    grid-template-columns: repeat(3,1fr);\n  }\n  .cssgridlegacy.no-cssgrid .blog-shortcode.blog-masonry-shortcode-id-7da9e8afa9a0c0af2b53a4e3a6d79eae.resize-by-browser-width .dt-css-grid .wf-cell,\n  .no-cssgridlegacy.no-cssgrid .blog-shortcode.blog-masonry-shortcode-id-7da9e8afa9a0c0af2b53a4e3a6d79eae.resize-by-browser-width .dt-css-grid .wf-cell {\n    width: 33.333333333333%;\n  }\n  .cssgridlegacy.no-cssgrid .blog-shortcode.blog-masonry-shortcode-id-7da9e8afa9a0c0af2b53a4e3a6d79eae.resize-by-browser-width .dt-css-grid .wf-cell.double-width,\n  .no-cssgridlegacy.no-cssgrid .blog-shortcode.blog-masonry-shortcode-id-7da9e8afa9a0c0af2b53a4e3a6d79eae.resize-by-browser-width .dt-css-grid .wf-cell.double-width {\n    width: calc(33.333333333333%)*2;\n  }\n}\n@media screen and (max-width: 991px) {\n  .blog-shortcode.blog-masonry-shortcode-id-7da9e8afa9a0c0af2b53a4e3a6d79eae.resize-by-browser-width .dt-css-grid {\n    grid-template-columns: repeat(2,1fr);\n  }\n  .cssgridlegacy.no-cssgrid .blog-shortcode.blog-masonry-shortcode-id-7da9e8afa9a0c0af2b53a4e3a6d79eae.resize-by-browser-width .dt-css-grid .wf-cell,\n  .no-cssgridlegacy.no-cssgrid .blog-shortcode.blog-masonry-shortcode-id-7da9e8afa9a0c0af2b53a4e3a6d79eae.resize-by-browser-width .dt-css-grid .wf-cell {\n    width: 50%;\n  }\n  .cssgridlegacy.no-cssgrid .blog-shortcode.blog-masonry-shortcode-id-7da9e8afa9a0c0af2b53a4e3a6d79eae.resize-by-browser-width .dt-css-grid .wf-cell.double-width,\n  .no-cssgridlegacy.no-cssgrid .blog-shortcode.blog-masonry-shortcode-id-7da9e8afa9a0c0af2b53a4e3a6d79eae.resize-by-browser-width .dt-css-grid .wf-cell.double-width {\n    width: calc(50%)*2;\n  }\n}\n@media screen and (max-width: 767px) {\n  .blog-shortcode.blog-masonry-shortcode-id-7da9e8afa9a0c0af2b53a4e3a6d79eae.resize-by-browser-width .dt-css-grid {\n    grid-template-columns: repeat(1,1fr);\n  }\n  .cssgridlegacy.no-cssgrid .blog-shortcode.blog-masonry-shortcode-id-7da9e8afa9a0c0af2b53a4e3a6d79eae.resize-by-browser-width .dt-css-grid .wf-cell,\n  .no-cssgridlegacy.no-cssgrid .blog-shortcode.blog-masonry-shortcode-id-7da9e8afa9a0c0af2b53a4e3a6d79eae.resize-by-browser-width .dt-css-grid .wf-cell {\n    width: 100%;\n  }\n  .cssgridlegacy.no-cssgrid .blog-shortcode.blog-masonry-shortcode-id-7da9e8afa9a0c0af2b53a4e3a6d79eae.resize-by-browser-width .dt-css-grid .wf-cell.double-width,\n  .no-cssgridlegacy.no-cssgrid .blog-shortcode.blog-masonry-shortcode-id-7da9e8afa9a0c0af2b53a4e3a6d79eae.resize-by-browser-width .dt-css-grid .wf-cell.double-width {\n    width: calc(100%)*2;\n  }\n}\n<\/style><div class=\"blog-shortcode blog-masonry-shortcode-id-7da9e8afa9a0c0af2b53a4e3a6d79eae mode-grid classic-layout-list content-bg-on jquery-filter vertical-fancy-style scale-img meta-info-off dt-css-grid-wrap dt-icon-bg-off resize-by-browser-width loading-effect-none description-under-image \" data-padding=\"15px\" data-cur-page=\"1\" data-post-limit=\"-1\" data-pagination-mode=\"none\" data-desktop-columns-num=\"3\" data-v-tablet-columns-num=\"2\" data-h-tablet-columns-num=\"3\" data-phone-columns-num=\"1\" data-width=\"0px\" data-columns=\"0\"><div class=\"dt-css-grid\" ><div class=\"visible wf-cell\" data-post-id=\"2529\" data-date=\"2019-04-03T11:20:00+02:00\" data-name=\"Nuovi servizi per pazienti cronici\"><article class=\"post project-odd visible post-2529 type-post status-publish format-standard has-post-thumbnail hentry category-news-archivio category-150\" data-name=\"Nuovi servizi per pazienti cronici\" data-date=\"2019-04-03T11:20:00+02:00\">\n\n<div class=\"post-thumbnail-wrap\">\n\t<div class=\"post-thumbnail\">\n\t\t\n\t\t\n\t\t<a href=\"https:\/\/www.afm.fe.it\/?p=2529\" class=\"post-thumbnail-rollover layzr-bg layzr-bg\" ><img loading=\"lazy\" decoding=\"async\" class=\"iso-lazy-load preload-me iso-lazy-load\" src=\"data:image\/svg+xml,%3Csvg%20xmlns%3D&#39;http%3A%2F%2Fwww.w3.org%2F2000%2Fsvg&#39;%20viewBox%3D&#39;0%200%20768%20512&#39;%2F%3E\" data-src=\"https:\/\/www.afm.fe.it\/wp-content\/uploads\/2019\/04\/3113529-scaled-768x512.jpg\" data-srcset=\"https:\/\/www.afm.fe.it\/wp-content\/uploads\/2019\/04\/3113529-scaled-768x512.jpg 768w, https:\/\/www.afm.fe.it\/wp-content\/uploads\/2019\/04\/3113529-scaled-1152x768.jpg 1152w\" alt=\"\" title=\"3113529\" width=\"768\" height=\"512\"  \/><\/a>\t<\/div>\n<\/div>\n\n\n<div class=\"post-entry-content\">\n\n\t<h3 class=\"entry-title\">\n\t\t<a href=\"https:\/\/www.afm.fe.it\/?p=2529\" title=\"Nuovi servizi per pazienti cronici\" rel=\"bookmark\">Nuovi servizi per pazienti cronici<\/a>\n\t<\/h3>\n\n\t\n\t<div class=\"entry-excerpt\"><p>[vc_row][vc_column][vc_column_text] Nuovi servizi per pazienti cronici [\/vc_column_text][\/vc_column][\/vc_row][vc_row][vc_column][vc_btn title=&#8221;Scarica il bilancio di mandato&#8221; style=&#8221;custom&#8221; custom_background=&#8221;#438e51&#8243; custom_text=&#8221;#ffffff&#8221; link=&#8221;url:https%3A%2F%2Fwww.afm.fe.it%2Fwp-content%2Fuploads%2F2020%2F12%2Fbilancio_mandato_light_web-1.pdf&#8221;][\/vc_column][\/vc_row]<\/p>\n<\/div>\n\t<a href=\"https:\/\/www.afm.fe.it\/?p=2529\" class=\"post-details details-type-link\" rel=\"nofollow\">Scopri di pi\u00f9<i class=\"dt-icon-the7-arrow-03\" aria-hidden=\"true\"><\/i><\/a>\n<\/div><\/article><\/div><div class=\"visible wf-cell\" data-post-id=\"2537\" data-date=\"2019-03-18T11:38:22+01:00\" data-name=\"Accordo con Ferrara Arte-mostra \u201cBoldini e la moda\u201d\"><article class=\"post project-odd visible post-2537 type-post status-publish format-standard has-post-thumbnail hentry category-news-archivio category-150\" data-name=\"Accordo con Ferrara Arte-mostra \u201cBoldini e la moda\u201d\" data-date=\"2019-03-18T11:38:22+01:00\">\n\n<div class=\"post-thumbnail-wrap\">\n\t<div class=\"post-thumbnail\">\n\t\t\n\t\t\n\t\t<a href=\"https:\/\/www.afm.fe.it\/?p=2537\" class=\"post-thumbnail-rollover layzr-bg layzr-bg\" ><img loading=\"lazy\" decoding=\"async\" class=\"iso-lazy-load preload-me iso-lazy-load\" src=\"data:image\/svg+xml,%3Csvg%20xmlns%3D&#39;http%3A%2F%2Fwww.w3.org%2F2000%2Fsvg&#39;%20viewBox%3D&#39;0%200%20768%20512&#39;%2F%3E\" data-src=\"https:\/\/www.afm.fe.it\/wp-content\/uploads\/2020\/03\/Blogging-Tips-LinkedIn-Post-Header-1-768x512.png\" data-srcset=\"https:\/\/www.afm.fe.it\/wp-content\/uploads\/2020\/03\/Blogging-Tips-LinkedIn-Post-Header-1-768x512.png 768w, https:\/\/www.afm.fe.it\/wp-content\/uploads\/2020\/03\/Blogging-Tips-LinkedIn-Post-Header-1-1152x768.png 1152w\" alt=\"\" title=\"Blogging Tips LinkedIn Post Header (1)\" width=\"768\" height=\"512\"  \/><\/a>\t<\/div>\n<\/div>\n\n\n<div class=\"post-entry-content\">\n\n\t<h3 class=\"entry-title\">\n\t\t<a href=\"https:\/\/www.afm.fe.it\/?p=2537\" title=\"Accordo con Ferrara Arte-mostra \u201cBoldini e la moda\u201d\" rel=\"bookmark\">Accordo con Ferrara Arte-mostra \u201cBoldini e la moda\u201d<\/a>\n\t<\/h3>\n\n\t\n\t<div class=\"entry-excerpt\"><p>[vc_row][vc_column][vc_empty_space height=&#8221;15px&#8221;][vc_column_text]Grazie all\u2019accordo tra\u00a0Ferrara Arte\u00a0e\u00a0A.F.M vai alla mostra con lo sconto: con Farmamica, la carta fedelt\u00e0 AFM\u00a0entri alla mostra \u201c Boldini e la moda\u201d\u00a0con \u20ac11,00 anzich\u00e9 \u20ac13,00 &nbsp;[\/vc_column_text][vc_empty_space height=&#8221;15px&#8221;][\/vc_column][\/vc_row][vc_row][vc_column][vc_empty_space height=&#8221;15px&#8221;][\/vc_column][\/vc_row]<\/p>\n<\/div>\n\t<a href=\"https:\/\/www.afm.fe.it\/?p=2537\" class=\"post-details details-type-link\" rel=\"nofollow\">Scopri di pi\u00f9<i class=\"dt-icon-the7-arrow-03\" aria-hidden=\"true\"><\/i><\/a>\n<\/div><\/article><\/div><div class=\"visible wf-cell\" data-post-id=\"2541\" data-date=\"2019-03-05T11:41:00+01:00\" data-name=\"Alimentazione e stili di vita\"><article class=\"post project-odd visible post-2541 type-post status-publish format-standard has-post-thumbnail hentry category-news-archivio category-150\" data-name=\"Alimentazione e stili di vita\" data-date=\"2019-03-05T11:41:00+01:00\">\n\n<div class=\"post-thumbnail-wrap\">\n\t<div class=\"post-thumbnail\">\n\t\t\n\t\t\n\t\t<a href=\"https:\/\/www.afm.fe.it\/?p=2541\" class=\"post-thumbnail-rollover layzr-bg layzr-bg\" ><img loading=\"lazy\" decoding=\"async\" class=\"iso-lazy-load preload-me iso-lazy-load\" src=\"data:image\/svg+xml,%3Csvg%20xmlns%3D&#39;http%3A%2F%2Fwww.w3.org%2F2000%2Fsvg&#39;%20viewBox%3D&#39;0%200%20768%20512&#39;%2F%3E\" data-src=\"https:\/\/www.afm.fe.it\/wp-content\/uploads\/2019\/03\/9793-scaled-768x512.jpg\" data-srcset=\"https:\/\/www.afm.fe.it\/wp-content\/uploads\/2019\/03\/9793-scaled-768x512.jpg 768w, https:\/\/www.afm.fe.it\/wp-content\/uploads\/2019\/03\/9793-scaled-1152x768.jpg 1152w\" alt=\"\" title=\"Mother and daughter cooking at the kitchen\" width=\"768\" height=\"512\"  \/><\/a>\t<\/div>\n<\/div>\n\n\n<div class=\"post-entry-content\">\n\n\t<h3 class=\"entry-title\">\n\t\t<a href=\"https:\/\/www.afm.fe.it\/?p=2541\" title=\"Alimentazione e stili di vita\" rel=\"bookmark\">Alimentazione e stili di vita<\/a>\n\t<\/h3>\n\n\t\n\t<div class=\"entry-excerpt\"><p>[vc_row][vc_column][vc_column_text] Alimentazione e stili di vita AFM con la Dott.ssa\u00a0Monica Bellettati\u00a0partecipa anche quest\u2019anno al progetto scolastico di educazione alimentare. Nelle giornate di luned\u00ec 4 e marted\u00ec 5 marzo la nostra&hellip;<\/p>\n<\/div>\n\t<a href=\"https:\/\/www.afm.fe.it\/?p=2541\" class=\"post-details details-type-link\" rel=\"nofollow\">Scopri di pi\u00f9<i class=\"dt-icon-the7-arrow-03\" aria-hidden=\"true\"><\/i><\/a>\n<\/div><\/article><\/div><div class=\"visible wf-cell\" data-post-id=\"2546\" data-date=\"2019-03-04T11:56:25+01:00\" data-name=\"Emergenza per molti presidi rurali\"><article class=\"post project-odd visible post-2546 type-post status-publish format-standard has-post-thumbnail hentry category-news-archivio category-150\" data-name=\"Emergenza per molti presidi rurali\" data-date=\"2019-03-04T11:56:25+01:00\">\n\n<div class=\"post-thumbnail-wrap\">\n\t<div class=\"post-thumbnail\">\n\t\t\n\t\t\n\t\t<a href=\"https:\/\/www.afm.fe.it\/?p=2546\" class=\"post-thumbnail-rollover layzr-bg layzr-bg\" ><img loading=\"lazy\" decoding=\"async\" class=\"iso-lazy-load preload-me iso-lazy-load\" src=\"data:image\/svg+xml,%3Csvg%20xmlns%3D&#39;http%3A%2F%2Fwww.w3.org%2F2000%2Fsvg&#39;%20viewBox%3D&#39;0%200%20768%20512&#39;%2F%3E\" data-src=\"https:\/\/www.afm.fe.it\/wp-content\/uploads\/2018\/11\/logo_afm_lavoraconnoi2-768x512.png\" data-srcset=\"https:\/\/www.afm.fe.it\/wp-content\/uploads\/2018\/11\/logo_afm_lavoraconnoi2-768x512.png 768w, https:\/\/www.afm.fe.it\/wp-content\/uploads\/2018\/11\/logo_afm_lavoraconnoi2.png 1000w\" alt=\"\" title=\"logo_afm_lavoraconnoi2\" width=\"768\" height=\"512\"  \/><\/a>\t<\/div>\n<\/div>\n\n\n<div class=\"post-entry-content\">\n\n\t<h3 class=\"entry-title\">\n\t\t<a href=\"https:\/\/www.afm.fe.it\/?p=2546\" title=\"Emergenza per molti presidi rurali\" rel=\"bookmark\">Emergenza per molti presidi rurali<\/a>\n\t<\/h3>\n\n\t\n\t<div class=\"entry-excerpt\"><p>[vc_row css=&#8221;.vc_custom_1603186787597{margin-top: -50px !important;}&#8221;][vc_column][vc_column_text] Emergenza per molti presidi rurali Farmacie di paese, rischio chiusure. Ferrara, 3 marzo 2019 \u2013\u00a0Sono 114 le farmacie private del ferrarese e 67 di queste sono&hellip;<\/p>\n<\/div>\n\t<a href=\"https:\/\/www.afm.fe.it\/?p=2546\" class=\"post-details details-type-link\" rel=\"nofollow\">Scopri di pi\u00f9<i class=\"dt-icon-the7-arrow-03\" aria-hidden=\"true\"><\/i><\/a>\n<\/div><\/article><\/div><div class=\"visible wf-cell\" data-post-id=\"2551\" data-date=\"2019-02-14T12:32:00+01:00\" data-name=\"Arrestati i rapinatori\"><article class=\"post project-odd visible post-2551 type-post status-publish format-standard has-post-thumbnail hentry category-news-archivio category-150\" data-name=\"Arrestati i rapinatori\" data-date=\"2019-02-14T12:32:00+01:00\">\n\n<div class=\"post-thumbnail-wrap\">\n\t<div class=\"post-thumbnail\">\n\t\t\n\t\t\n\t\t<a href=\"https:\/\/www.afm.fe.it\/?p=2551\" class=\"post-thumbnail-rollover layzr-bg layzr-bg\" ><img loading=\"lazy\" decoding=\"async\" class=\"iso-lazy-load preload-me iso-lazy-load\" src=\"data:image\/svg+xml,%3Csvg%20xmlns%3D&#39;http%3A%2F%2Fwww.w3.org%2F2000%2Fsvg&#39;%20viewBox%3D&#39;0%200%20768%20512&#39;%2F%3E\" data-src=\"https:\/\/www.afm.fe.it\/wp-content\/uploads\/2019\/01\/padlock-597495_1920-768x512.jpg\" data-srcset=\"https:\/\/www.afm.fe.it\/wp-content\/uploads\/2019\/01\/padlock-597495_1920-768x512.jpg 768w, https:\/\/www.afm.fe.it\/wp-content\/uploads\/2019\/01\/padlock-597495_1920-1152x768.jpg 1152w\" alt=\"\" title=\"padlock-597495_1920\" width=\"768\" height=\"512\"  \/><\/a>\t<\/div>\n<\/div>\n\n\n<div class=\"post-entry-content\">\n\n\t<h3 class=\"entry-title\">\n\t\t<a href=\"https:\/\/www.afm.fe.it\/?p=2551\" title=\"Arrestati i rapinatori\" rel=\"bookmark\">Arrestati i rapinatori<\/a>\n\t<\/h3>\n\n\t\n\t<div class=\"entry-excerpt\"><p>[vc_row css=&#8221;.vc_custom_1603186600341{margin-top: -30px !important;}&#8221;][vc_column][vc_column_text] Arrestati i rapinatori Arrestati i rapinatori della Farmacia n.11\u00a0Pontegradella. Afm ringrazia le forze dell\u2019ordine in particolare l\u2019arma dei\u00a0Carabinieri\u00a0per il lavoro svolto che ha portato all\u2019arresto dei&hellip;<\/p>\n<\/div>\n\t<a href=\"https:\/\/www.afm.fe.it\/?p=2551\" class=\"post-details details-type-link\" rel=\"nofollow\">Scopri di pi\u00f9<i class=\"dt-icon-the7-arrow-03\" aria-hidden=\"true\"><\/i><\/a>\n<\/div><\/article><\/div><div class=\"visible wf-cell\" data-post-id=\"2557\" data-date=\"2019-01-16T12:34:00+01:00\" data-name=\"Incontro sicurezza\"><article class=\"post project-odd visible post-2557 type-post status-publish format-standard has-post-thumbnail hentry category-news-archivio category-150\" data-name=\"Incontro sicurezza\" data-date=\"2019-01-16T12:34:00+01:00\">\n\n<div class=\"post-thumbnail-wrap\">\n\t<div class=\"post-thumbnail\">\n\t\t\n\t\t\n\t\t<a href=\"https:\/\/www.afm.fe.it\/?p=2557\" class=\"post-thumbnail-rollover layzr-bg layzr-bg\" ><img loading=\"lazy\" decoding=\"async\" class=\"iso-lazy-load preload-me iso-lazy-load\" src=\"data:image\/svg+xml,%3Csvg%20xmlns%3D&#39;http%3A%2F%2Fwww.w3.org%2F2000%2Fsvg&#39;%20viewBox%3D&#39;0%200%20768%20512&#39;%2F%3E\" data-src=\"https:\/\/www.afm.fe.it\/wp-content\/uploads\/2018\/11\/logo_afm_lavoraconnoi2-768x512.png\" data-srcset=\"https:\/\/www.afm.fe.it\/wp-content\/uploads\/2018\/11\/logo_afm_lavoraconnoi2-768x512.png 768w, https:\/\/www.afm.fe.it\/wp-content\/uploads\/2018\/11\/logo_afm_lavoraconnoi2.png 1000w\" alt=\"\" title=\"logo_afm_lavoraconnoi2\" width=\"768\" height=\"512\"  \/><\/a>\t<\/div>\n<\/div>\n\n\n<div class=\"post-entry-content\">\n\n\t<h3 class=\"entry-title\">\n\t\t<a href=\"https:\/\/www.afm.fe.it\/?p=2557\" title=\"Incontro sicurezza\" rel=\"bookmark\">Incontro sicurezza<\/a>\n\t<\/h3>\n\n\t\n\t<div class=\"entry-excerpt\"><p>[vc_row css=&#8221;.vc_custom_1603186334327{margin-top: -50px !important;}&#8221;][vc_column][vc_empty_space height=&#8221;15px&#8221;][vc_column_text] La nostra sicurezza. Rapine in Farmacia, i consigli. Pubblichiamo\u00a0l\u2019articolo\u00a0apparso sulla stampa locale, dell\u2019incontro sulla sicurezza avvenuto ieri presso la nostra sede, il testo \u00e8 stato&hellip;<\/p>\n<\/div>\n\t<a href=\"https:\/\/www.afm.fe.it\/?p=2557\" class=\"post-details details-type-link\" rel=\"nofollow\">Scopri di pi\u00f9<i class=\"dt-icon-the7-arrow-03\" aria-hidden=\"true\"><\/i><\/a>\n<\/div><\/article><\/div><div class=\"visible wf-cell\" data-post-id=\"2566\" data-date=\"2019-01-14T13:04:00+01:00\" data-name=\"Linea urbana 9 prolungata\"><article class=\"post project-odd visible post-2566 type-post status-publish format-standard has-post-thumbnail hentry category-news-archivio category-150\" data-name=\"Linea urbana 9 prolungata\" data-date=\"2019-01-14T13:04:00+01:00\">\n\n<div class=\"post-thumbnail-wrap\">\n\t<div class=\"post-thumbnail\">\n\t\t\n\t\t\n\t\t<a href=\"https:\/\/www.afm.fe.it\/?p=2566\" class=\"post-thumbnail-rollover layzr-bg layzr-bg\" ><img loading=\"lazy\" decoding=\"async\" class=\"iso-lazy-load preload-me iso-lazy-load\" src=\"data:image\/svg+xml,%3Csvg%20xmlns%3D&#39;http%3A%2F%2Fwww.w3.org%2F2000%2Fsvg&#39;%20viewBox%3D&#39;0%200%20768%20512&#39;%2F%3E\" data-src=\"https:\/\/www.afm.fe.it\/wp-content\/uploads\/2020\/02\/bus-stop-384617_1920-768x512.jpg\" data-srcset=\"https:\/\/www.afm.fe.it\/wp-content\/uploads\/2020\/02\/bus-stop-384617_1920-768x512.jpg 768w, https:\/\/www.afm.fe.it\/wp-content\/uploads\/2020\/02\/bus-stop-384617_1920-1152x768.jpg 1152w\" alt=\"\" title=\"bus-stop-384617_1920\" width=\"768\" height=\"512\"  \/><\/a>\t<\/div>\n<\/div>\n\n\n<div class=\"post-entry-content\">\n\n\t<h3 class=\"entry-title\">\n\t\t<a href=\"https:\/\/www.afm.fe.it\/?p=2566\" title=\"Linea urbana 9 prolungata\" rel=\"bookmark\">Linea urbana 9 prolungata<\/a>\n\t<\/h3>\n\n\t\n\t<div class=\"entry-excerpt\"><p>[vc_row][vc_column][vc_column_text] Dal 14 gennaio, la linea urbana 9 \u00e8 stata prolungata spostando il capolinea a Boara, con fermata a Pontegradella di fronte alla nostra Farmacia. Un risultato per i cittadini&hellip;<\/p>\n<\/div>\n\t<a href=\"https:\/\/www.afm.fe.it\/?p=2566\" class=\"post-details details-type-link\" rel=\"nofollow\">Scopri di pi\u00f9<i class=\"dt-icon-the7-arrow-03\" aria-hidden=\"true\"><\/i><\/a>\n<\/div><\/article><\/div><div class=\"visible wf-cell\" data-post-id=\"2574\" data-date=\"2018-12-02T13:08:00+01:00\" data-name=\"Campagna Antinfluenzale 2018\/2019\"><article class=\"post project-odd visible post-2574 type-post status-publish format-standard has-post-thumbnail hentry category-news-archivio category-150\" data-name=\"Campagna Antinfluenzale 2018\/2019\" data-date=\"2018-12-02T13:08:00+01:00\">\n\n<div class=\"post-thumbnail-wrap\">\n\t<div class=\"post-thumbnail\">\n\t\t\n\t\t\n\t\t<a href=\"https:\/\/www.afm.fe.it\/?p=2574\" class=\"post-thumbnail-rollover layzr-bg layzr-bg\" ><img loading=\"lazy\" decoding=\"async\" class=\"iso-lazy-load preload-me iso-lazy-load\" src=\"data:image\/svg+xml,%3Csvg%20xmlns%3D&#39;http%3A%2F%2Fwww.w3.org%2F2000%2Fsvg&#39;%20viewBox%3D&#39;0%200%20768%20512&#39;%2F%3E\" data-src=\"https:\/\/www.afm.fe.it\/wp-content\/uploads\/2020\/02\/vaccination-2722937_1920-768x512.jpg\" data-srcset=\"https:\/\/www.afm.fe.it\/wp-content\/uploads\/2020\/02\/vaccination-2722937_1920-768x512.jpg 768w, https:\/\/www.afm.fe.it\/wp-content\/uploads\/2020\/02\/vaccination-2722937_1920-1152x768.jpg 1152w\" alt=\"\" title=\"vaccination-2722937_1920\" width=\"768\" height=\"512\"  \/><\/a>\t<\/div>\n<\/div>\n\n\n<div class=\"post-entry-content\">\n\n\t<h3 class=\"entry-title\">\n\t\t<a href=\"https:\/\/www.afm.fe.it\/?p=2574\" title=\"Campagna Antinfluenzale 2018\/2019\" rel=\"bookmark\">Campagna Antinfluenzale 2018\/2019<\/a>\n\t<\/h3>\n\n\t\n\t<div class=\"entry-excerpt\"><p>[vc_row][vc_column][vc_column_text] CAMPAGNA ANTINFULENZALE VACCINO ? s\u00ec, senza dubbio Tetravalente, nuove forniture. L\u2019antiinfluenzale \u00e8 di nuovo disponibile. Si \u00e8 ancora in tempo a vaccinarsi: il picco influenzale si registrer\u00e0 in coincidenza&hellip;<\/p>\n<\/div>\n\t<a href=\"https:\/\/www.afm.fe.it\/?p=2574\" class=\"post-details details-type-link\" rel=\"nofollow\">Scopri di pi\u00f9<i class=\"dt-icon-the7-arrow-03\" aria-hidden=\"true\"><\/i><\/a>\n<\/div><\/article><\/div><div class=\"visible wf-cell\" data-post-id=\"2578\" data-date=\"2018-11-20T13:11:00+01:00\" data-name=\"Conferenza stampa presentazione Giornata mondiale AIDS\"><article class=\"post project-odd visible post-2578 type-post status-publish format-standard has-post-thumbnail hentry category-news-archivio category-150\" data-name=\"Conferenza stampa presentazione Giornata mondiale AIDS\" data-date=\"2018-11-20T13:11:00+01:00\">\n\n<div class=\"post-thumbnail-wrap\">\n\t<div class=\"post-thumbnail\">\n\t\t\n\t\t\n\t\t<a href=\"https:\/\/www.afm.fe.it\/?p=2578\" class=\"post-thumbnail-rollover layzr-bg layzr-bg\" ><img loading=\"lazy\" decoding=\"async\" class=\"iso-lazy-load preload-me iso-lazy-load\" src=\"data:image\/svg+xml,%3Csvg%20xmlns%3D&#39;http%3A%2F%2Fwww.w3.org%2F2000%2Fsvg&#39;%20viewBox%3D&#39;0%200%20768%20512&#39;%2F%3E\" data-src=\"https:\/\/www.afm.fe.it\/wp-content\/uploads\/2020\/02\/world-aids-day-3176796_1280-768x512.png\" data-srcset=\"https:\/\/www.afm.fe.it\/wp-content\/uploads\/2020\/02\/world-aids-day-3176796_1280-768x512.png 768w, https:\/\/www.afm.fe.it\/wp-content\/uploads\/2020\/02\/world-aids-day-3176796_1280-915x610.png 915w\" alt=\"\" title=\"world-aids-day-3176796_1280\" width=\"768\" height=\"512\"  \/><\/a>\t<\/div>\n<\/div>\n\n\n<div class=\"post-entry-content\">\n\n\t<h3 class=\"entry-title\">\n\t\t<a href=\"https:\/\/www.afm.fe.it\/?p=2578\" title=\"Conferenza stampa presentazione Giornata mondiale AIDS\" rel=\"bookmark\">Conferenza stampa presentazione Giornata mondiale AIDS<\/a>\n\t<\/h3>\n\n\t\n\t<div class=\"entry-excerpt\"><p>[vc_row][vc_column][vc_column_text] 1 Dicembre \u2013 Giornata Mondiale contro l\u2019AIDS HIV \u2013 Proteggiamoci dal\u00a0 virus e dallo stigma. Siamo tutti coinvolti Il 1 dicembre ricorre la Giornata Mondiale per la lotta contro&hellip;<\/p>\n<\/div>\n\t<a href=\"https:\/\/www.afm.fe.it\/?p=2578\" class=\"post-details details-type-link\" rel=\"nofollow\">Scopri di pi\u00f9<i class=\"dt-icon-the7-arrow-03\" aria-hidden=\"true\"><\/i><\/a>\n<\/div><\/article><\/div><div class=\"visible wf-cell\" data-post-id=\"2583\" data-date=\"2018-11-14T13:23:00+01:00\" data-name=\"FORZA SPAL\"><article class=\"post project-odd visible post-2583 type-post status-publish format-standard has-post-thumbnail hentry category-news-archivio category-150\" data-name=\"FORZA SPAL\" data-date=\"2018-11-14T13:23:00+01:00\">\n\n<div class=\"post-thumbnail-wrap\">\n\t<div class=\"post-thumbnail\">\n\t\t\n\t\t\n\t\t<a href=\"https:\/\/www.afm.fe.it\/?p=2583\" class=\"post-thumbnail-rollover layzr-bg layzr-bg\" ><img loading=\"lazy\" decoding=\"async\" class=\"iso-lazy-load preload-me iso-lazy-load\" src=\"data:image\/svg+xml,%3Csvg%20xmlns%3D&#39;http%3A%2F%2Fwww.w3.org%2F2000%2Fsvg&#39;%20viewBox%3D&#39;0%200%20768%20512&#39;%2F%3E\" data-src=\"https:\/\/www.afm.fe.it\/wp-content\/uploads\/2020\/02\/football-3562741_1920-768x512.jpg\" data-srcset=\"https:\/\/www.afm.fe.it\/wp-content\/uploads\/2020\/02\/football-3562741_1920-768x512.jpg 768w, https:\/\/www.afm.fe.it\/wp-content\/uploads\/2020\/02\/football-3562741_1920-1152x768.jpg 1152w\" alt=\"\" title=\"football-3562741_1920\" width=\"768\" height=\"512\"  \/><\/a>\t<\/div>\n<\/div>\n\n\n<div class=\"post-entry-content\">\n\n\t<h3 class=\"entry-title\">\n\t\t<a href=\"https:\/\/www.afm.fe.it\/?p=2583\" title=\"FORZA SPAL\" rel=\"bookmark\">FORZA SPAL<\/a>\n\t<\/h3>\n\n\t\n\t<div class=\"entry-excerpt\"><p>[vc_row][vc_column][vc_column_text] LA FARMACIA DEL BARCO\u00a0 DIVENTA FARMACIA SPAL Dal precedente al nuovo direttore, Dott. Mauro Pivanti, continua la passione biancoazzurra alla Farmacia Comunale n.7 del Barco. Sono per\u00f2 rinnovati i&hellip;<\/p>\n<\/div>\n\t<a href=\"https:\/\/www.afm.fe.it\/?p=2583\" class=\"post-details details-type-link\" rel=\"nofollow\">Scopri di pi\u00f9<i class=\"dt-icon-the7-arrow-03\" aria-hidden=\"true\"><\/i><\/a>\n<\/div><\/article><\/div><div class=\"visible wf-cell\" data-post-id=\"2591\" data-date=\"2018-11-07T13:34:32+01:00\" data-name=\"Comunicazione ASSOFARM\"><article class=\"post project-odd visible post-2591 type-post status-publish format-standard has-post-thumbnail hentry category-news-archivio category-150\" data-name=\"Comunicazione ASSOFARM\" data-date=\"2018-11-07T13:34:32+01:00\">\n\n<div class=\"post-thumbnail-wrap\">\n\t<div class=\"post-thumbnail\">\n\t\t\n\t\t\n\t\t<a href=\"https:\/\/www.afm.fe.it\/?p=2591\" class=\"post-thumbnail-rollover layzr-bg layzr-bg\" ><img loading=\"lazy\" decoding=\"async\" class=\"iso-lazy-load preload-me iso-lazy-load\" src=\"data:image\/svg+xml,%3Csvg%20xmlns%3D&#39;http%3A%2F%2Fwww.w3.org%2F2000%2Fsvg&#39;%20viewBox%3D&#39;0%200%20768%20512&#39;%2F%3E\" data-src=\"https:\/\/www.afm.fe.it\/wp-content\/uploads\/2018\/11\/logo_afm_lavoraconnoi2-768x512.png\" data-srcset=\"https:\/\/www.afm.fe.it\/wp-content\/uploads\/2018\/11\/logo_afm_lavoraconnoi2-768x512.png 768w, https:\/\/www.afm.fe.it\/wp-content\/uploads\/2018\/11\/logo_afm_lavoraconnoi2.png 1000w\" alt=\"\" title=\"logo_afm_lavoraconnoi2\" width=\"768\" height=\"512\"  \/><\/a>\t<\/div>\n<\/div>\n\n\n<div class=\"post-entry-content\">\n\n\t<h3 class=\"entry-title\">\n\t\t<a href=\"https:\/\/www.afm.fe.it\/?p=2591\" title=\"Comunicazione ASSOFARM\" rel=\"bookmark\">Comunicazione ASSOFARM<\/a>\n\t<\/h3>\n\n\t\n\t<div class=\"entry-excerpt\"><p>[vc_row][vc_column][vc_column_text] &nbsp; [\/vc_column_text][vc_empty_space height=&#8221;15px&#8221;][\/vc_column][\/vc_row]<\/p>\n<\/div>\n\t<a href=\"https:\/\/www.afm.fe.it\/?p=2591\" class=\"post-details details-type-link\" rel=\"nofollow\">Scopri di pi\u00f9<i class=\"dt-icon-the7-arrow-03\" aria-hidden=\"true\"><\/i><\/a>\n<\/div><\/article><\/div><div class=\"visible wf-cell\" data-post-id=\"2588\" data-date=\"2018-11-07T13:31:19+01:00\" data-name=\"Campagna Antinfluenzale 2018\/2019\"><article class=\"post project-odd visible post-2588 type-post status-publish format-standard has-post-thumbnail hentry category-news-archivio category-150\" data-name=\"Campagna Antinfluenzale 2018\/2019\" data-date=\"2018-11-07T13:31:19+01:00\">\n\n<div class=\"post-thumbnail-wrap\">\n\t<div class=\"post-thumbnail\">\n\t\t\n\t\t\n\t\t<a href=\"https:\/\/www.afm.fe.it\/?p=2588\" class=\"post-thumbnail-rollover layzr-bg layzr-bg\" ><img loading=\"lazy\" decoding=\"async\" class=\"iso-lazy-load preload-me iso-lazy-load\" src=\"data:image\/svg+xml,%3Csvg%20xmlns%3D&#39;http%3A%2F%2Fwww.w3.org%2F2000%2Fsvg&#39;%20viewBox%3D&#39;0%200%20768%20512&#39;%2F%3E\" data-src=\"https:\/\/www.afm.fe.it\/wp-content\/uploads\/2020\/02\/vaccination-1215279_1920-768x512.jpg\" data-srcset=\"https:\/\/www.afm.fe.it\/wp-content\/uploads\/2020\/02\/vaccination-1215279_1920-768x512.jpg 768w, https:\/\/www.afm.fe.it\/wp-content\/uploads\/2020\/02\/vaccination-1215279_1920-1152x768.jpg 1152w\" alt=\"\" title=\"vaccination-1215279_1920\" width=\"768\" height=\"512\"  \/><\/a>\t<\/div>\n<\/div>\n\n\n<div class=\"post-entry-content\">\n\n\t<h3 class=\"entry-title\">\n\t\t<a href=\"https:\/\/www.afm.fe.it\/?p=2588\" title=\"Campagna Antinfluenzale 2018\/2019\" rel=\"bookmark\">Campagna Antinfluenzale 2018\/2019<\/a>\n\t<\/h3>\n\n\t\n\t<div class=\"entry-excerpt\"><p>[vc_row][vc_column][vc_column_text] VACCINO ? s\u00ec, senza dubbio I virus influenzali circolano liberamente incuranti di dazi, barriere doganali e muri contro i migranti. Si stima che in tutto il mondo ogni anno&hellip;<\/p>\n<\/div>\n\t<a href=\"https:\/\/www.afm.fe.it\/?p=2588\" class=\"post-details details-type-link\" rel=\"nofollow\">Scopri di pi\u00f9<i class=\"dt-icon-the7-arrow-03\" aria-hidden=\"true\"><\/i><\/a>\n<\/div><\/article><\/div><div class=\"visible wf-cell\" data-post-id=\"2603\" data-date=\"2018-10-29T14:13:00+01:00\" data-name=\"Antr e Unit\u00e0 Operativa di Nefrologia di Ferrara\"><article class=\"post project-odd visible post-2603 type-post status-publish format-standard has-post-thumbnail hentry category-news-archivio category-150\" data-name=\"Antr e Unit\u00e0 Operativa di Nefrologia di Ferrara\" data-date=\"2018-10-29T14:13:00+01:00\">\n\n<div class=\"post-thumbnail-wrap\">\n\t<div class=\"post-thumbnail\">\n\t\t\n\t\t\n\t\t<a href=\"https:\/\/www.afm.fe.it\/?p=2603\" class=\"post-thumbnail-rollover layzr-bg layzr-bg\" ><img loading=\"lazy\" decoding=\"async\" class=\"iso-lazy-load preload-me iso-lazy-load\" src=\"data:image\/svg+xml,%3Csvg%20xmlns%3D&#39;http%3A%2F%2Fwww.w3.org%2F2000%2Fsvg&#39;%20viewBox%3D&#39;0%200%20768%20512&#39;%2F%3E\" data-src=\"https:\/\/www.afm.fe.it\/wp-content\/uploads\/2020\/02\/pink-1745886_1280-768x512.png\" data-srcset=\"https:\/\/www.afm.fe.it\/wp-content\/uploads\/2020\/02\/pink-1745886_1280-768x512.png 768w, https:\/\/www.afm.fe.it\/wp-content\/uploads\/2020\/02\/pink-1745886_1280-1152x768.png 1152w\" alt=\"\" title=\"pink-1745886_1280\" width=\"768\" height=\"512\"  \/><\/a>\t<\/div>\n<\/div>\n\n\n<div class=\"post-entry-content\">\n\n\t<h3 class=\"entry-title\">\n\t\t<a href=\"https:\/\/www.afm.fe.it\/?p=2603\" title=\"Antr e Unit\u00e0 Operativa di Nefrologia di Ferrara\" rel=\"bookmark\">Antr e Unit\u00e0 Operativa di Nefrologia di Ferrara<\/a>\n\t<\/h3>\n\n\t\n\t<div class=\"entry-excerpt\"><p>[vc_row][vc_column][vc_column_text] Durante il mese di Ottobre, mese dedicato alla prevenzione del Tumore al Seno la\u00a0Farmacia Comunale del Naviglio\u00a0Vi invita alla partecipazione alle iniziative dell\u2019A.N.D.O.S. Onlus, Associazione Nazionale Donne Operate al&hellip;<\/p>\n<\/div>\n\t<a href=\"https:\/\/www.afm.fe.it\/?p=2603\" class=\"post-details details-type-link\" rel=\"nofollow\">Scopri di pi\u00f9<i class=\"dt-icon-the7-arrow-03\" aria-hidden=\"true\"><\/i><\/a>\n<\/div><\/article><\/div><div class=\"visible wf-cell\" data-post-id=\"2607\" data-date=\"2018-09-29T14:18:34+02:00\" data-name=\"Vola in festa\"><article class=\"post project-odd visible post-2607 type-post status-publish format-standard has-post-thumbnail hentry category-news-archivio category-150\" data-name=\"Vola in festa\" data-date=\"2018-09-29T14:18:34+02:00\">\n\n<div class=\"post-thumbnail-wrap\">\n\t<div class=\"post-thumbnail\">\n\t\t\n\t\t\n\t\t<a href=\"https:\/\/www.afm.fe.it\/?p=2607\" class=\"post-thumbnail-rollover layzr-bg layzr-bg\" ><img loading=\"lazy\" decoding=\"async\" class=\"iso-lazy-load preload-me iso-lazy-load\" src=\"data:image\/svg+xml,%3Csvg%20xmlns%3D&#39;http%3A%2F%2Fwww.w3.org%2F2000%2Fsvg&#39;%20viewBox%3D&#39;0%200%20768%20512&#39;%2F%3E\" data-src=\"https:\/\/www.afm.fe.it\/wp-content\/uploads\/2020\/02\/aircraft-2795557_1920-768x512.jpg\" data-srcset=\"https:\/\/www.afm.fe.it\/wp-content\/uploads\/2020\/02\/aircraft-2795557_1920-768x512.jpg 768w, https:\/\/www.afm.fe.it\/wp-content\/uploads\/2020\/02\/aircraft-2795557_1920-1152x768.jpg 1152w\" alt=\"\" title=\"aircraft-2795557_1920\" width=\"768\" height=\"512\"  \/><\/a>\t<\/div>\n<\/div>\n\n\n<div class=\"post-entry-content\">\n\n\t<h3 class=\"entry-title\">\n\t\t<a href=\"https:\/\/www.afm.fe.it\/?p=2607\" title=\"Vola in festa\" rel=\"bookmark\">Vola in festa<\/a>\n\t<\/h3>\n\n\t\n\t<div class=\"entry-excerpt\"><p>[vc_row][vc_column][vc_column_text]Afm ha partecipato con entusiasmo a \u201cVola in festa\u201d ad Aguscello due giorni all\u2019aria aperta per i pi\u00f9 piccoli tra gli aerei e l\u2019immensit\u00e0 del cielo per volare con le&hellip;<\/p>\n<\/div>\n\t<a href=\"https:\/\/www.afm.fe.it\/?p=2607\" class=\"post-details details-type-link\" rel=\"nofollow\">Scopri di pi\u00f9<i class=\"dt-icon-the7-arrow-03\" aria-hidden=\"true\"><\/i><\/a>\n<\/div><\/article><\/div><div class=\"visible wf-cell\" data-post-id=\"2611\" data-date=\"2018-09-20T14:23:00+02:00\" data-name=\"AFM al Balloons Festival\"><article class=\"post project-odd visible post-2611 type-post status-publish format-standard has-post-thumbnail hentry category-news-archivio category-150\" data-name=\"AFM al Balloons Festival\" data-date=\"2018-09-20T14:23:00+02:00\">\n\n<div class=\"post-thumbnail-wrap\">\n\t<div class=\"post-thumbnail\">\n\t\t\n\t\t\n\t\t<a href=\"https:\/\/www.afm.fe.it\/?p=2611\" class=\"post-thumbnail-rollover layzr-bg layzr-bg\" ><img loading=\"lazy\" decoding=\"async\" class=\"iso-lazy-load preload-me iso-lazy-load\" src=\"data:image\/svg+xml,%3Csvg%20xmlns%3D&#39;http%3A%2F%2Fwww.w3.org%2F2000%2Fsvg&#39;%20viewBox%3D&#39;0%200%20768%20512&#39;%2F%3E\" data-src=\"https:\/\/www.afm.fe.it\/wp-content\/uploads\/2020\/02\/hot-air-balloon-1443342_1920-768x512.jpg\" data-srcset=\"https:\/\/www.afm.fe.it\/wp-content\/uploads\/2020\/02\/hot-air-balloon-1443342_1920-768x512.jpg 768w, https:\/\/www.afm.fe.it\/wp-content\/uploads\/2020\/02\/hot-air-balloon-1443342_1920-1152x768.jpg 1152w\" alt=\"\" title=\"hot-air-balloon-1443342_1920\" width=\"768\" height=\"512\"  \/><\/a>\t<\/div>\n<\/div>\n\n\n<div class=\"post-entry-content\">\n\n\t<h3 class=\"entry-title\">\n\t\t<a href=\"https:\/\/www.afm.fe.it\/?p=2611\" title=\"AFM al Balloons Festival\" rel=\"bookmark\">AFM al Balloons Festival<\/a>\n\t<\/h3>\n\n\t\n\t<div class=\"entry-excerpt\"><p>[vc_row][vc_column][vc_empty_space height=&#8221;15px&#8221;][vc_column_text]Come noto si \u00e8 concluso domenica scorsa il festival delle mongolfiere al Parco Urbano e con esso la presenza di AFM come partner dell\u2019iniziativa Ballons Festival. Vogliamo con la&hellip;<\/p>\n<\/div>\n\t<a href=\"https:\/\/www.afm.fe.it\/?p=2611\" class=\"post-details details-type-link\" rel=\"nofollow\">Scopri di pi\u00f9<i class=\"dt-icon-the7-arrow-03\" aria-hidden=\"true\"><\/i><\/a>\n<\/div><\/article><\/div><div class=\"visible wf-cell\" data-post-id=\"2642\" data-date=\"2018-09-14T08:53:00+02:00\" data-name=\"Protocollo d\u2019intesa \u2018Ferrara CittAteneo\u2019\"><article class=\"post project-odd visible post-2642 type-post status-publish format-standard has-post-thumbnail hentry category-news-archivio category-150\" data-name=\"Protocollo d\u2019intesa \u2018Ferrara CittAteneo\u2019\" data-date=\"2018-09-14T08:53:00+02:00\">\n\n<div class=\"post-thumbnail-wrap\">\n\t<div class=\"post-thumbnail\">\n\t\t\n\t\t\n\t\t<a href=\"https:\/\/www.afm.fe.it\/?p=2642\" class=\"post-thumbnail-rollover layzr-bg layzr-bg\" ><img loading=\"lazy\" decoding=\"async\" class=\"iso-lazy-load preload-me iso-lazy-load\" src=\"data:image\/svg+xml,%3Csvg%20xmlns%3D&#39;http%3A%2F%2Fwww.w3.org%2F2000%2Fsvg&#39;%20viewBox%3D&#39;0%200%20768%20512&#39;%2F%3E\" data-src=\"https:\/\/www.afm.fe.it\/wp-content\/uploads\/2020\/02\/meeting-83519_1920-768x512.jpg\" data-srcset=\"https:\/\/www.afm.fe.it\/wp-content\/uploads\/2020\/02\/meeting-83519_1920-768x512.jpg 768w, https:\/\/www.afm.fe.it\/wp-content\/uploads\/2020\/02\/meeting-83519_1920-1152x768.jpg 1152w\" alt=\"\" title=\"meeting-83519_1920\" width=\"768\" height=\"512\"  \/><\/a>\t<\/div>\n<\/div>\n\n\n<div class=\"post-entry-content\">\n\n\t<h3 class=\"entry-title\">\n\t\t<a href=\"https:\/\/www.afm.fe.it\/?p=2642\" title=\"Protocollo d\u2019intesa \u2018Ferrara CittAteneo\u2019\" rel=\"bookmark\">Protocollo d\u2019intesa \u2018Ferrara CittAteneo\u2019<\/a>\n\t<\/h3>\n\n\t\n\t<div class=\"entry-excerpt\"><p>[vc_row][vc_column][vc_empty_space height=&#8221;15px&#8221;][vc_column_text] Unife, per gli iscritti arriva la carta \u2018Farmamica studenti\u2019 estratto dell\u2019articolo pubblicato da\u00a0Estense.com Iniziativa promossa da Afm, circa il protocollo d\u2019intesa \u2018Ferrara CittAteneo\u2019 L\u2019assessore alla Sanit\u00e0 Sapigni: \u201cStrumento&hellip;<\/p>\n<\/div>\n\t<a href=\"https:\/\/www.afm.fe.it\/?p=2642\" class=\"post-details details-type-link\" rel=\"nofollow\">Scopri di pi\u00f9<i class=\"dt-icon-the7-arrow-03\" aria-hidden=\"true\"><\/i><\/a>\n<\/div><\/article><\/div><div class=\"visible wf-cell\" data-post-id=\"2648\" data-date=\"2018-09-07T09:14:00+02:00\" data-name=\"AFM al Ferrara Balloons Festival\"><article class=\"post project-odd visible post-2648 type-post status-publish format-standard has-post-thumbnail hentry category-news-archivio category-150\" data-name=\"AFM al Ferrara Balloons Festival\" data-date=\"2018-09-07T09:14:00+02:00\">\n\n<div class=\"post-thumbnail-wrap\">\n\t<div class=\"post-thumbnail\">\n\t\t\n\t\t\n\t\t<a href=\"https:\/\/www.afm.fe.it\/?p=2648\" class=\"post-thumbnail-rollover layzr-bg layzr-bg\" ><img loading=\"lazy\" decoding=\"async\" class=\"iso-lazy-load preload-me iso-lazy-load\" src=\"data:image\/svg+xml,%3Csvg%20xmlns%3D&#39;http%3A%2F%2Fwww.w3.org%2F2000%2Fsvg&#39;%20viewBox%3D&#39;0%200%20768%20512&#39;%2F%3E\" data-src=\"https:\/\/www.afm.fe.it\/wp-content\/uploads\/2020\/02\/FE_FarmaCom-Set-Ott-2018_WEB-001-768x512.jpg\" data-srcset=\"https:\/\/www.afm.fe.it\/wp-content\/uploads\/2020\/02\/FE_FarmaCom-Set-Ott-2018_WEB-001-768x512.jpg 768w, https:\/\/www.afm.fe.it\/wp-content\/uploads\/2020\/02\/FE_FarmaCom-Set-Ott-2018_WEB-001-1106x737.jpg 1106w\" alt=\"\" title=\"FE_FarmaCom-Set-Ott-2018_WEB-001\" width=\"768\" height=\"512\"  \/><\/a>\t<\/div>\n<\/div>\n\n\n<div class=\"post-entry-content\">\n\n\t<h3 class=\"entry-title\">\n\t\t<a href=\"https:\/\/www.afm.fe.it\/?p=2648\" title=\"AFM al Ferrara Balloons Festival\" rel=\"bookmark\">AFM al Ferrara Balloons Festival<\/a>\n\t<\/h3>\n\n\t\n\t<div class=\"entry-excerpt\"><p>[vc_row][vc_column][vc_empty_space height=&#8221;15px&#8221;][vc_column_text] PROGRAMMA DEL\u00a0NOSTRO STAND al\u00a0Ferrara Balloons Festival\u00a0\ud83c\udf88 Apertura Stand ore 10 con attivit\u00e0 e servizi vari come:&#8211; Misurazione pressione con screening per la Fibrillazione Atriale&#8211; Patch test per idratazione&#8211;&hellip;<\/p>\n<\/div>\n\t<a href=\"https:\/\/www.afm.fe.it\/?p=2648\" class=\"post-details details-type-link\" rel=\"nofollow\">Scopri di pi\u00f9<i class=\"dt-icon-the7-arrow-03\" aria-hidden=\"true\"><\/i><\/a>\n<\/div><\/article><\/div><div class=\"visible wf-cell\" data-post-id=\"2651\" data-date=\"2018-09-06T09:18:00+02:00\" data-name=\"Interpellanza Consigliere Comunale Dott.ssa Peruffo\"><article class=\"post project-odd visible post-2651 type-post status-publish format-standard has-post-thumbnail hentry category-news-archivio category-150\" data-name=\"Interpellanza Consigliere Comunale Dott.ssa Peruffo\" data-date=\"2018-09-06T09:18:00+02:00\">\n\n<div class=\"post-thumbnail-wrap\">\n\t<div class=\"post-thumbnail\">\n\t\t\n\t\t\n\t\t<a href=\"https:\/\/www.afm.fe.it\/?p=2651\" class=\"post-thumbnail-rollover layzr-bg layzr-bg\" ><img loading=\"lazy\" decoding=\"async\" class=\"iso-lazy-load preload-me iso-lazy-load\" src=\"data:image\/svg+xml,%3Csvg%20xmlns%3D&#39;http%3A%2F%2Fwww.w3.org%2F2000%2Fsvg&#39;%20viewBox%3D&#39;0%200%20395%20263&#39;%2F%3E\" data-src=\"https:\/\/www.afm.fe.it\/wp-content\/uploads\/2020\/10\/LOGO-SINGOLO_LIGHT-395x263.png\" data-srcset=\"https:\/\/www.afm.fe.it\/wp-content\/uploads\/2020\/10\/LOGO-SINGOLO_LIGHT-395x263.png 395w\" alt=\"\" title=\"LOGO SINGOLO_LIGHT\" width=\"395\" height=\"263\"  \/><\/a>\t<\/div>\n<\/div>\n\n\n<div class=\"post-entry-content\">\n\n\t<h3 class=\"entry-title\">\n\t\t<a href=\"https:\/\/www.afm.fe.it\/?p=2651\" title=\"Interpellanza Consigliere Comunale Dott.ssa Peruffo\" rel=\"bookmark\">Interpellanza Consigliere Comunale Dott.ssa Peruffo<\/a>\n\t<\/h3>\n\n\t\n\t<div class=\"entry-excerpt\"><p>Si pubblica la risposta del Sindaco all\u2019Interpellanza presentata dalla Consigliera Peruffo relativa all\u2019evento&nbsp; del 9 maggio u.s che&nbsp; AFM ha organizzato, in accordo con l\u2019azienda Ener Zona, dal titolo \u201cGiovani&hellip;<\/p>\n<\/div>\n\t<a href=\"https:\/\/www.afm.fe.it\/?p=2651\" class=\"post-details details-type-link\" rel=\"nofollow\">Scopri di pi\u00f9<i class=\"dt-icon-the7-arrow-03\" aria-hidden=\"true\"><\/i><\/a>\n<\/div><\/article><\/div><div class=\"visible wf-cell\" data-post-id=\"6842\" data-date=\"2018-08-28T16:28:39+02:00\" data-name=\"Conferenza stampa Estate Bambini\"><article class=\"post project-odd visible post-6842 type-post status-publish format-standard has-post-thumbnail hentry category-news-archivio category-150\" data-name=\"Conferenza stampa Estate Bambini\" data-date=\"2018-08-28T16:28:39+02:00\">\n\n<div class=\"post-thumbnail-wrap\">\n\t<div class=\"post-thumbnail\">\n\t\t\n\t\t\n\t\t<a href=\"https:\/\/www.afm.fe.it\/?p=6842\" class=\"post-thumbnail-rollover layzr-bg layzr-bg\" ><img loading=\"lazy\" decoding=\"async\" class=\"iso-lazy-load preload-me iso-lazy-load\" src=\"data:image\/svg+xml,%3Csvg%20xmlns%3D&#39;http%3A%2F%2Fwww.w3.org%2F2000%2Fsvg&#39;%20viewBox%3D&#39;0%200%20768%20512&#39;%2F%3E\" data-src=\"https:\/\/www.afm.fe.it\/wp-content\/uploads\/2018\/08\/estate-bambini-2018-volantino-afm-mod-pdf-768x512.jpg\" data-srcset=\"https:\/\/www.afm.fe.it\/wp-content\/uploads\/2018\/08\/estate-bambini-2018-volantino-afm-mod-pdf-768x512.jpg 768w, https:\/\/www.afm.fe.it\/wp-content\/uploads\/2018\/08\/estate-bambini-2018-volantino-afm-mod-pdf-1058x705.jpg 1058w\" alt=\"\" title=\"estate-bambini-2018-volantino-afm-mod-pdf\" width=\"768\" height=\"512\"  \/><\/a>\t<\/div>\n<\/div>\n\n\n<div class=\"post-entry-content\">\n\n\t<h3 class=\"entry-title\">\n\t\t<a href=\"https:\/\/www.afm.fe.it\/?p=6842\" title=\"Conferenza stampa Estate Bambini\" rel=\"bookmark\">Conferenza stampa Estate Bambini<\/a>\n\t<\/h3>\n\n\t\n\t<div class=\"entry-excerpt\"><p>[vc_row][vc_column][vc_empty_space height=&#8221;15px&#8221;][vc_column_text]Anche quest\u2019anno&nbsp;Afm Farmacie Comunali&nbsp;Ferrara&nbsp;partecipa alla Notte Bianca dei Bambini e&nbsp;EstateBambini&nbsp;2018 con tante sorprese e novit\u00e0; Vi aspettiamo nel nostro&nbsp;stand&nbsp;con il seguente programma Sabato 01 Settembre dalle 17 alle 24,&hellip;<\/p>\n<\/div>\n\t<a href=\"https:\/\/www.afm.fe.it\/?p=6842\" class=\"post-details details-type-link\" rel=\"nofollow\">Scopri di pi\u00f9<i class=\"dt-icon-the7-arrow-03\" aria-hidden=\"true\"><\/i><\/a>\n<\/div><\/article><\/div><div class=\"visible wf-cell\" data-post-id=\"6837\" data-date=\"2018-08-27T16:24:28+02:00\" data-name=\"Centro Aerosol Terapia\"><article class=\"post project-odd visible post-6837 type-post status-publish format-standard has-post-thumbnail hentry category-news-archivio category-150\" data-name=\"Centro Aerosol Terapia\" data-date=\"2018-08-27T16:24:28+02:00\">\n\n<div class=\"post-thumbnail-wrap\">\n\t<div class=\"post-thumbnail\">\n\t\t\n\t\t\n\t\t<a href=\"https:\/\/www.afm.fe.it\/?p=6837\" class=\"post-thumbnail-rollover layzr-bg layzr-bg\" ><img loading=\"lazy\" decoding=\"async\" class=\"iso-lazy-load preload-me iso-lazy-load\" src=\"data:image\/svg+xml,%3Csvg%20xmlns%3D&#39;http%3A%2F%2Fwww.w3.org%2F2000%2Fsvg&#39;%20viewBox%3D&#39;0%200%20640%20426&#39;%2F%3E\" data-src=\"https:\/\/www.afm.fe.it\/wp-content\/uploads\/2020\/07\/AEROSOL-3.jpg\" data-srcset=\"https:\/\/www.afm.fe.it\/wp-content\/uploads\/2020\/07\/AEROSOL-3.jpg 640w\" alt=\"\" title=\"AEROSOL 3\" width=\"640\" height=\"426\"  \/><\/a>\t<\/div>\n<\/div>\n\n\n<div class=\"post-entry-content\">\n\n\t<h3 class=\"entry-title\">\n\t\t<a href=\"https:\/\/www.afm.fe.it\/?p=6837\" title=\"Centro Aerosol Terapia\" rel=\"bookmark\">Centro Aerosol Terapia<\/a>\n\t<\/h3>\n\n\t\n\t<div class=\"entry-excerpt\"><p>[vc_row][vc_column][vc_empty_space height=&#8221;15px&#8221;][vc_column_text]Il Centro Aerosol Terapia di AFM ha aperto al pubblico&nbsp;&nbsp;luned\u00ec 27 agosto, dopo la chiususa estiva che ha portato anche a lavori di ammodernamento e adeguamento dei locali Il&hellip;<\/p>\n<\/div>\n\t<a href=\"https:\/\/www.afm.fe.it\/?p=6837\" class=\"post-details details-type-link\" rel=\"nofollow\">Scopri di pi\u00f9<i class=\"dt-icon-the7-arrow-03\" aria-hidden=\"true\"><\/i><\/a>\n<\/div><\/article><\/div><div class=\"visible wf-cell\" data-post-id=\"6831\" data-date=\"2018-06-29T16:20:25+02:00\" data-name=\"Firma Contratto Integrativo\"><article class=\"post project-odd visible post-6831 type-post status-publish format-standard has-post-thumbnail hentry category-news-archivio category-150\" data-name=\"Firma Contratto Integrativo\" data-date=\"2018-06-29T16:20:25+02:00\">\n\n<div class=\"post-thumbnail-wrap\">\n\t<div class=\"post-thumbnail\">\n\t\t\n\t\t\n\t\t<a href=\"https:\/\/www.afm.fe.it\/?p=6831\" class=\"post-thumbnail-rollover layzr-bg layzr-bg\" ><img loading=\"lazy\" decoding=\"async\" class=\"iso-lazy-load preload-me iso-lazy-load\" src=\"data:image\/svg+xml,%3Csvg%20xmlns%3D&#39;http%3A%2F%2Fwww.w3.org%2F2000%2Fsvg&#39;%20viewBox%3D&#39;0%200%20768%20512&#39;%2F%3E\" data-src=\"https:\/\/www.afm.fe.it\/wp-content\/uploads\/2018\/06\/IMG_20180629_123124-1-768x512.jpg\" data-srcset=\"https:\/\/www.afm.fe.it\/wp-content\/uploads\/2018\/06\/IMG_20180629_123124-1-768x512.jpg 768w, https:\/\/www.afm.fe.it\/wp-content\/uploads\/2018\/06\/IMG_20180629_123124-1-1152x768.jpg 1152w\" alt=\"\" title=\"IMG_20180629_123124-1\" width=\"768\" height=\"512\"  \/><\/a>\t<\/div>\n<\/div>\n\n\n<div class=\"post-entry-content\">\n\n\t<h3 class=\"entry-title\">\n\t\t<a href=\"https:\/\/www.afm.fe.it\/?p=6831\" title=\"Firma Contratto Integrativo\" rel=\"bookmark\">Firma Contratto Integrativo<\/a>\n\t<\/h3>\n\n\t\n\t<div class=\"entry-excerpt\"><p>[vc_row][vc_column][vc_empty_space height=&#8221;15px&#8221;][vc_column_text]E\u2019 stato firmato in data odierna il rinnovo del contratto integrativo aziendale di AFM srl. Il contratto, che vale per il periodo 2018 \u2013 2020, riguarda oltre 80 addetti&hellip;<\/p>\n<\/div>\n\t<a href=\"https:\/\/www.afm.fe.it\/?p=6831\" class=\"post-details details-type-link\" rel=\"nofollow\">Scopri di pi\u00f9<i class=\"dt-icon-the7-arrow-03\" aria-hidden=\"true\"><\/i><\/a>\n<\/div><\/article><\/div><div class=\"visible wf-cell\" data-post-id=\"6828\" data-date=\"2018-04-27T16:15:56+02:00\" data-name=\"Riapertura Farmacia Krasnodar\"><article class=\"post project-odd visible post-6828 type-post status-publish format-standard has-post-thumbnail hentry category-news-archivio category-150\" data-name=\"Riapertura Farmacia Krasnodar\" data-date=\"2018-04-27T16:15:56+02:00\">\n\n<div class=\"post-thumbnail-wrap\">\n\t<div class=\"post-thumbnail\">\n\t\t\n\t\t\n\t\t<a href=\"https:\/\/www.afm.fe.it\/?p=6828\" class=\"post-thumbnail-rollover layzr-bg layzr-bg\" ><img loading=\"lazy\" decoding=\"async\" class=\"iso-lazy-load preload-me iso-lazy-load\" src=\"data:image\/svg+xml,%3Csvg%20xmlns%3D&#39;http%3A%2F%2Fwww.w3.org%2F2000%2Fsvg&#39;%20viewBox%3D&#39;0%200%20300%20200&#39;%2F%3E\" data-src=\"https:\/\/www.afm.fe.it\/wp-content\/uploads\/2020\/02\/krasnodar-1-300x200.jpg\" data-srcset=\"https:\/\/www.afm.fe.it\/wp-content\/uploads\/2020\/02\/krasnodar-1-300x200.jpg 300w\" alt=\"\" title=\"krasnodar\" width=\"300\" height=\"200\"  \/><\/a>\t<\/div>\n<\/div>\n\n\n<div class=\"post-entry-content\">\n\n\t<h3 class=\"entry-title\">\n\t\t<a href=\"https:\/\/www.afm.fe.it\/?p=6828\" title=\"Riapertura Farmacia Krasnodar\" rel=\"bookmark\">Riapertura Farmacia Krasnodar<\/a>\n\t<\/h3>\n\n\t\n\t<div class=\"entry-excerpt\"><p>[vc_row][vc_column][vc_empty_space height=&#8221;15px&#8221;][vc_column_text] Si avvisa la gentile clientela che venerd\u00ec 27 aprile, la Farmacia Comunale n.10 Krasnodar riaprir\u00e0 dopo la chiusura per i lavori strutturali di adeguamento sismico. La Farmacia effettuer\u00e0&hellip;<\/p>\n<\/div>\n\t<a href=\"https:\/\/www.afm.fe.it\/?p=6828\" class=\"post-details details-type-link\" rel=\"nofollow\">Scopri di pi\u00f9<i class=\"dt-icon-the7-arrow-03\" aria-hidden=\"true\"><\/i><\/a>\n<\/div><\/article><\/div><div class=\"visible wf-cell\" data-post-id=\"6821\" data-date=\"2018-04-09T16:06:41+02:00\" data-name=\"Firma Accordo\"><article class=\"post project-odd visible post-6821 type-post status-publish format-standard has-post-thumbnail hentry category-news-archivio category-150\" data-name=\"Firma Accordo\" data-date=\"2018-04-09T16:06:41+02:00\">\n\n<div class=\"post-thumbnail-wrap\">\n\t<div class=\"post-thumbnail\">\n\t\t\n\t\t\n\t\t<a href=\"https:\/\/www.afm.fe.it\/?p=6821\" class=\"post-thumbnail-rollover layzr-bg layzr-bg\" ><img loading=\"lazy\" decoding=\"async\" class=\"iso-lazy-load preload-me iso-lazy-load\" src=\"data:image\/svg+xml,%3Csvg%20xmlns%3D&#39;http%3A%2F%2Fwww.w3.org%2F2000%2Fsvg&#39;%20viewBox%3D&#39;0%200%20768%20512&#39;%2F%3E\" data-src=\"https:\/\/www.afm.fe.it\/wp-content\/uploads\/2018\/04\/Assicurazioni-Contratto-Firma-Accordo-Imc-e1443174358109-768x512.jpg\" data-srcset=\"https:\/\/www.afm.fe.it\/wp-content\/uploads\/2018\/04\/Assicurazioni-Contratto-Firma-Accordo-Imc-e1443174358109-768x512.jpg 768w, https:\/\/www.afm.fe.it\/wp-content\/uploads\/2018\/04\/Assicurazioni-Contratto-Firma-Accordo-Imc-e1443174358109-1152x768.jpg 1152w\" alt=\"\" title=\"Assicurazioni-Contratto-Firma-Accordo-Imc-e1443174358109\" width=\"768\" height=\"512\"  \/><\/a>\t<\/div>\n<\/div>\n\n\n<div class=\"post-entry-content\">\n\n\t<h3 class=\"entry-title\">\n\t\t<a href=\"https:\/\/www.afm.fe.it\/?p=6821\" title=\"Firma Accordo\" rel=\"bookmark\">Firma Accordo<\/a>\n\t<\/h3>\n\n\t\n\t<div class=\"entry-excerpt\"><p>Lunedi 9 Aprile \u00e8 stato siglato l\u2019accordo per il rinnovo del contratto collettivo aziendale di lavoro, tra Azienda A.F.M. e le parti sindacali.<\/p>\n<\/div>\n\t<a href=\"https:\/\/www.afm.fe.it\/?p=6821\" class=\"post-details details-type-link\" rel=\"nofollow\">Scopri di pi\u00f9<i class=\"dt-icon-the7-arrow-03\" aria-hidden=\"true\"><\/i><\/a>\n<\/div><\/article><\/div><div class=\"visible wf-cell\" data-post-id=\"6816\" data-date=\"2018-03-18T16:00:05+01:00\" data-name=\"Premiazione Albo Farmacisti\"><article class=\"post project-odd visible post-6816 type-post status-publish format-standard has-post-thumbnail hentry category-news-archivio category-150\" data-name=\"Premiazione Albo Farmacisti\" data-date=\"2018-03-18T16:00:05+01:00\">\n\n<div class=\"post-thumbnail-wrap\">\n\t<div class=\"post-thumbnail\">\n\t\t\n\t\t\n\t\t<a href=\"https:\/\/www.afm.fe.it\/?p=6816\" class=\"post-thumbnail-rollover layzr-bg layzr-bg\" ><img loading=\"lazy\" decoding=\"async\" class=\"iso-lazy-load preload-me iso-lazy-load\" src=\"data:image\/svg+xml,%3Csvg%20xmlns%3D&#39;http%3A%2F%2Fwww.w3.org%2F2000%2Fsvg&#39;%20viewBox%3D&#39;0%200%20600%20400&#39;%2F%3E\" data-src=\"https:\/\/www.afm.fe.it\/wp-content\/uploads\/2020\/10\/PROVO.jpg\" data-srcset=\"https:\/\/www.afm.fe.it\/wp-content\/uploads\/2020\/10\/PROVO.jpg 600w\" alt=\"\" title=\"PROVO\" width=\"600\" height=\"400\"  \/><\/a>\t<\/div>\n<\/div>\n\n\n<div class=\"post-entry-content\">\n\n\t<h3 class=\"entry-title\">\n\t\t<a href=\"https:\/\/www.afm.fe.it\/?p=6816\" title=\"Premiazione Albo Farmacisti\" rel=\"bookmark\">Premiazione Albo Farmacisti<\/a>\n\t<\/h3>\n\n\t\n\t<div class=\"entry-excerpt\"><p>[vc_row][vc_column][vc_column_text]Domenica 18 marzo, si \u00e8 svolta la premiazione di cinquanta professionisti, che hanno all\u2019attivo una carriera professionale di almeno venticique anni, premiati dal Presidente Nazionale dell\u2019Ordine dei Farmacisti e Vice&hellip;<\/p>\n<\/div>\n\t<a href=\"https:\/\/www.afm.fe.it\/?p=6816\" class=\"post-details details-type-link\" rel=\"nofollow\">Scopri di pi\u00f9<i class=\"dt-icon-the7-arrow-03\" aria-hidden=\"true\"><\/i><\/a>\n<\/div><\/article><\/div><div class=\"visible wf-cell\" data-post-id=\"2690\" data-date=\"2018-02-18T10:30:00+01:00\" data-name=\"PRESENTAZIONE AMBULATORIO VERTIGINI\"><article class=\"post project-odd visible post-2690 type-post status-publish format-standard has-post-thumbnail hentry category-news-archivio category-150\" data-name=\"PRESENTAZIONE AMBULATORIO VERTIGINI\" data-date=\"2018-02-18T10:30:00+01:00\">\n\n<div class=\"post-thumbnail-wrap\">\n\t<div class=\"post-thumbnail\">\n\t\t\n\t\t\n\t\t<a href=\"https:\/\/www.afm.fe.it\/?p=2690\" class=\"post-thumbnail-rollover layzr-bg layzr-bg\" ><img loading=\"lazy\" decoding=\"async\" class=\"iso-lazy-load preload-me iso-lazy-load\" src=\"data:image\/svg+xml,%3Csvg%20xmlns%3D&#39;http%3A%2F%2Fwww.w3.org%2F2000%2Fsvg&#39;%20viewBox%3D&#39;0%200%20768%20512&#39;%2F%3E\" data-src=\"https:\/\/www.afm.fe.it\/wp-content\/uploads\/2020\/02\/convention-1410870_1920-768x512.jpg\" data-srcset=\"https:\/\/www.afm.fe.it\/wp-content\/uploads\/2020\/02\/convention-1410870_1920-768x512.jpg 768w, https:\/\/www.afm.fe.it\/wp-content\/uploads\/2020\/02\/convention-1410870_1920-1152x768.jpg 1152w\" alt=\"\" title=\"convention-1410870_1920\" width=\"768\" height=\"512\"  \/><\/a>\t<\/div>\n<\/div>\n\n\n<div class=\"post-entry-content\">\n\n\t<h3 class=\"entry-title\">\n\t\t<a href=\"https:\/\/www.afm.fe.it\/?p=2690\" title=\"PRESENTAZIONE AMBULATORIO VERTIGINI\" rel=\"bookmark\">PRESENTAZIONE AMBULATORIO VERTIGINI<\/a>\n\t<\/h3>\n\n\t\n\t<div class=\"entry-excerpt\"><p>[vc_row][vc_column][vc_column_text css=&#8221;.vc_custom_1603115003163{margin-top: -15px !important;}&#8221;] Presentazione nuovo Ambulatorio Vertigini Per i farmacisti di AFM si \u00e8 svolta la serata di presentazione da parte del Dr. Beghi specialista dei disturbi e dell\u2019equilibrio&hellip;<\/p>\n<\/div>\n\t<a href=\"https:\/\/www.afm.fe.it\/?p=2690\" class=\"post-details details-type-link\" rel=\"nofollow\">Scopri di pi\u00f9<i class=\"dt-icon-the7-arrow-03\" aria-hidden=\"true\"><\/i><\/a>\n<\/div><\/article><\/div><\/div><!-- iso-container|iso-grid --><\/div>[vc_empty_space height=&#8221;25px&#8221;][vc_btn title=&#8221;Leggi le ultime notizie&#8221; style=&#8221;custom&#8221; custom_background=&#8221;#438e51&#8243; custom_text=&#8221;#ffffff&#8221; align=&#8221;center&#8221; link=&#8221;url:https%3A%2F%2Fwww.afm.fe.it%2F%3Fpage_id%3D25|title:News&#8221;][vc_empty_space height=&#8221;20px&#8221;][\/vc_column][\/vc_row]<\/p>\n","protected":false},"excerpt":{"rendered":"<p>[vc_row][vc_column][vc_empty_space height=&#8221;15px&#8221;][vc_empty_space height=&#8221;25px&#8221;][vc_btn title=&#8221;Leggi le ultime notizie&#8221; style=&#8221;custom&#8221; custom_background=&#8221;#438e51&#8243; custom_text=&#8221;#ffffff&#8221; align=&#8221;center&#8221; link=&#8221;url:https%3A%2F%2Fwww.afm.fe.it%2F%3Fpage_id%3D25|title:News&#8221;][vc_empty_space height=&#8221;20px&#8221;][\/vc_column][\/vc_row]<\/p>\n","protected":false},"author":3,"featured_media":0,"parent":0,"menu_order":0,"comment_status":"closed","ping_status":"closed","template":"","meta":[],"class_list":["post-6798","page","type-page","status-publish","hentry","description-off"],"_links":{"self":[{"href":"https:\/\/www.afm.fe.it\/index.php?rest_route=\/wp\/v2\/pages\/6798","targetHints":{"allow":["GET"]}}],"collection":[{"href":"https:\/\/www.afm.fe.it\/index.php?rest_route=\/wp\/v2\/pages"}],"about":[{"href":"https:\/\/www.afm.fe.it\/index.php?rest_route=\/wp\/v2\/types\/page"}],"author":[{"embeddable":true,"href":"https:\/\/www.afm.fe.it\/index.php?rest_route=\/wp\/v2\/users\/3"}],"replies":[{"embeddable":true,"href":"https:\/\/www.afm.fe.it\/index.php?rest_route=%2Fwp%2Fv2%2Fcomments&post=6798"}],"version-history":[{"count":9,"href":"https:\/\/www.afm.fe.it\/index.php?rest_route=\/wp\/v2\/pages\/6798\/revisions"}],"predecessor-version":[{"id":11301,"href":"https:\/\/www.afm.fe.it\/index.php?rest_route=\/wp\/v2\/pages\/6798\/revisions\/11301"}],"wp:attachment":[{"href":"https:\/\/www.afm.fe.it\/index.php?rest_route=%2Fwp%2Fv2%2Fmedia&parent=6798"}],"curies":[{"name":"wp","href":"https:\/\/api.w.org\/{rel}","templated":true}]}}